{"id":2366,"date":"2024-12-20T07:11:23","date_gmt":"2024-12-19T23:11:23","guid":{"rendered":"https:\/\/inlight.mysites.io\/nos-evenements-2\/"},"modified":"2026-02-09T17:10:50","modified_gmt":"2026-02-09T09:10:50","slug":"nos-evenements-2","status":"publish","type":"page","link":"https:\/\/inlightfest.com\/fr\/nos-evenements-2\/","title":{"rendered":"Nos \u00e9v\u00e9nements"},"content":{"rendered":"<p>[et_pb_section fb_built=&#8221;1&#8243; fullwidth=&#8221;on&#8221; disabled_on=&#8221;on|on|off&#8221; _builder_version=&#8221;4.27.3&#8243; _module_preset=&#8221;default&#8221; global_module=&#8221;92&#8243; saved_tabs=&#8221;all&#8221; global_colors_info=&#8221;{}&#8221;][et_pb_fullwidth_menu menu_id=&#8221;7&#8243; fullwidth_menu=&#8221;on&#8221; dropdown_menu_line_color=&#8221;RGBA(255,255,255,0)&#8221; logo_width=&#8221;100%&#8221; _builder_version=&#8221;4.27.3&#8243; _module_preset=&#8221;default&#8221; menu_font=&#8221;|700|||||||&#8221; text_orientation=&#8221;right&#8221; width=&#8221;95%&#8221; max_width=&#8221;100%&#8221; custom_margin=&#8221;-5px||0px||false|false&#8221; custom_css_dropdown_links=&#8221;padding-right:50px;||line-height: 1.5em;||padding-bottom:5%;&#8221; global_colors_info=&#8221;{}&#8221;][\/et_pb_fullwidth_menu][\/et_pb_section][et_pb_section fb_built=&#8221;1&#8243; _builder_version=&#8221;4.27.3&#8243; _module_preset=&#8221;default&#8221; use_background_color_gradient=&#8221;on&#8221; background_color_gradient_direction=&#8221;100deg&#8221; background_color_gradient_stops=&#8221;#003751 0%|#00aead 30%|#c1198b 60%|#ee5d9e 100%&#8221; custom_padding=&#8221;0px||14px|||&#8221; custom_css_main_element=&#8221;max-height:20px !important;&#8221; global_module=&#8221;198&#8243; saved_tabs=&#8221;all&#8221; global_colors_info=&#8221;{}&#8221;][\/et_pb_section][et_pb_section fb_built=&#8221;1&#8243; _builder_version=&#8221;4.27.3&#8243; _module_preset=&#8221;default&#8221; background_video_mp4=&#8221;https:\/\/inlightfest.com\/wp-content\/uploads\/2024\/12\/InLight-Temp_banner_video.mp4&#8243; global_module=&#8221;207&#8243; global_colors_info=&#8221;{}&#8221;][et_pb_row _builder_version=&#8221;4.27.3&#8243; _module_preset=&#8221;default&#8221; custom_padding=&#8221;||19px|||&#8221; global_colors_info=&#8221;{}&#8221;][et_pb_column type=&#8221;4_4&#8243; _builder_version=&#8221;4.27.3&#8243; _module_preset=&#8221;default&#8221; global_colors_info=&#8221;{}&#8221;][et_pb_post_title meta=&#8221;off&#8221; featured_image=&#8221;off&#8221; text_color=&#8221;light&#8221; _builder_version=&#8221;4.27.3&#8243; _module_preset=&#8221;default&#8221; text_orientation=&#8221;right&#8221; global_colors_info=&#8221;{}&#8221;][\/et_pb_post_title][\/et_pb_column][\/et_pb_row][\/et_pb_section][et_pb_section fb_built=&#8221;1&#8243; _builder_version=&#8221;4.27.3&#8243; _module_preset=&#8221;default&#8221; global_colors_info=&#8221;{}&#8221;][et_pb_row column_structure=&#8221;2_5,3_5&#8243; make_equal=&#8221;on&#8221; _builder_version=&#8221;4.27.3&#8243; _module_preset=&#8221;default&#8221; width=&#8221;50%&#8221; width_tablet=&#8221;75%&#8221; width_phone=&#8221;75%&#8221; width_last_edited=&#8221;on|phone&#8221; global_colors_info=&#8221;{}&#8221;][et_pb_column type=&#8221;2_5&#8243; _builder_version=&#8221;4.27.3&#8243; _module_preset=&#8221;default&#8221; custom_css_main_element=&#8221;margin:auto;&#8221; global_colors_info=&#8221;{}&#8221;][et_pb_image src=&#8221;https:\/\/inlightfest.com\/wp-content\/uploads\/2024\/12\/dublin-zoo.png&#8221; title_text=&#8221;dublin-zoo&#8221; _builder_version=&#8221;4.27.3&#8243; _module_preset=&#8221;default&#8221; width_tablet=&#8221;75%&#8221; width_phone=&#8221;90%&#8221; width_last_edited=&#8221;on|phone&#8221; module_alignment=&#8221;center&#8221; custom_margin_tablet=&#8221;||35px||false|false&#8221; custom_margin_phone=&#8221;||35px||false|false&#8221; custom_margin_last_edited=&#8221;on|tablet&#8221; global_colors_info=&#8221;{}&#8221;][\/et_pb_image][\/et_pb_column][et_pb_column type=&#8221;3_5&#8243; _builder_version=&#8221;4.27.3&#8243; _module_preset=&#8221;default&#8221; custom_css_main_element=&#8221;margin:auto;&#8221; global_colors_info=&#8221;{}&#8221;][et_pb_text _builder_version=&#8221;4.27.3&#8243; _module_preset=&#8221;default&#8221; global_colors_info=&#8221;{}&#8221;]<\/p>\n<h4 role=\"heading\" aria-level=\"4\" data-ux=\"ContentHeading\" data-aid=\"CONTENT_HEADLINE1_RENDERED\" data-typography=\"HeadingDelta\" class=\"x-el x-el-h4 c1-1 c1-2 c1-1b c1-1c c1-b5 c1-34 c1-35 c1-1e c1-1f c1-b c1-b6 c1-c c1-5x c1-d c1-e c1-f c1-g\">ZOO DE DUBLIN 2019 &#8211; HISTOIRES, MYTHES ET L\u00c9GENDES<\/h4>\n<div data-ux=\"ContentText\" alignment=\"left\" data-aid=\"CONTENT_DESCRIPTION1_RENDERED\" data-typography=\"BodyAlpha\" class=\"x-el c1-1 c1-2 c1-1b c1-1c c1-1d c1-1e c1-1f c1-b7 c1-b8 c1-b9 c1-ba c1-bb c1-bc c1-bd c1-be c1-bf c1-bg c1-bh c1-bi c1-bj c1-bk c1-bl c1-bm c1-bn c1-bo c1-bp c1-bq c1-br c1-bs c1-bt c1-bu c1-bv c1-bw c1-bx c1-by c1-32 c1-b c1-bz c1-c c1-1i c1-d c1-e c1-f c1-g x-rt\">\n<p><span>Les \u00e9v\u00e9nements de 2019 mettent en \u0153uvre des sc\u00e8nes magiques tir\u00e9es d&#8217;histoires c\u00e9l\u00e8bres telles que Le magicien d&#8217;Oz, Les aventures d&#8217;Alice au pays des merveilles, Peter Pan et Le livre de la jungle&#8230; ainsi que les comptines les plus appr\u00e9ci\u00e9es et les personnages de la mythologie irlandaise &#8211; le tout anim\u00e9 par d&#8217;\u00e9blouissantes lanternes de soie g\u00e9antes et color\u00e9es pendant le spectacle de No\u00ebl !<\/span><span><\/span><\/p>\n<p><span>-Extrait du troisi\u00e8me festival du zoo de Dublin<\/span><\/p>\n<\/div>\n<p>[\/et_pb_text][\/et_pb_column][\/et_pb_row][et_pb_row _builder_version=&#8221;4.27.3&#8243; _module_preset=&#8221;default&#8221; custom_padding=&#8221;22px||0px|||&#8221; global_colors_info=&#8221;{}&#8221;][et_pb_column type=&#8221;4_4&#8243; _builder_version=&#8221;4.27.3&#8243; _module_preset=&#8221;default&#8221; global_colors_info=&#8221;{}&#8221;][et_pb_divider color=&#8221;#000000&#8243; _builder_version=&#8221;4.27.3&#8243; _module_preset=&#8221;default&#8221; width=&#8221;75%&#8221; module_alignment=&#8221;center&#8221; global_colors_info=&#8221;{}&#8221;][\/et_pb_divider][\/et_pb_column][\/et_pb_row][et_pb_row column_structure=&#8221;2_5,3_5&#8243; make_equal=&#8221;on&#8221; _builder_version=&#8221;4.27.3&#8243; _module_preset=&#8221;default&#8221; width=&#8221;50%&#8221; width_tablet=&#8221;75%&#8221; width_phone=&#8221;75%&#8221; width_last_edited=&#8221;on|phone&#8221; global_colors_info=&#8221;{}&#8221;][et_pb_column type=&#8221;2_5&#8243; _builder_version=&#8221;4.27.3&#8243; _module_preset=&#8221;default&#8221; custom_css_main_element=&#8221;margin:auto;&#8221; global_colors_info=&#8221;{}&#8221;][et_pb_image src=&#8221;https:\/\/inlightfest.com\/wp-content\/uploads\/2024\/12\/LONGLEAT.png&#8221; title_text=&#8221;LONGLEAT&#8221; _builder_version=&#8221;4.27.3&#8243; _module_preset=&#8221;default&#8221; width_tablet=&#8221;75%&#8221; width_phone=&#8221;90%&#8221; width_last_edited=&#8221;on|tablet&#8221; module_alignment=&#8221;center&#8221; custom_margin_tablet=&#8221;||35px||false|false&#8221; custom_margin_phone=&#8221;||35px||false|false&#8221; custom_margin_last_edited=&#8221;on|tablet&#8221; global_colors_info=&#8221;{}&#8221;][\/et_pb_image][\/et_pb_column][et_pb_column type=&#8221;3_5&#8243; _builder_version=&#8221;4.27.3&#8243; _module_preset=&#8221;default&#8221; custom_css_main_element=&#8221;margin:auto;&#8221; global_colors_info=&#8221;{}&#8221;][et_pb_text _builder_version=&#8221;4.27.3&#8243; _module_preset=&#8221;default&#8221; global_colors_info=&#8221;{}&#8221;]<\/p>\n<h4 role=\"heading\" aria-level=\"4\" data-ux=\"ContentHeading\" data-aid=\"CONTENT_HEADLINE1_RENDERED\" data-typography=\"HeadingDelta\" class=\"x-el x-el-h4 c1-1 c1-2 c1-1b c1-1c c1-b5 c1-34 c1-35 c1-1e c1-1f c1-b c1-6j c1-c c1-5x c1-d c1-e c1-f c1-g\">LONGLEAT 2019- FESTIVAL DE LA LUMI\u00c8RE &#8211; MYTHES ET L\u00c9GENDES<\/h4>\n<div data-ux=\"ContentText\" alignment=\"left\" data-aid=\"CONTENT_DESCRIPTION1_RENDERED\" data-typography=\"BodyAlpha\" class=\"x-el c1-1 c1-2 c1-1b c1-1c c1-1d c1-1e c1-1f c1-b7 c1-b8 c1-b9 c1-ba c1-bb c1-bc c1-bd c1-be c1-bf c1-bg c1-bh c1-bi c1-bj c1-bk c1-bl c1-bm c1-bn c1-bo c1-bp c1-bq c1-br c1-bs c1-bt c1-bu c1-bv c1-bw c1-bx c1-by c1-32 c1-b c1-39 c1-c c1-1i c1-d c1-e c1-f c1-g x-rt\">\n<p><span>Mythes et l\u00e9gendes -2019 mettant en sc\u00e8ne des cr\u00e9atures extraordinaires et d&#8217;anciennes divinit\u00e9s de la mythologie grecque. Avec plus de 3 000 lanternes, le magnifique Parth\u00e9non grec attire les visiteurs dans ce monde magique et donne vie \u00e0 ce monde d&#8217;illumination. <\/span><\/p>\n<p><span>La Terre des Dieux abrite Zeus, Pos\u00e9idon, Aphrodite, M\u00e9duse et Pers\u00e9e, avant qu&#8217;il ne porte le coup fatal. Le jardin des monstres mythiques comprend le Minotaure dans son labyrinthe, le monde souterrain volcanique, avec Had\u00e8s et Pers\u00e9phone, le chien de l&#8217;enfer \u00e0 trois t\u00eates Cerb\u00e8re et Hercule affrontant l&#8217;hydre ! <\/span><span><\/span><\/p>\n<p><span>-Extrait du 6e festival de Longleat<\/span><\/p>\n<\/div>\n<p>[\/et_pb_text][\/et_pb_column][\/et_pb_row][et_pb_row _builder_version=&#8221;4.27.3&#8243; _module_preset=&#8221;default&#8221; custom_padding=&#8221;22px||0px|||&#8221; global_colors_info=&#8221;{}&#8221;][et_pb_column type=&#8221;4_4&#8243; _builder_version=&#8221;4.27.3&#8243; _module_preset=&#8221;default&#8221; global_colors_info=&#8221;{}&#8221;][et_pb_divider color=&#8221;#000000&#8243; _builder_version=&#8221;4.27.3&#8243; _module_preset=&#8221;default&#8221; width=&#8221;75%&#8221; module_alignment=&#8221;center&#8221; global_colors_info=&#8221;{}&#8221;][\/et_pb_divider][\/et_pb_column][\/et_pb_row][et_pb_row column_structure=&#8221;2_5,3_5&#8243; make_equal=&#8221;on&#8221; _builder_version=&#8221;4.27.3&#8243; _module_preset=&#8221;default&#8221; width=&#8221;50%&#8221; width_tablet=&#8221;75%&#8221; width_phone=&#8221;75%&#8221; width_last_edited=&#8221;on|phone&#8221; global_colors_info=&#8221;{}&#8221;][et_pb_column type=&#8221;2_5&#8243; _builder_version=&#8221;4.27.3&#8243; _module_preset=&#8221;default&#8221; custom_css_main_element=&#8221;margin:auto;&#8221; global_colors_info=&#8221;{}&#8221;][et_pb_image src=&#8221;https:\/\/inlightfest.com\/wp-content\/uploads\/2024\/12\/Feerie-de-Chine-2019.png&#8221; title_text=&#8221;F\u00e9erie-de-Chine-2019&#8243; _builder_version=&#8221;4.27.3&#8243; _module_preset=&#8221;default&#8221; width_tablet=&#8221;75%&#8221; width_phone=&#8221;90%&#8221; width_last_edited=&#8221;on|phone&#8221; module_alignment=&#8221;center&#8221; custom_margin_tablet=&#8221;||35px||false|false&#8221; custom_margin_phone=&#8221;||35px||false|false&#8221; custom_margin_last_edited=&#8221;on|tablet&#8221; global_colors_info=&#8221;{}&#8221;][\/et_pb_image][\/et_pb_column][et_pb_column type=&#8221;3_5&#8243; _builder_version=&#8221;4.27.3&#8243; _module_preset=&#8221;default&#8221; custom_css_main_element=&#8221;margin:auto;&#8221; global_colors_info=&#8221;{}&#8221;][et_pb_text _builder_version=&#8221;4.27.3&#8243; _module_preset=&#8221;default&#8221; global_colors_info=&#8221;{}&#8221;]<\/p>\n<h4 role=\"heading\" aria-level=\"4\" data-ux=\"ContentHeading\" data-aid=\"CONTENT_HEADLINE1_RENDERED\" data-typography=\"HeadingDelta\" class=\"x-el x-el-h4 c1-1 c1-2 c1-1b c1-1c c1-b5 c1-34 c1-35 c1-1e c1-1f c1-b c1-b6 c1-c c1-5x c1-d c1-e c1-f c1-g\">F\u00e9\u00e9rie de Chine 2019- Festival des lanternes de Gaillac<\/h4>\n<div data-ux=\"ContentText\" alignment=\"left\" data-aid=\"CONTENT_DESCRIPTION1_RENDERED\" data-typography=\"BodyAlpha\" class=\"x-el c1-1 c1-2 c1-1b c1-1c c1-1d c1-1e c1-1f c1-b7 c1-b8 c1-b9 c1-ba c1-bb c1-bc c1-bd c1-be c1-bf c1-bg c1-bh c1-bi c1-bj c1-bk c1-bl c1-bm c1-bn c1-bo c1-bp c1-bq c1-br c1-bs c1-bt c1-bu c1-bv c1-bw c1-bx c1-by c1-32 c1-b c1-bz c1-c c1-1i c1-d c1-e c1-f c1-g x-rt\">\n<p><span>Avec 430 000 visiteurs lors de sa 3e \u00e9dition le temps d&#8217;un spectacle de No\u00ebl (1er d\u00e9cembre 2019 &#8211; 31 janvier 2020), le Festival des Lanternes de Gaillac, dans le Tarn, est le plus grand \u00e9v\u00e9nement culturel chinois pr\u00e9sent\u00e9 en France. Une cit\u00e9 de lumi\u00e8re s&#8217;\u00e9tendant sur pr\u00e8s de 5 hectares dans un parc historique qui a d\u00e9j\u00e0 \u00e9merveill\u00e9 plus d&#8217;un million de visiteurs. <\/span><span><\/span><\/p>\n<p><span>&#8211; Du 3\u00e8me Festival de Gaillac  <\/span><\/p>\n<\/div>\n<p>[\/et_pb_text][\/et_pb_column][\/et_pb_row][et_pb_row _builder_version=&#8221;4.27.3&#8243; _module_preset=&#8221;default&#8221; width=&#8221;50%&#8221; width_tablet=&#8221;75%&#8221; width_phone=&#8221;75%&#8221; width_last_edited=&#8221;on|phone&#8221; global_colors_info=&#8221;{}&#8221;][et_pb_column type=&#8221;4_4&#8243; _builder_version=&#8221;4.27.3&#8243; _module_preset=&#8221;default&#8221; global_colors_info=&#8221;{}&#8221;][et_pb_button button_url=&#8221;https:\/\/inlightfest.com\/fr\/nos-evenements\/&#8221; button_text=&#8221;Tous nos \u00e9v\u00e9nements&#8221; button_alignment=&#8221;right&#8221; button_alignment_tablet=&#8221;center&#8221; button_alignment_phone=&#8221;center&#8221; button_alignment_last_edited=&#8221;on|tablet&#8221; module_class=&#8221;pa-inline-buttons&#8221; _builder_version=&#8221;4.27.3&#8243; _module_preset=&#8221;default&#8221; custom_padding=&#8221;3.3%||3.3%||false|false&#8221; global_colors_info=&#8221;{}&#8221;][\/et_pb_button][\/et_pb_column][\/et_pb_row][et_pb_row _builder_version=&#8221;4.27.3&#8243; _module_preset=&#8221;default&#8221; custom_padding=&#8221;22px||0px|||&#8221; global_colors_info=&#8221;{}&#8221;][et_pb_column type=&#8221;4_4&#8243; _builder_version=&#8221;4.27.3&#8243; _module_preset=&#8221;default&#8221; global_colors_info=&#8221;{}&#8221;][et_pb_divider color=&#8221;#000000&#8243; _builder_version=&#8221;4.27.3&#8243; _module_preset=&#8221;default&#8221; width=&#8221;75%&#8221; module_alignment=&#8221;center&#8221; global_colors_info=&#8221;{}&#8221;][\/et_pb_divider][\/et_pb_column][\/et_pb_row][et_pb_row _builder_version=&#8221;4.27.3&#8243; _module_preset=&#8221;default&#8221; width=&#8221;50%&#8221; width_tablet=&#8221;75%&#8221; width_phone=&#8221;75%&#8221; width_last_edited=&#8221;on|phone&#8221; global_colors_info=&#8221;{}&#8221;][et_pb_column type=&#8221;4_4&#8243; _builder_version=&#8221;4.27.3&#8243; _module_preset=&#8221;default&#8221; global_colors_info=&#8221;{}&#8221;][et_pb_text _builder_version=&#8221;4.27.3&#8243; _module_preset=&#8221;default&#8221; hover_enabled=&#8221;0&#8243; global_colors_info=&#8221;{}&#8221; sticky_enabled=&#8221;0&#8243;]<\/p>\n<p class=\"mb-2 last:mb-0\">Le groupe InLight Festival est r\u00e9put\u00e9 pour produire certains des festivals de lanternes les plus spectaculaires du monde. Nos \u00e9v\u00e9nements sont une c\u00e9l\u00e9bration de la lumi\u00e8re, de la culture et de la cr\u00e9ativit\u00e9, con\u00e7ue pour captiver et inspirer les publics de tous \u00e2ges. Voici comment nous donnons vie \u00e0 ces exp\u00e9riences magiques :  <\/p>\n<p class=\"mb-2 last:mb-0\"><strong>Planification et conceptualisation<\/strong><br \/>Chaque festival commence par une vision. Notre \u00e9quipe collabore avec des partenaires locaux et des experts culturels pour d\u00e9velopper des th\u00e8mes et des concepts uniques qui r\u00e9sonnent avec la communaut\u00e9. Cette planification minutieuse garantit que chaque \u00e9v\u00e9nement est \u00e0 la fois significatif et m\u00e9morable.  <\/p>\n<p class=\"mb-2 last:mb-0\"><strong>Excellence artistique et innovation<\/strong><br \/>Nos festivals mettent en avant l&#8217;excellence artistique, en pr\u00e9sentant de superbes lanternes LED qui allient l&#8217;artisanat traditionnel \u00e0 la technologie moderne. Nous innovons constamment, repoussant les limites du design pour cr\u00e9er des exp\u00e9riences visuelles \u00e9poustouflantes. <\/p>\n<p class=\"mb-2 last:mb-0\"><strong>Production et ex\u00e9cution sans faille<\/strong><br \/>De la logistique \u00e0 l&#8217;installation, notre \u00e9quipe exp\u00e9riment\u00e9e g\u00e8re tous les aspects de la production d&#8217;un festival. Nous veillons \u00e0 ce que chaque \u00e9v\u00e9nement soit ex\u00e9cut\u00e9 de mani\u00e8re irr\u00e9prochable, offrant ainsi une exp\u00e9rience sans faille \u00e0 nos partenaires et aux visiteurs. <\/p>\n<p class=\"mb-2 last:mb-0\"><strong>Engagement communautaire et c\u00e9l\u00e9bration culturelle<\/strong><br \/>Nos festivals sont plus que de simples spectacles visuels ; ce sont des plateformes d&#8217;\u00e9change culturel et d&#8217;engagement communautaire. Nous c\u00e9l\u00e9brons la diversit\u00e9 et favorisons les liens par le biais d&#8217;installations interactives et d&#8217;exp\u00e9riences lumineuses men\u00e9es par les communaut\u00e9s. <\/p>\n<p class=\"mb-2 last:mb-0\"><strong>Durabilit\u00e9 et responsabilit\u00e9 environnementale<\/strong><br \/>Nous nous engageons en faveur de la durabilit\u00e9, en utilisant des mat\u00e9riaux et des pratiques respectueux de l&#8217;environnement pour tous nos \u00e9v\u00e9nements. Notre engagement en mati\u00e8re de responsabilit\u00e9 environnementale garantit que nos festivals ne se contentent pas d&#8217;\u00e9blouir, mais qu&#8217;ils ont \u00e9galement un impact positif sur les communaut\u00e9s que nous servons. <\/p>\n<p class=\"mb-2 last:mb-0\">Rejoignez-nous lors d&#8217;un festival InLight et vivez la magie de la lumi\u00e8re et de la culture comme jamais auparavant. D\u00e9couvrez pourquoi nos \u00e9v\u00e9nements sont appr\u00e9ci\u00e9s par des millions de personnes dans le monde entier. <\/p>\n<p>[\/et_pb_text][\/et_pb_column][\/et_pb_row][et_pb_row disabled_on=&#8221;off|off|off&#8221; _builder_version=&#8221;4.27.3&#8243; _module_preset=&#8221;default&#8221; width=&#8221;50%&#8221; module_alignment=&#8221;center&#8221; global_colors_info=&#8221;{}&#8221;][et_pb_column type=&#8221;4_4&#8243; _builder_version=&#8221;4.27.3&#8243; _module_preset=&#8221;default&#8221; global_colors_info=&#8221;{}&#8221;][et_pb_button button_url=&#8221;https:\/\/inlightfest.com\/fr\/produits-et-services\/&#8221; button_text=&#8221;Produits et services&#8221; button_alignment=&#8221;right&#8221; button_alignment_tablet=&#8221;center&#8221; button_alignment_phone=&#8221;center&#8221; button_alignment_last_edited=&#8221;on|tablet&#8221; module_class=&#8221;pa-inline-buttons&#8221; _builder_version=&#8221;4.27.3&#8243; _module_preset=&#8221;default&#8221; custom_padding=&#8221;3.3%||3.3%||false|false&#8221; global_colors_info=&#8221;{}&#8221;][\/et_pb_button][\/et_pb_column][\/et_pb_row][\/et_pb_section][et_pb_section fb_built=&#8221;1&#8243; _builder_version=&#8221;4.27.3&#8243; _module_preset=&#8221;default&#8221; background_color=&#8221;#000000&#8243; custom_padding=&#8221;20px||20px||false|false&#8221; global_module=&#8221;66&#8243; saved_tabs=&#8221;all&#8221; global_colors_info=&#8221;{}&#8221;][et_pb_row column_structure=&#8221;1_4,1_4,1_2&#8243; _builder_version=&#8221;4.27.3&#8243; _module_preset=&#8221;default&#8221; custom_padding=&#8221;0px||0px|||&#8221; global_colors_info=&#8221;{}&#8221;][et_pb_column type=&#8221;1_4&#8243; _builder_version=&#8221;4.27.3&#8243; _module_preset=&#8221;default&#8221; global_colors_info=&#8221;{}&#8221;][et_pb_text _builder_version=&#8221;4.27.3&#8243; _module_preset=&#8221;default&#8221; text_text_color=&#8221;#FFFFFF&#8221; text_font_size=&#8221;12px&#8221; text_line_height=&#8221;1.6em&#8221; global_colors_info=&#8221;{}&#8221;]<\/p>\n<p><span><a href=\"https:\/\/inlightfest.com\/fr\/\">ACCUEIL<\/a><br \/><a href=\"https:\/\/inlightfest.com\/fr\/a-propos-de-nous\/\">\u00c0 PROPOS DE NOUS<\/a><br \/><a href=\"https:\/\/inlightfest.com\/fr\/ce-que-nous-faisons\/\">CE QUE NOUS FAISONS<\/a><br \/><a href=\"https:\/\/inlightfest.com\/fr\/produits-et-services\/\">PRODUITS ET SERVICES<\/a><br \/>&#8211; <a href=\"https:\/\/inlightfest.com\/fr\/fetes-traditionnelles-des-lanternes\/\">FESTIVALS DE LANTERNES TRADITIONNELS<\/a><br \/>&#8211; <a href=\"https:\/\/inlightfest.com\/fr\/modeles-speciaux-avec-approbation-de-la-propriete-intellectuelle\/\">CONCEPTIONS SP\u00c9CIALES AVEC APPROBATION DE L&#8217;IP<\/a><br \/>&#8211; <a href=\"https:\/\/inlightfest.com\/fr\/elements-interactifs\/\">SPECTACLES INTERACTIFS ET LASER<\/a><br \/>&#8211; <a href=\"https:\/\/inlightfest.com\/fr\/amenagement-paysager-et-sculptures-lumineuses\/\">AM\u00c9NAGEMENTS PAYSAGERS ET SCULPTURES LUMINEUSES<\/a><br \/>&#8211; <a href=\"https:\/\/inlightfest.com\/fr\/modeles-animatroniques\/\">MOD\u00c8LES ANIMATRONIQUES<\/a><br \/><\/span><br \/><span><\/span><\/p>\n<p>[\/et_pb_text][\/et_pb_column][et_pb_column type=&#8221;1_4&#8243; _builder_version=&#8221;4.27.3&#8243; _module_preset=&#8221;default&#8221; global_colors_info=&#8221;{}&#8221;][et_pb_text _builder_version=&#8221;4.27.3&#8243; _module_preset=&#8221;default&#8221; text_text_color=&#8221;#FFFFFF&#8221; text_font_size=&#8221;12px&#8221; text_line_height=&#8221;1.6em&#8221; global_colors_info=&#8221;{}&#8221;]<\/p>\n<p><span><a href=\"https:\/\/inlightfest.com\/fr\/nos-evenements-2\/\">NOS \u00c9V\u00c9NEMENTS<\/a><br \/>&#8211; <a href=\"https:\/\/inlightfest.com\/fr\/fetes-et-lumieres-personnalisees\/\">FESTIVALS ET LUMI\u00c8RES PERSONNALIS\u00c9S<\/a><br \/>&#8211; <a href=\"https:\/\/inlightfest.com\/fr\/des-solutions-completes-et-uniques\/\">SOLUTIONS UNIQUES \u00c0 SERVICE COMPLET<\/a><br \/>&#8211; <a href=\"https:\/\/inlightfest.com\/fr\/visites-sur-place\/\">VISITES SUR PLACE<\/a><br \/>&#8211; <a href=\"https:\/\/inlightfest.com\/fr\/conception-et-gestion-de-festivals\/\">CONCEPTION ET GESTION DE FESTIVALS<\/a><br \/>&#8211; <a href=\"https:\/\/inlightfest.com\/fr\/sante-et-securite\/\">SANT\u00c9 ET S\u00c9CURIT\u00c9<\/a><br \/>&#8211; <a href=\"https:\/\/inlightfest.com\/fr\/soutien-au-marketing\/\">SOUTIEN MARKETING<\/a><br \/><a href=\"https:\/\/inlightfest.com\/fr\/prix\/\">PRIX<\/a><br \/><a href=\"https:\/\/inlightfest.com\/fr\/galerie\/\">GALERIE<\/a><br \/><a href=\"https:\/\/inlightfest.com\/fr\/contact\/\">CONTACT<\/a><\/span><\/p>\n<p>[\/et_pb_text][\/et_pb_column][et_pb_column type=&#8221;1_2&#8243; _builder_version=&#8221;4.27.3&#8243; _module_preset=&#8221;default&#8221; global_colors_info=&#8221;{}&#8221;][et_pb_button button_url=&#8221;https:\/\/inlightfest.com\/fr\/contact\/&#8221; button_text=&#8221;DEMANDER DES INFORMATIONS&#8221; button_alignment=&#8221;right&#8221; module_class=&#8221;requestbttn&#8221; _builder_version=&#8221;4.27.3&#8243; _module_preset=&#8221;default&#8221; custom_margin=&#8221;-20px||||false|false&#8221; custom_padding=&#8221;3.3%||3.3%||false|false&#8221; global_colors_info=&#8221;{}&#8221;][\/et_pb_button][et_pb_image src=&#8221;https:\/\/inlightfest.com\/wp-content\/uploads\/2025\/01\/inLight-Lockup2-on-blacktransparent-RGB.png&#8221; title_text=&#8221;inLight-Lockup2-sur-noir(transparent)-RGB&#8221; module_class=&#8221;footerlogo&#8221; _builder_version=&#8221;4.27.3&#8243; _module_preset=&#8221;default&#8221; width=&#8221;43%&#8221; module_alignment=&#8221;right&#8221; custom_margin=&#8221;64px||||false|false&#8221; global_colors_info=&#8221;{}&#8221;][\/et_pb_image][\/et_pb_column][\/et_pb_row][et_pb_row _builder_version=&#8221;4.27.3&#8243; _module_preset=&#8221;default&#8221; global_colors_info=&#8221;{}&#8221;][et_pb_column type=&#8221;4_4&#8243; _builder_version=&#8221;4.27.3&#8243; _module_preset=&#8221;default&#8221; global_colors_info=&#8221;{}&#8221;][et_pb_text _builder_version=&#8221;4.27.3&#8243; _module_preset=&#8221;default&#8221; text_text_color=&#8221;#FFFFFF&#8221; text_font_size=&#8221;12px&#8221; global_colors_info=&#8221;{}&#8221;]<\/p>\n<p><span>\u00a92024 InLight Festival Group | <a href=\"https:\/\/inlightfest.com\/fr\/politique-de-confidentialite\/\">Politique de confidentialit\u00e9<\/a> | <a href=\"https:\/\/inlightfest.com\/fr\/conditions-dutilisation\/\">Conditions d&#8217;utilisation<\/a> | Website by <a href=\"https:\/\/torontocreatives.com\">TC<\/a><\/span><\/p>\n<p>[\/et_pb_text][\/et_pb_column][\/et_pb_row][\/et_pb_section]<\/p>\n","protected":false},"excerpt":{"rendered":"<p>ZOO DE DUBLIN 2019 &#8211; HISTOIRES, MYTHES ET L\u00c9GENDES Les \u00e9v\u00e9nements de 2019 mettent en \u0153uvre des sc\u00e8nes magiques tir\u00e9es d&#8217;histoires c\u00e9l\u00e8bres telles que Le magicien d&#8217;Oz, Les aventures d&#8217;Alice au pays des merveilles, Peter Pan et Le livre de la jungle&#8230; ainsi que les comptines les plus appr\u00e9ci\u00e9es et les personnages de la mythologie [&hellip;]<\/p>\n","protected":false},"author":2,"featured_media":0,"parent":0,"menu_order":0,"comment_status":"closed","ping_status":"closed","template":"","meta":{"_et_pb_use_builder":"on","_et_pb_old_content":"","_et_gb_content_width":"","_joinchat":[],"footnotes":""},"class_list":["post-2366","page","type-page","status-publish","hentry"],"yoast_head":"<!-- This site is optimized with the Yoast SEO plugin v27.4 - https:\/\/yoast.com\/product\/yoast-seo-wordpress\/ -->\n<title>Nos \u00e9v\u00e9nements - InLight<\/title>\n<meta name=\"robots\" content=\"index, follow, max-snippet:-1, max-image-preview:large, max-video-preview:-1\" \/>\n<link rel=\"canonical\" href=\"https:\/\/inlightfest.com\/fr\/nos-evenements-2\/\" \/>\n<meta property=\"og:locale\" content=\"fr_FR\" \/>\n<meta property=\"og:type\" content=\"article\" \/>\n<meta property=\"og:title\" content=\"Nos \u00e9v\u00e9nements - InLight\" \/>\n<meta property=\"og:description\" content=\"ZOO DE DUBLIN 2019 - HISTOIRES, MYTHES ET L\u00c9GENDES Les \u00e9v\u00e9nements de 2019 mettent en \u0153uvre des sc\u00e8nes magiques tir\u00e9es d&#039;histoires c\u00e9l\u00e8bres telles que Le magicien d&#039;Oz, Les aventures d&#039;Alice au pays des merveilles, Peter Pan et Le livre de la jungle... ainsi que les comptines les plus appr\u00e9ci\u00e9es et les personnages de la mythologie [&hellip;]\" \/>\n<meta property=\"og:url\" content=\"https:\/\/inlightfest.com\/fr\/nos-evenements-2\/\" \/>\n<meta property=\"og:site_name\" content=\"InLight\" \/>\n<meta property=\"article:modified_time\" content=\"2026-02-09T09:10:50+00:00\" \/>\n<meta name=\"twitter:card\" content=\"summary_large_image\" \/>\n<meta name=\"twitter:label1\" content=\"Dur\u00e9e de lecture estim\u00e9e\" \/>\n\t<meta name=\"twitter:data1\" content=\"10 minutes\" \/>\n<script type=\"application\/ld+json\" class=\"yoast-schema-graph\">{\"@context\":\"https:\\\/\\\/schema.org\",\"@graph\":[{\"@type\":[\"Article\",\"BlogPosting\"],\"@id\":\"https:\\\/\\\/inlightfest.com\\\/fr\\\/nos-evenements-2\\\/#article\",\"isPartOf\":{\"@id\":\"https:\\\/\\\/inlightfest.com\\\/fr\\\/nos-evenements-2\\\/\"},\"author\":{\"name\":\"inlightadmin\",\"@id\":\"https:\\\/\\\/inlightfest.com\\\/fr\\\/#\\\/schema\\\/person\\\/fc15f22cc959ee49cfed62825e7d4d5a\"},\"headline\":\"Nos \u00e9v\u00e9nements\",\"datePublished\":\"2024-12-19T23:11:23+00:00\",\"dateModified\":\"2026-02-09T09:10:50+00:00\",\"mainEntityOfPage\":{\"@id\":\"https:\\\/\\\/inlightfest.com\\\/fr\\\/nos-evenements-2\\\/\"},\"wordCount\":2084,\"publisher\":{\"@id\":\"https:\\\/\\\/inlightfest.com\\\/fr\\\/#organization\"},\"inLanguage\":\"fr-FR\"},{\"@type\":[\"WebPage\",\"ItemPage\"],\"@id\":\"https:\\\/\\\/inlightfest.com\\\/fr\\\/nos-evenements-2\\\/\",\"url\":\"https:\\\/\\\/inlightfest.com\\\/fr\\\/nos-evenements-2\\\/\",\"name\":\"Nos \u00e9v\u00e9nements - InLight\",\"isPartOf\":{\"@id\":\"https:\\\/\\\/inlightfest.com\\\/fr\\\/#website\"},\"datePublished\":\"2024-12-19T23:11:23+00:00\",\"dateModified\":\"2026-02-09T09:10:50+00:00\",\"breadcrumb\":{\"@id\":\"https:\\\/\\\/inlightfest.com\\\/fr\\\/nos-evenements-2\\\/#breadcrumb\"},\"inLanguage\":\"fr-FR\",\"potentialAction\":[{\"@type\":\"ReadAction\",\"target\":[\"https:\\\/\\\/inlightfest.com\\\/fr\\\/nos-evenements-2\\\/\"]}]},{\"@type\":\"BreadcrumbList\",\"@id\":\"https:\\\/\\\/inlightfest.com\\\/fr\\\/nos-evenements-2\\\/#breadcrumb\",\"itemListElement\":[{\"@type\":\"ListItem\",\"position\":1,\"name\":\"Home\",\"item\":\"https:\\\/\\\/inlightfest.com\\\/fr\\\/accueil\\\/\"},{\"@type\":\"ListItem\",\"position\":2,\"name\":\"Nos \u00e9v\u00e9nements\"}]},{\"@type\":\"WebSite\",\"@id\":\"https:\\\/\\\/inlightfest.com\\\/fr\\\/#website\",\"url\":\"https:\\\/\\\/inlightfest.com\\\/fr\\\/\",\"name\":\"InLight\",\"description\":\"Light Up Your Imagination | The Original Lantern Festival Group\",\"publisher\":{\"@id\":\"https:\\\/\\\/inlightfest.com\\\/fr\\\/#organization\"},\"potentialAction\":[{\"@type\":\"SearchAction\",\"target\":{\"@type\":\"EntryPoint\",\"urlTemplate\":\"https:\\\/\\\/inlightfest.com\\\/fr\\\/?s={search_term_string}\"},\"query-input\":{\"@type\":\"PropertyValueSpecification\",\"valueRequired\":true,\"valueName\":\"search_term_string\"}}],\"inLanguage\":\"fr-FR\"},{\"@type\":\"Organization\",\"@id\":\"https:\\\/\\\/inlightfest.com\\\/fr\\\/#organization\",\"name\":\"Zigong Lantern Culture Industry Group Co., Ltd\",\"url\":\"https:\\\/\\\/inlightfest.com\\\/fr\\\/\",\"logo\":{\"@type\":\"ImageObject\",\"inLanguage\":\"fr-FR\",\"@id\":\"https:\\\/\\\/inlightfest.com\\\/fr\\\/#\\\/schema\\\/logo\\\/image\\\/\",\"url\":\"https:\\\/\\\/inlightfest.com\\\/wp-content\\\/uploads\\\/2025\\\/01\\\/inLight-Lockup2-on-blacktransparent-RGB.png\",\"contentUrl\":\"https:\\\/\\\/inlightfest.com\\\/wp-content\\\/uploads\\\/2025\\\/01\\\/inLight-Lockup2-on-blacktransparent-RGB.png\",\"width\":3000,\"height\":991,\"caption\":\"Zigong Lantern Culture Industry Group Co., Ltd\"},\"image\":{\"@id\":\"https:\\\/\\\/inlightfest.com\\\/fr\\\/#\\\/schema\\\/logo\\\/image\\\/\"}},{\"@type\":\"Person\",\"@id\":\"https:\\\/\\\/inlightfest.com\\\/fr\\\/#\\\/schema\\\/person\\\/fc15f22cc959ee49cfed62825e7d4d5a\",\"name\":\"inlightadmin\",\"sameAs\":[\"https:\\\/\\\/inlightfest.com\"],\"url\":\"https:\\\/\\\/inlightfest.com\\\/fr\\\/author\\\/inlightadmin\\\/\"}]}<\/script>\n<!-- \/ Yoast SEO plugin. -->","yoast_head_json":{"title":"Nos \u00e9v\u00e9nements - InLight","robots":{"index":"index","follow":"follow","max-snippet":"max-snippet:-1","max-image-preview":"max-image-preview:large","max-video-preview":"max-video-preview:-1"},"canonical":"https:\/\/inlightfest.com\/fr\/nos-evenements-2\/","og_locale":"fr_FR","og_type":"article","og_title":"Nos \u00e9v\u00e9nements - InLight","og_description":"ZOO DE DUBLIN 2019 - HISTOIRES, MYTHES ET L\u00c9GENDES Les \u00e9v\u00e9nements de 2019 mettent en \u0153uvre des sc\u00e8nes magiques tir\u00e9es d'histoires c\u00e9l\u00e8bres telles que Le magicien d'Oz, Les aventures d'Alice au pays des merveilles, Peter Pan et Le livre de la jungle... ainsi que les comptines les plus appr\u00e9ci\u00e9es et les personnages de la mythologie [&hellip;]","og_url":"https:\/\/inlightfest.com\/fr\/nos-evenements-2\/","og_site_name":"InLight","article_modified_time":"2026-02-09T09:10:50+00:00","twitter_card":"summary_large_image","twitter_misc":{"Dur\u00e9e de lecture estim\u00e9e":"10 minutes"},"schema":{"@context":"https:\/\/schema.org","@graph":[{"@type":["Article","BlogPosting"],"@id":"https:\/\/inlightfest.com\/fr\/nos-evenements-2\/#article","isPartOf":{"@id":"https:\/\/inlightfest.com\/fr\/nos-evenements-2\/"},"author":{"name":"inlightadmin","@id":"https:\/\/inlightfest.com\/fr\/#\/schema\/person\/fc15f22cc959ee49cfed62825e7d4d5a"},"headline":"Nos \u00e9v\u00e9nements","datePublished":"2024-12-19T23:11:23+00:00","dateModified":"2026-02-09T09:10:50+00:00","mainEntityOfPage":{"@id":"https:\/\/inlightfest.com\/fr\/nos-evenements-2\/"},"wordCount":2084,"publisher":{"@id":"https:\/\/inlightfest.com\/fr\/#organization"},"inLanguage":"fr-FR"},{"@type":["WebPage","ItemPage"],"@id":"https:\/\/inlightfest.com\/fr\/nos-evenements-2\/","url":"https:\/\/inlightfest.com\/fr\/nos-evenements-2\/","name":"Nos \u00e9v\u00e9nements - InLight","isPartOf":{"@id":"https:\/\/inlightfest.com\/fr\/#website"},"datePublished":"2024-12-19T23:11:23+00:00","dateModified":"2026-02-09T09:10:50+00:00","breadcrumb":{"@id":"https:\/\/inlightfest.com\/fr\/nos-evenements-2\/#breadcrumb"},"inLanguage":"fr-FR","potentialAction":[{"@type":"ReadAction","target":["https:\/\/inlightfest.com\/fr\/nos-evenements-2\/"]}]},{"@type":"BreadcrumbList","@id":"https:\/\/inlightfest.com\/fr\/nos-evenements-2\/#breadcrumb","itemListElement":[{"@type":"ListItem","position":1,"name":"Home","item":"https:\/\/inlightfest.com\/fr\/accueil\/"},{"@type":"ListItem","position":2,"name":"Nos \u00e9v\u00e9nements"}]},{"@type":"WebSite","@id":"https:\/\/inlightfest.com\/fr\/#website","url":"https:\/\/inlightfest.com\/fr\/","name":"InLight","description":"Light Up Your Imagination | The Original Lantern Festival Group","publisher":{"@id":"https:\/\/inlightfest.com\/fr\/#organization"},"potentialAction":[{"@type":"SearchAction","target":{"@type":"EntryPoint","urlTemplate":"https:\/\/inlightfest.com\/fr\/?s={search_term_string}"},"query-input":{"@type":"PropertyValueSpecification","valueRequired":true,"valueName":"search_term_string"}}],"inLanguage":"fr-FR"},{"@type":"Organization","@id":"https:\/\/inlightfest.com\/fr\/#organization","name":"Zigong Lantern Culture Industry Group Co., Ltd","url":"https:\/\/inlightfest.com\/fr\/","logo":{"@type":"ImageObject","inLanguage":"fr-FR","@id":"https:\/\/inlightfest.com\/fr\/#\/schema\/logo\/image\/","url":"https:\/\/inlightfest.com\/wp-content\/uploads\/2025\/01\/inLight-Lockup2-on-blacktransparent-RGB.png","contentUrl":"https:\/\/inlightfest.com\/wp-content\/uploads\/2025\/01\/inLight-Lockup2-on-blacktransparent-RGB.png","width":3000,"height":991,"caption":"Zigong Lantern Culture Industry Group Co., Ltd"},"image":{"@id":"https:\/\/inlightfest.com\/fr\/#\/schema\/logo\/image\/"}},{"@type":"Person","@id":"https:\/\/inlightfest.com\/fr\/#\/schema\/person\/fc15f22cc959ee49cfed62825e7d4d5a","name":"inlightadmin","sameAs":["https:\/\/inlightfest.com"],"url":"https:\/\/inlightfest.com\/fr\/author\/inlightadmin\/"}]}},"_links":{"self":[{"href":"https:\/\/inlightfest.com\/fr\/wp-json\/wp\/v2\/pages\/2366","targetHints":{"allow":["GET"]}}],"collection":[{"href":"https:\/\/inlightfest.com\/fr\/wp-json\/wp\/v2\/pages"}],"about":[{"href":"https:\/\/inlightfest.com\/fr\/wp-json\/wp\/v2\/types\/page"}],"author":[{"embeddable":true,"href":"https:\/\/inlightfest.com\/fr\/wp-json\/wp\/v2\/users\/2"}],"replies":[{"embeddable":true,"href":"https:\/\/inlightfest.com\/fr\/wp-json\/wp\/v2\/comments?post=2366"}],"version-history":[{"count":9,"href":"https:\/\/inlightfest.com\/fr\/wp-json\/wp\/v2\/pages\/2366\/revisions"}],"predecessor-version":[{"id":11081,"href":"https:\/\/inlightfest.com\/fr\/wp-json\/wp\/v2\/pages\/2366\/revisions\/11081"}],"wp:attachment":[{"href":"https:\/\/inlightfest.com\/fr\/wp-json\/wp\/v2\/media?parent=2366"}],"curies":[{"name":"wp","href":"https:\/\/api.w.org\/{rel}","templated":true}]}}