{"id":8201,"date":"2025-10-24T13:48:45","date_gmt":"2025-10-24T05:48:45","guid":{"rendered":"https:\/\/inlightfest.com\/un-vibrante-viaje-por-america-latina-en-el-festival-de-la-luz-2025-del-zoo-de-amneville\/"},"modified":"2025-10-24T13:55:09","modified_gmt":"2025-10-24T05:55:09","slug":"un-vibrante-viaje-por-america-latina-en-el-festival-de-la-luz-2025-del-zoo-de-amneville","status":"publish","type":"page","link":"https:\/\/inlightfest.com\/es\/noticias\/un-vibrante-viaje-por-america-latina-en-el-festival-de-la-luz-2025-del-zoo-de-amneville\/","title":{"rendered":"Un vibrante viaje por Am\u00e9rica Latina en el Festival de la Luz 2025 del Zoo de Amneville"},"content":{"rendered":"<p>[et_pb_section fb_built=&#8221;1&#8243; fullwidth=&#8221;on&#8221; disabled_on=&#8221;on|on|off&#8221; _builder_version=&#8221;4.27.3&#8243; _module_preset=&#8221;default&#8221; sticky_position=&#8221;top&#8221; global_module=&#8221;92&#8243; saved_tabs=&#8221;all&#8221; global_colors_info=&#8221;{}&#8221; theme_builder_area=&#8221;post_content&#8221;][et_pb_fullwidth_menu menu_id=&#8221;7&#8243; fullwidth_menu=&#8221;on&#8221; dropdown_menu_line_color=&#8221;RGBA(255,255,255,0)&#8221; logo_width=&#8221;100%&#8221; _builder_version=&#8221;4.27.3&#8243; _module_preset=&#8221;default&#8221; menu_font=&#8221;|700|||||||&#8221; text_orientation=&#8221;right&#8221; width=&#8221;95%&#8221; max_width=&#8221;100%&#8221; custom_margin=&#8221;-5px||0px||false|false&#8221; custom_css_dropdown_links=&#8221;padding-right:50px;||line-height: 1.5em;||padding-bottom:5%;&#8221; global_colors_info=&#8221;{}&#8221; theme_builder_area=&#8221;post_content&#8221;][\/et_pb_fullwidth_menu][\/et_pb_section][et_pb_section fb_built=&#8221;1&#8243; custom_padding_last_edited=&#8221;on|phone&#8221; _builder_version=&#8221;4.27.3&#8243; _module_preset=&#8221;default&#8221; use_background_color_gradient=&#8221;on&#8221; background_color_gradient_direction=&#8221;100deg&#8221; background_color_gradient_stops=&#8221;#003751 0%|#00aead 30%|#c1198b 60%|#ee5d9e 100%&#8221; custom_padding=&#8221;0px||14px|||&#8221; custom_padding_tablet=&#8221;||17px||false|false&#8221; custom_padding_phone=&#8221;||17px||false|false&#8221; custom_css_main_element=&#8221;max-height:20px !important;&#8221; global_module=&#8221;198&#8243; saved_tabs=&#8221;all&#8221; global_colors_info=&#8221;{}&#8221; theme_builder_area=&#8221;post_content&#8221;][et_pb_row _builder_version=&#8221;4.27.3&#8243; _module_preset=&#8221;default&#8221; global_colors_info=&#8221;{}&#8221; theme_builder_area=&#8221;post_content&#8221;][et_pb_column type=&#8221;4_4&#8243; _builder_version=&#8221;4.27.3&#8243; _module_preset=&#8221;default&#8221; global_colors_info=&#8221;{}&#8221; theme_builder_area=&#8221;post_content&#8221;][et_pb_text _builder_version=&#8221;4.27.3&#8243; _module_preset=&#8221;default&#8221; global_colors_info=&#8221;{}&#8221; theme_builder_area=&#8221;post_content&#8221;][\/et_pb_text][\/et_pb_column][\/et_pb_row][\/et_pb_section][et_pb_section fb_built=&#8221;1&#8243; _builder_version=&#8221;4.27.3&#8243; _module_preset=&#8221;default&#8221; background_video_mp4=&#8221;https:\/\/inlightfest.com\/wp-content\/uploads\/2024\/12\/InLight-Temp_banner_video.mp4&#8243; width=&#8221;100%&#8221; max_width=&#8221;100%&#8221; min_height=&#8221;200px&#8221; height=&#8221;200px&#8221; max_height=&#8221;300px&#8221; global_module=&#8221;207&#8243; saved_tabs=&#8221;all&#8221; global_colors_info=&#8221;{}&#8221; theme_builder_area=&#8221;post_content&#8221;][et_pb_row column_structure=&#8221;1_2,1_2&#8243; _builder_version=&#8221;4.27.3&#8243; _module_preset=&#8221;default&#8221; custom_padding=&#8221;||19px|||&#8221; global_colors_info=&#8221;{}&#8221; theme_builder_area=&#8221;post_content&#8221;][et_pb_column type=&#8221;1_2&#8243; _builder_version=&#8221;4.27.3&#8243; _module_preset=&#8221;default&#8221; global_colors_info=&#8221;{}&#8221; theme_builder_area=&#8221;post_content&#8221;][et_pb_text _builder_version=&#8221;4.27.3&#8243; _module_preset=&#8221;default&#8221; width=&#8221;100%&#8221; custom_margin=&#8221;|-344px||-32px||&#8221; global_colors_info=&#8221;{}&#8221; theme_builder_area=&#8221;post_content&#8221;][\/et_pb_text][\/et_pb_column][et_pb_column type=&#8221;1_2&#8243; _builder_version=&#8221;4.27.3&#8243; _module_preset=&#8221;default&#8221; global_colors_info=&#8221;{}&#8221; theme_builder_area=&#8221;post_content&#8221;][et_pb_post_title meta=&#8221;off&#8221; featured_image=&#8221;off&#8221; text_color=&#8221;light&#8221; _builder_version=&#8221;4.27.3&#8243; _module_preset=&#8221;default&#8221; text_orientation=&#8221;right&#8221; global_colors_info=&#8221;{}&#8221; theme_builder_area=&#8221;post_content&#8221;][\/et_pb_post_title][\/et_pb_column][\/et_pb_row][\/et_pb_section][et_pb_section fb_built=&#8221;1&#8243; _builder_version=&#8221;4.27.3&#8243; _module_preset=&#8221;default&#8221; global_colors_info=&#8221;{}&#8221; theme_builder_area=&#8221;post_content&#8221;][et_pb_row _builder_version=&#8221;4.27.3&#8243; _module_preset=&#8221;default&#8221; hover_enabled=&#8221;0&#8243; global_colors_info=&#8221;{}&#8221; theme_builder_area=&#8221;post_content&#8221; sticky_enabled=&#8221;0&#8243;][et_pb_column type=&#8221;4_4&#8243; _builder_version=&#8221;4.27.3&#8243; _module_preset=&#8221;default&#8221; global_colors_info=&#8221;{}&#8221; theme_builder_area=&#8221;post_content&#8221;][et_pb_text _builder_version=&#8221;4.27.3&#8243; _module_preset=&#8221;default&#8221; hover_enabled=&#8221;0&#8243; global_colors_info=&#8221;{}&#8221; theme_builder_area=&#8221;post_content&#8221; sticky_enabled=&#8221;0&#8243;]<\/p>\n<p>En octubre de 2025, <a href=\"https:\/\/inlightfest.com\/noticias\/diseno-e-instalacion-de-luminiscencias-en-el-zoo-de-amneville-2025\/?lang=es\">el Zoo d&#8217;Amneville, en Francia<\/a>, se convirti\u00f3 en el centro de atenci\u00f3n de la brillantez cultural y art\u00edstica, con un impresionante festival de luz que atrajo a miles de visitantes y capt\u00f3 la atenci\u00f3n de los medios de comunicaci\u00f3n locales e internacionales. La inauguraci\u00f3n oficial del festival, el 18 de octubre, acogi\u00f3 a m\u00e1s de 4.000 invitados, mientras segu\u00eda creciendo la expectaci\u00f3n por este espect\u00e1culo intercultural. <\/p>\n<p>El tema &#8220;FIESTA LATINA&#8221;, inspirado en el vibrante esp\u00edritu de Latinoam\u00e9rica, transform\u00f3 el zoo en un pa\u00eds de las maravillas envolvente que invita a los visitantes a experimentar las vistas, los sonidos y las historias de la regi\u00f3n como nunca antes.<\/p>\n<p>[\/et_pb_text][\/et_pb_column][\/et_pb_row][et_pb_row column_structure=&#8221;1_2,1_2&#8243; _builder_version=&#8221;4.27.3&#8243; _module_preset=&#8221;default&#8221; global_colors_info=&#8221;{}&#8221; theme_builder_area=&#8221;post_content&#8221;][et_pb_column type=&#8221;1_2&#8243; _builder_version=&#8221;4.27.3&#8243; _module_preset=&#8221;default&#8221; global_colors_info=&#8221;{}&#8221; theme_builder_area=&#8221;post_content&#8221;][et_pb_image src=&#8221;https:\/\/inlightfest.com\/wp-content\/uploads\/2025\/10\/Zoo-dAmneville-FIESTA-LATINA-4.jpg&#8221; _builder_version=&#8221;4.27.3&#8243; _module_preset=&#8221;default&#8221; hover_enabled=&#8221;0&#8243; global_colors_info=&#8221;{}&#8221; theme_builder_area=&#8221;post_content&#8221; sticky_enabled=&#8221;0&#8243; title_text=&#8221;Zoo d&#039;Amneville FIESTA LATINA&#8221;][\/et_pb_image][\/et_pb_column][et_pb_column type=&#8221;1_2&#8243; _builder_version=&#8221;4.27.3&#8243; _module_preset=&#8221;default&#8221; global_colors_info=&#8221;{}&#8221; theme_builder_area=&#8221;post_content&#8221;][et_pb_image src=&#8221;https:\/\/inlightfest.com\/wp-content\/uploads\/2025\/10\/Zoo-dAmneville-FIESTA-LATINA-1.jpg&#8221; _builder_version=&#8221;4.27.3&#8243; _module_preset=&#8221;default&#8221; hover_enabled=&#8221;0&#8243; global_colors_info=&#8221;{}&#8221; theme_builder_area=&#8221;post_content&#8221; sticky_enabled=&#8221;0&#8243; title_text=&#8221;Zoo d&#039;Amneville FIESTA LATINA&#8221;][\/et_pb_image][\/et_pb_column][\/et_pb_row][et_pb_row _builder_version=&#8221;4.27.3&#8243; _module_preset=&#8221;default&#8221; global_colors_info=&#8221;{}&#8221; theme_builder_area=&#8221;post_content&#8221;][et_pb_column type=&#8221;4_4&#8243; _builder_version=&#8221;4.27.3&#8243; _module_preset=&#8221;default&#8221; global_colors_info=&#8221;{}&#8221; theme_builder_area=&#8221;post_content&#8221;][et_pb_text _builder_version=&#8221;4.27.3&#8243; _module_preset=&#8221;default&#8221; hover_enabled=&#8221;0&#8243; global_colors_info=&#8221;{}&#8221; theme_builder_area=&#8221;post_content&#8221; sticky_enabled=&#8221;0&#8243;]<\/p>\n<h2><strong>Un fest\u00edn visual de maravillas latinoamericanas<\/strong><\/h2>\n<p>&nbsp;<\/p>\n<p>La 2025 edici\u00f3n del festival de la luz del Zoo d&#8217;Amneville present\u00f3 siete zonas inmersivas distintas, cada una de las cuales representaba una parte diferente de Latinoam\u00e9rica. Desde las coloridas celebraciones del D\u00eda de los Muertos en M\u00e9xico hasta la m\u00edstica selva amaz\u00f3nica, las antiguas civilizaciones de la \u00e9poca precolombina y la imponente cordillera de los Andes, el evento ofreci\u00f3 un viaje por los diversos paisajes, culturas y tradiciones de Latinoam\u00e9rica. <\/p>\n<p>&nbsp;<\/p>\n<p>Los visitantes recorrieron un sendero de 1,5 km iluminado por m\u00e1s de 10.000 luces individuales, cada una cuidadosamente dise\u00f1ada para dar vida a la magia de Latinoam\u00e9rica. El festival no s\u00f3lo deslumbr\u00f3 con sus espect\u00e1culos de luz, sino que tambi\u00e9n educ\u00f3 a los visitantes sobre el rico patrimonio de la regi\u00f3n, mezclando exhibiciones de animales con instalaciones de luz interactivas y de tem\u00e1tica cultural. Los asombrosos efectos de luz y sonido se combinaron a la perfecci\u00f3n, creando una experiencia encantadora que parec\u00eda como entrar en un sue\u00f1o.  <\/p>\n<p>&nbsp;<\/p>\n<h2><strong>La artesan\u00eda tras la magia<\/strong><\/h2>\n<p>&nbsp;<\/p>\n<p>Lo que hizo que este festival de la luz fuera realmente \u00fanico fue la dedicaci\u00f3n y la artesan\u00eda implicadas. La instalaci\u00f3n fue un esfuerzo de colaboraci\u00f3n en el que participaron m\u00e1s de 35 artistas expertos en linternas de <a href=\"https:\/\/inlightfest.com\/quienes-somos\/?lang=es\">Zigong (China)<\/a>. Estos artesanos pasaron 50 d\u00edas construyendo meticulosamente las pantallas, asegur\u00e1ndose de que todos los detalles, desde las brillantes luces hasta los intrincados dise\u00f1os, fueran perfectos. El festival representa la culminaci\u00f3n de meses de preparaci\u00f3n, y el resultado es espectacular.   <\/p>\n<p>&nbsp;<\/p>\n<p>Desde 2017, el primer Festival de los Faroles Chinos se celebr\u00f3 en Gaillac (Francia). A lo largo de los a\u00f1os, este intercambio cultural se ha extendido a m\u00e1s de 20 ciudades, entre ellas Blagnac, Montauban y el zoo de Amn\u00e9ville, atrayendo a casi 5 millones de visitantes. Este acontecimiento no s\u00f3lo celebra la vibrante belleza de la cultura latinoamericana, sino que tambi\u00e9n sirve de &#8220;embajador cultural m\u00f3vil&#8221; entre China y Francia, continuando la construcci\u00f3n de un puente de di\u00e1logo intercultural y narraci\u00f3n de historias con cada nueva exhibici\u00f3n de luces.  <\/p>\n<p>&nbsp;<\/p>\n<h2><strong>Mostrando Soluciones para Proyectos: Una experiencia completa<\/strong><\/h2>\n<p>&nbsp;<\/p>\n<p>En <a href=\"https:\/\/inlightfest.com\/?lang=es\">InLight<\/a>, entendemos el intrincado proceso de dar vida a proyectos tan grandiosos. Nuestra experiencia en instalaciones escult\u00f3ricas personalizadas a gran escala -como las majestuosas esculturas de dinosaurios que hemos dise\u00f1ado anteriormente para eventos mundiales similares- puede transformar cualquier espacio en una atracci\u00f3n de talla mundial. Con a\u00f1os de experiencia en la creaci\u00f3n de experiencias visuales de gran impacto, estamos especializados en dise\u00f1os escult\u00f3ricos que se integran a la perfecci\u00f3n en entornos tem\u00e1ticos.  <\/p>\n<p>[\/et_pb_text][\/et_pb_column][\/et_pb_row][et_pb_row column_structure=&#8221;1_2,1_2&#8243; _builder_version=&#8221;4.27.3&#8243; _module_preset=&#8221;default&#8221; global_colors_info=&#8221;{}&#8221; theme_builder_area=&#8221;post_content&#8221;][et_pb_column type=&#8221;1_2&#8243; _builder_version=&#8221;4.27.3&#8243; _module_preset=&#8221;default&#8221; global_colors_info=&#8221;{}&#8221; theme_builder_area=&#8221;post_content&#8221;][et_pb_image src=&#8221;https:\/\/inlightfest.com\/wp-content\/uploads\/2025\/10\/Zoo-dAmneville-FIESTA-LATINA-2.jpg&#8221; _builder_version=&#8221;4.27.3&#8243; _module_preset=&#8221;default&#8221; hover_enabled=&#8221;0&#8243; global_colors_info=&#8221;{}&#8221; theme_builder_area=&#8221;post_content&#8221; sticky_enabled=&#8221;0&#8243; title_text=&#8221;Zoo d&#039;Amneville FIESTA LATINA&#8221;][\/et_pb_image][\/et_pb_column][et_pb_column type=&#8221;1_2&#8243; _builder_version=&#8221;4.27.3&#8243; _module_preset=&#8221;default&#8221; global_colors_info=&#8221;{}&#8221; theme_builder_area=&#8221;post_content&#8221;][et_pb_image src=&#8221;https:\/\/inlightfest.com\/wp-content\/uploads\/2025\/10\/Zoo-dAmneville-FIESTA-LATINA-3.jpg&#8221; _builder_version=&#8221;4.27.3&#8243; _module_preset=&#8221;default&#8221; hover_enabled=&#8221;0&#8243; global_colors_info=&#8221;{}&#8221; theme_builder_area=&#8221;post_content&#8221; sticky_enabled=&#8221;0&#8243; title_text=&#8221;Zoo d&#039;Amneville FIESTA LATINA&#8221;][\/et_pb_image][\/et_pb_column][\/et_pb_row][et_pb_row _builder_version=&#8221;4.27.3&#8243; _module_preset=&#8221;default&#8221; global_colors_info=&#8221;{}&#8221; theme_builder_area=&#8221;post_content&#8221;][et_pb_column type=&#8221;4_4&#8243; _builder_version=&#8221;4.27.3&#8243; _module_preset=&#8221;default&#8221; global_colors_info=&#8221;{}&#8221; theme_builder_area=&#8221;post_content&#8221;][et_pb_text _builder_version=&#8221;4.27.3&#8243; _module_preset=&#8221;default&#8221; hover_enabled=&#8221;0&#8243; global_colors_info=&#8221;{}&#8221; theme_builder_area=&#8221;post_content&#8221; sticky_enabled=&#8221;0&#8243;]<\/p>\n<p>Ya se trate de un parque natural, un festival cultural o un acto corporativo, nuestra capacidad para integrar intrincadas piezas de arte con las tecnolog\u00edas m\u00e1s avanzadas de luz, sonido e interactividad garantiza una experiencia memorable para visitantes de todas las edades. Desde la conceptualizaci\u00f3n hasta la ejecuci\u00f3n, proporcionamos soluciones integrales para proyectos que convierten las visiones en realidad. <\/p>\n<p>&nbsp;<\/p>\n<h2><strong>Mejora tu evento con nuestra experiencia<\/strong><\/h2>\n<p>&nbsp;<\/p>\n<p>Nuestro equipo trabaja codo con codo con dise\u00f1adores internacionales, ingenieros y artesanos locales para producir impresionantes instalaciones art\u00edsticas que hablan mucho de creatividad y fusi\u00f3n cultural. Ya se trate de un espect\u00e1culo de luces tem\u00e1tico, de esculturas que se funden con el entorno o de instalaciones art\u00edsticas totalmente inmersivas, nuestro objetivo es mejorar la experiencia, aportar valor art\u00edstico y dejar una impresi\u00f3n duradera en cada visitante. <\/p>\n<p>&nbsp;<\/p>\n<p>\u00bfQuieres mejorar tu pr\u00f3ximo evento con obras de arte personalizadas? <a href=\"https:\/\/inlightfest.com\/ponte-en-contacto-con\/?lang=es\">Ponte en contacto con nosotros hoy mismo<\/a> para saber c\u00f3mo nuestras soluciones para proyectos pueden dar vida a tus ideas creativas, con un toque \u00fanico que seguro cautivar\u00e1 a tu p\u00fablico.<\/p>\n<p>&nbsp;<\/p>\n<h2><strong>Conclusi\u00f3n: La magia contin\u00faa<\/strong><\/h2>\n<p>&nbsp;<\/p>\n<p>El festival de la luz del Zoo d&#8217;Amneville es m\u00e1s que un acontecimiento: es un viaje de inmersi\u00f3n al coraz\u00f3n de Latinoam\u00e9rica, al tiempo que proporciona una experiencia cultural inolvidable. Con el evento en marcha hasta el 29 de marzo de 2026, sigue cautivando la imaginaci\u00f3n de visitantes de todo el mundo, celebrando el esp\u00edritu del intercambio intercultural. <\/p>\n<p>[\/et_pb_text][\/et_pb_column][\/et_pb_row][\/et_pb_section][et_pb_section fb_built=&#8221;1&#8243; _builder_version=&#8221;4.27.3&#8243; _module_preset=&#8221;default&#8221; background_color=&#8221;#000000&#8243; custom_padding=&#8221;20px||20px||false|false&#8221; global_module=&#8221;66&#8243; saved_tabs=&#8221;all&#8221; global_colors_info=&#8221;{}&#8221; theme_builder_area=&#8221;post_content&#8221;][et_pb_row column_structure=&#8221;1_4,1_4,1_4,1_4&#8243; _builder_version=&#8221;4.27.3&#8243; _module_preset=&#8221;default&#8221; custom_padding=&#8221;0px||0px|||&#8221; global_colors_info=&#8221;{}&#8221; theme_builder_area=&#8221;post_content&#8221;][et_pb_column type=&#8221;1_4&#8243; _builder_version=&#8221;4.27.3&#8243; _module_preset=&#8221;default&#8221; global_colors_info=&#8221;{}&#8221; theme_builder_area=&#8221;post_content&#8221;][et_pb_text _builder_version=&#8221;4.27.3&#8243; _module_preset=&#8221;default&#8221; text_text_color=&#8221;#FFFFFF&#8221; text_font_size=&#8221;12px&#8221; text_line_height=&#8221;1.6em&#8221; global_colors_info=&#8221;{}&#8221; theme_builder_area=&#8221;post_content&#8221;]<\/p>\n<p><span><a href=\"https:\/\/inlightfest.com\/?lang=es\">INICIO<\/a><br \/><a href=\"https:\/\/inlightfest.com\/quienes-somos\/?lang=es\">SOBRE NOSOTROS<\/a><br \/><a href=\"https:\/\/inlightfest.com\/que-hacemos\/?lang=es\">QU\u00c9 HACEMOS<\/a><br \/><a href=\"https:\/\/inlightfest.com\/productos-y-servicios\/?lang=es\">PRODUCTOS Y SERVICIOS<\/a><br \/>&#8211; <a href=\"https:\/\/inlightfest.com\/festivales-de-talla-mundial\/?lang=es\">FESTIVALES DE TALLA MUNDIAL<\/a><br \/>&#8211; <a href=\"https:\/\/inlightfest.com\/disenos-especiales-con-aprobacion-de-pi\/?lang=es\">DISE\u00d1OS ESPECIALES CON APROBACI\u00d3N IP<\/a><br \/>&#8211; <a href=\"https:\/\/inlightfest.com\/elementos-interactivos\/?lang=es\">ELEMENTOS INTERACTIVOS<\/a><br \/>&#8211; <a href=\"https:\/\/inlightfest.com\/paisajismo-y-esculturas-de-luz\/?lang=es\">PAISAJISMO Y ESCULTURAS DE LUZ<\/a><br \/>&#8211; <a href=\"https:\/\/inlightfest.com\/modelos-animatronicos\/?lang=es\">MODELOS ANIMATR\u00d3NICOS<\/a><br \/><\/span><br \/><span><\/span><\/p>\n<p>[\/et_pb_text][\/et_pb_column][et_pb_column type=&#8221;1_4&#8243; _builder_version=&#8221;4.27.3&#8243; _module_preset=&#8221;default&#8221; global_colors_info=&#8221;{}&#8221; theme_builder_area=&#8221;post_content&#8221;][et_pb_text _builder_version=&#8221;4.27.3&#8243; _module_preset=&#8221;default&#8221; text_text_color=&#8221;#FFFFFF&#8221; text_font_size=&#8221;12px&#8221; text_line_height=&#8221;1.6em&#8221; global_colors_info=&#8221;{}&#8221; theme_builder_area=&#8221;post_content&#8221;]<\/p>\n<p><span><a href=\"https:\/\/inlightfest.com\/nuestros-eventos\/?lang=es\">NUESTROS EVENTOS<\/a><br \/>&#8211; <a href=\"https:\/\/inlightfest.com\/fiestas-y-luces-personalizadas\/?lang=es\">FESTIVALES Y LUCES PERSONALIZADOS<\/a><br \/>&#8211; <a href=\"https:\/\/inlightfest.com\/soluciones-unicas-de-servicio-completo\/?lang=es\">SOLUCIONES \u00daNICAS DE SERVICIO COMPLETO<\/a><br \/>&#8211; <a href=\"https:\/\/inlightfest.com\/visitas-in-situ\/?lang=es\">VISITAS IN SITU<\/a><br \/>&#8211; <a href=\"https:\/\/inlightfest.com\/diseno-y-gestion-de-festivales\/?lang=es\">DISE\u00d1O Y GESTI\u00d3N DE FESTIVALES<\/a><br \/>&#8211; <a href=\"https:\/\/inlightfest.com\/salud-y-seguridad\/?lang=es\">SALUD Y SEGURIDAD<\/a><br \/>&#8211; <a href=\"https:\/\/inlightfest.com\/?page_id=242\">APOYO DE MARKETING<\/a><br \/><a href=\"https:\/\/inlightfest.com\/premios\/?lang=es\">PREMIOS<\/a><br \/><a href=\"https:\/\/inlightfest.com\/galeria\/?lang=es\">GALER\u00cdA<\/a><br \/><a href=\"https:\/\/inlightfest.com\/medios-de-comunicacion\/?lang=es\" target=\"_blank\" rel=\"noopener\">MEDIOS DE COMUNICACI\u00d3N<\/a><br \/><a href=\"https:\/\/inlightfest.com\/ponte-en-contacto-con\/?lang=es\">CONTACTO<\/a><\/span><\/p>\n<p>[\/et_pb_text][\/et_pb_column][et_pb_column type=&#8221;1_4&#8243; _builder_version=&#8221;4.27.3&#8243; _module_preset=&#8221;default&#8221; global_colors_info=&#8221;{}&#8221; theme_builder_area=&#8221;post_content&#8221;][\/et_pb_column][et_pb_column type=&#8221;1_4&#8243; _builder_version=&#8221;4.27.3&#8243; _module_preset=&#8221;default&#8221; global_colors_info=&#8221;{}&#8221; theme_builder_area=&#8221;post_content&#8221;][et_pb_button button_url=&#8221;https:\/\/inlightfest.com\/ponte-en-contacto-con\/?lang=es&#8221; button_text=&#8221;Reserva una reuni\u00f3n&#8221; button_alignment=&#8221;right&#8221; module_class=&#8221;requestbttn&#8221; _builder_version=&#8221;4.27.3&#8243; _module_preset=&#8221;default&#8221; custom_margin=&#8221;-20px||||false|false&#8221; custom_padding=&#8221;3.3%||3.3%||false|false&#8221; global_colors_info=&#8221;{}&#8221; theme_builder_area=&#8221;post_content&#8221;][\/et_pb_button][et_pb_text _builder_version=&#8221;4.27.3&#8243; _module_preset=&#8221;default&#8221; text_font_size=&#8221;11px&#8221; text_line_height=&#8221;1em&#8221; text_orientation=&#8221;right&#8221; custom_margin=&#8221;0px||0px||false|false&#8221; custom_padding=&#8221;0px||0px||false|false&#8221; global_colors_info=&#8221;{}&#8221; theme_builder_area=&#8221;post_content&#8221;]<\/p>\n<p style=\"text-align: right;\"><strong><span style=\"color: #ffffff;\">Este sitio web est\u00e1 disponible en los siguientes idiomas.<\/span><br \/>\n<div role=\"navigation\" aria-label=\"Selector de idioma\" class=\"wpml-ls-statics-shortcode_actions wpml-ls wpml-ls-legacy-list-horizontal\">\n\t<ul><li class=\"wpml-ls-slot-shortcode_actions wpml-ls-item wpml-ls-item-en wpml-ls-first-item wpml-ls-item-legacy-list-horizontal\">\n\t\t\t\t<a href=\"https:\/\/inlightfest.com\/\" hreflang=\"en\" lang=\"en\" class=\"wpml-ls-link\" aria-label=\"Cambiar a Ingl\u00e9s (English)\" title=\"Cambiar a Ingl\u00e9s (English)\">\n\t\t\t\t\t<span class=\"wpml-ls-native\">English<\/span><span class=\"wpml-ls-display\"><span class=\"wpml-ls-bracket\"> (<\/span>Ingl\u00e9s<span class=\"wpml-ls-bracket\">)<\/span><\/span><\/a>\n\t\t\t<\/li><li class=\"wpml-ls-slot-shortcode_actions wpml-ls-item wpml-ls-item-nl wpml-ls-item-legacy-list-horizontal\">\n\t\t\t\t<a href=\"https:\/\/inlightfest.com\/nl\/\" hreflang=\"nl\" lang=\"nl\" class=\"wpml-ls-link\" aria-label=\"Cambiar a Holand\u00e9s (Nederlands)\" title=\"Cambiar a Holand\u00e9s (Nederlands)\">\n\t\t\t\t\t<span class=\"wpml-ls-native\">Nederlands<\/span><span class=\"wpml-ls-display\"><span class=\"wpml-ls-bracket\"> (<\/span>Holand\u00e9s<span class=\"wpml-ls-bracket\">)<\/span><\/span><\/a>\n\t\t\t<\/li><li class=\"wpml-ls-slot-shortcode_actions wpml-ls-item wpml-ls-item-fr wpml-ls-item-legacy-list-horizontal\">\n\t\t\t\t<a href=\"https:\/\/inlightfest.com\/fr\/\" hreflang=\"fr\" lang=\"fr\" class=\"wpml-ls-link\" aria-label=\"Cambiar a Franc\u00e9s (Fran\u00e7ais)\" title=\"Cambiar a Franc\u00e9s (Fran\u00e7ais)\">\n\t\t\t\t\t<span class=\"wpml-ls-native\">Fran\u00e7ais<\/span><span class=\"wpml-ls-display\"><span class=\"wpml-ls-bracket\"> (<\/span>Franc\u00e9s<span class=\"wpml-ls-bracket\">)<\/span><\/span><\/a>\n\t\t\t<\/li><li class=\"wpml-ls-slot-shortcode_actions wpml-ls-item wpml-ls-item-de wpml-ls-item-legacy-list-horizontal\">\n\t\t\t\t<a href=\"https:\/\/inlightfest.com\/de\/\" hreflang=\"de\" lang=\"de\" class=\"wpml-ls-link\" aria-label=\"Cambiar a Alem\u00e1n (Deutsch)\" title=\"Cambiar a Alem\u00e1n (Deutsch)\">\n\t\t\t\t\t<span class=\"wpml-ls-native\">Deutsch<\/span><span class=\"wpml-ls-display\"><span class=\"wpml-ls-bracket\"> (<\/span>Alem\u00e1n<span class=\"wpml-ls-bracket\">)<\/span><\/span><\/a>\n\t\t\t<\/li><li class=\"wpml-ls-slot-shortcode_actions wpml-ls-item wpml-ls-item-it wpml-ls-item-legacy-list-horizontal\">\n\t\t\t\t<a href=\"https:\/\/inlightfest.com\/it\/\" hreflang=\"it\" lang=\"it\" class=\"wpml-ls-link\" aria-label=\"Cambiar a Italiano (Italiano)\" title=\"Cambiar a Italiano (Italiano)\">\n\t\t\t\t\t<span class=\"wpml-ls-native\">Italiano<\/span><\/a>\n\t\t\t<\/li><li class=\"wpml-ls-slot-shortcode_actions wpml-ls-item wpml-ls-item-es wpml-ls-current-language wpml-ls-last-item wpml-ls-item-legacy-list-horizontal\">\n\t\t\t\t<a href=\"https:\/\/inlightfest.com\/es\/\" hreflang=\"es\" lang=\"es\" class=\"wpml-ls-link\" aria-current=\"page\" aria-label=\"Cambiar a Espa\u00f1ol (Espa\u00f1ol)\" title=\"Cambiar a Espa\u00f1ol (Espa\u00f1ol)\">\n\t\t\t\t\t<span class=\"wpml-ls-native\">Espa\u00f1ol<\/span><\/a>\n\t\t\t<\/li><\/ul>\n<\/div>\n<br \/><\/strong><\/p>\n<p>[\/et_pb_text][et_pb_social_media_follow use_icon_font_size=&#8221;on&#8221; icon_font_size=&#8221;20px&#8221; disabled_on=&#8221;off|off|off&#8221; _builder_version=&#8221;4.27.3&#8243; _module_preset=&#8221;default&#8221; text_orientation=&#8221;right&#8221; global_colors_info=&#8221;{}&#8221; theme_builder_area=&#8221;post_content&#8221;][et_pb_social_media_follow_network social_network=&#8221;linkedin&#8221; url=&#8221;https:\/\/www.linkedin.com\/company\/inlight-festival-group\/&#8221; _builder_version=&#8221;4.27.3&#8243; _module_preset=&#8221;default&#8221; background_color=&#8221;#007bb6&#8243; global_colors_info=&#8221;{}&#8221; theme_builder_area=&#8221;post_content&#8221; follow_button=&#8221;off&#8221; url_new_window=&#8221;on&#8221;]linkedin[\/et_pb_social_media_follow_network][et_pb_social_media_follow_network social_network=&#8221;facebook&#8221; url=&#8221;https:\/\/www.facebook.com\/profile.php?id=100072074895779&#8243; _builder_version=&#8221;4.27.3&#8243; _module_preset=&#8221;default&#8221; background_color=&#8221;#3b5998&#8243; global_colors_info=&#8221;{}&#8221; theme_builder_area=&#8221;post_content&#8221; follow_button=&#8221;off&#8221; url_new_window=&#8221;on&#8221;]facebook[\/et_pb_social_media_follow_network][et_pb_social_media_follow_network social_network=&#8221;instagram&#8221; url=&#8221;https:\/\/www.instagram.com\/inlight_festival_group\/&#8221; _builder_version=&#8221;4.27.3&#8243; _module_preset=&#8221;default&#8221; background_color=&#8221;#ea2c59&#8243; global_colors_info=&#8221;{}&#8221; theme_builder_area=&#8221;post_content&#8221; follow_button=&#8221;off&#8221; url_new_window=&#8221;on&#8221;]instagram[\/et_pb_social_media_follow_network][\/et_pb_social_media_follow][et_pb_image src=&#8221;https:\/\/inlightfest.com\/wp-content\/uploads\/2025\/01\/inLight-Lockup2-on-blacktransparent-RGB.png&#8221; title_text=&#8221;inLight-Lockup2-sur-noir(transparente)-RGB&#8221; module_class=&#8221;footerlogo&#8221; _builder_version=&#8221;4.27.3&#8243; _module_preset=&#8221;default&#8221; width=&#8221;43%&#8221; module_alignment=&#8221;right&#8221; custom_margin=&#8221;64px||||false|false&#8221; global_colors_info=&#8221;{}&#8221; theme_builder_area=&#8221;post_content&#8221;][\/et_pb_image][\/et_pb_column][\/et_pb_row][et_pb_row _builder_version=&#8221;4.27.3&#8243; _module_preset=&#8221;default&#8221; global_colors_info=&#8221;{}&#8221; theme_builder_area=&#8221;post_content&#8221;][et_pb_column type=&#8221;4_4&#8243; _builder_version=&#8221;4.27.3&#8243; _module_preset=&#8221;default&#8221; global_colors_info=&#8221;{}&#8221; theme_builder_area=&#8221;post_content&#8221;][et_pb_text _builder_version=&#8221;4.27.3&#8243; _module_preset=&#8221;default&#8221; text_text_color=&#8221;#FFFFFF&#8221; text_font_size=&#8221;12px&#8221; global_colors_info=&#8221;{}&#8221; theme_builder_area=&#8221;post_content&#8221;]<\/p>\n<p><span>\u00a92025 <span class=\" author-d-1gg9uz65z1iz85zgdz68zmqkz84zo2qotv4j4z78zz85zaz88z7z78zatz85zqiz69zz89zhz90zvz81zgf5ijseard h-ldquo\">Zi<\/span><span class=\" author-d-1gg9uz65z1iz85zgdz68zmqkz84zo2qotv4j4z78zz85zaz88z7z78zatz85zqiz69zz89zhz90zvz81zgf5ijseard\">  Gong Lantern Culture Industry Group Inc. Co. <\/span>  | <a href=\"https:\/\/inlightfest.com\/politica-de-privacidad\/?lang=es\">Pol\u00edtica de privacidad<\/a> | <a href=\"https:\/\/inlightfest.com\/condiciones-de-uso\/?lang=es\">Condiciones de uso<\/a> | Sitio web de <a href=\"https:\/\/torontocreatives.com\">TC<\/a><\/span><\/p>\n<p>[\/et_pb_text][\/et_pb_column][\/et_pb_row][\/et_pb_section]<\/p>\n","protected":false},"excerpt":{"rendered":"<p>En octubre de 2025, el Zoo d&#8217;Amneville, en Francia, se convirti\u00f3 en el centro de atenci\u00f3n de la brillantez cultural y art\u00edstica, con un impresionante festival de luz que atrajo a miles de visitantes y capt\u00f3 la atenci\u00f3n de los medios de comunicaci\u00f3n locales e internacionales. La inauguraci\u00f3n oficial del festival, el 18 de octubre, [&hellip;]<\/p>\n","protected":false},"author":4,"featured_media":0,"parent":5156,"menu_order":0,"comment_status":"closed","ping_status":"closed","template":"","meta":{"_et_pb_use_builder":"on","_et_pb_old_content":"","_et_gb_content_width":"","_joinchat":[],"footnotes":""},"class_list":["post-8201","page","type-page","status-publish","hentry"],"yoast_head":"<!-- This site is optimized with the Yoast SEO plugin v27.4 - https:\/\/yoast.com\/product\/yoast-seo-wordpress\/ -->\n<title>Un vibrante viaje por Am\u00e9rica Latina en el Festival de la Luz 2025 del Zoo de Amneville - InLight<\/title>\n<meta name=\"description\" content=\"Descubre c\u00f3mo InLight transforma los eventos con arte escult\u00f3rico personalizado e instalaciones de luz, creando experiencias art\u00edsticas envolventes.\" \/>\n<meta name=\"robots\" content=\"index, follow, max-snippet:-1, max-image-preview:large, max-video-preview:-1\" \/>\n<link rel=\"canonical\" href=\"https:\/\/inlightfest.com\/es\/noticias\/un-vibrante-viaje-por-america-latina-en-el-festival-de-la-luz-2025-del-zoo-de-amneville\/\" \/>\n<meta property=\"og:locale\" content=\"es_ES\" \/>\n<meta property=\"og:type\" content=\"article\" \/>\n<meta property=\"og:title\" content=\"Un vibrante viaje por Am\u00e9rica Latina en el Festival de la Luz 2025 del Zoo de Amneville - InLight\" \/>\n<meta property=\"og:description\" content=\"Descubre c\u00f3mo InLight transforma los eventos con arte escult\u00f3rico personalizado e instalaciones de luz, creando experiencias art\u00edsticas envolventes.\" \/>\n<meta property=\"og:url\" content=\"https:\/\/inlightfest.com\/es\/noticias\/un-vibrante-viaje-por-america-latina-en-el-festival-de-la-luz-2025-del-zoo-de-amneville\/\" \/>\n<meta property=\"og:site_name\" content=\"InLight\" \/>\n<meta property=\"article:modified_time\" content=\"2025-10-24T05:55:09+00:00\" \/>\n<meta name=\"twitter:card\" content=\"summary_large_image\" \/>\n<meta name=\"twitter:label1\" content=\"Tiempo de lectura\" \/>\n\t<meta name=\"twitter:data1\" content=\"12 minutos\" \/>\n<script type=\"application\/ld+json\" class=\"yoast-schema-graph\">{\"@context\":\"https:\\\/\\\/schema.org\",\"@graph\":[{\"@type\":[\"Article\",\"BlogPosting\"],\"@id\":\"https:\\\/\\\/inlightfest.com\\\/es\\\/noticias\\\/un-vibrante-viaje-por-america-latina-en-el-festival-de-la-luz-2025-del-zoo-de-amneville\\\/#article\",\"isPartOf\":{\"@id\":\"https:\\\/\\\/inlightfest.com\\\/es\\\/noticias\\\/un-vibrante-viaje-por-america-latina-en-el-festival-de-la-luz-2025-del-zoo-de-amneville\\\/\"},\"author\":{\"name\":\"Joy Lin \u6b22\u4e50\u6797\",\"@id\":\"https:\\\/\\\/inlightfest.com\\\/es\\\/#\\\/schema\\\/person\\\/e184b3b310b016b32920d3e182bdc330\"},\"headline\":\"Un vibrante viaje por Am\u00e9rica Latina en el Festival de la Luz 2025 del Zoo de Amneville\",\"datePublished\":\"2025-10-24T05:48:45+00:00\",\"dateModified\":\"2025-10-24T05:55:09+00:00\",\"mainEntityOfPage\":{\"@id\":\"https:\\\/\\\/inlightfest.com\\\/es\\\/noticias\\\/un-vibrante-viaje-por-america-latina-en-el-festival-de-la-luz-2025-del-zoo-de-amneville\\\/\"},\"wordCount\":2441,\"publisher\":{\"@id\":\"https:\\\/\\\/inlightfest.com\\\/es\\\/#organization\"},\"inLanguage\":\"es\"},{\"@type\":[\"WebPage\",\"ItemPage\"],\"@id\":\"https:\\\/\\\/inlightfest.com\\\/es\\\/noticias\\\/un-vibrante-viaje-por-america-latina-en-el-festival-de-la-luz-2025-del-zoo-de-amneville\\\/\",\"url\":\"https:\\\/\\\/inlightfest.com\\\/es\\\/noticias\\\/un-vibrante-viaje-por-america-latina-en-el-festival-de-la-luz-2025-del-zoo-de-amneville\\\/\",\"name\":\"Un vibrante viaje por Am\u00e9rica Latina en el Festival de la Luz 2025 del Zoo de Amneville - InLight\",\"isPartOf\":{\"@id\":\"https:\\\/\\\/inlightfest.com\\\/es\\\/#website\"},\"datePublished\":\"2025-10-24T05:48:45+00:00\",\"dateModified\":\"2025-10-24T05:55:09+00:00\",\"description\":\"Descubre c\u00f3mo InLight transforma los eventos con arte escult\u00f3rico personalizado e instalaciones de luz, creando experiencias art\u00edsticas envolventes.\",\"breadcrumb\":{\"@id\":\"https:\\\/\\\/inlightfest.com\\\/es\\\/noticias\\\/un-vibrante-viaje-por-america-latina-en-el-festival-de-la-luz-2025-del-zoo-de-amneville\\\/#breadcrumb\"},\"inLanguage\":\"es\",\"potentialAction\":[{\"@type\":\"ReadAction\",\"target\":[\"https:\\\/\\\/inlightfest.com\\\/es\\\/noticias\\\/un-vibrante-viaje-por-america-latina-en-el-festival-de-la-luz-2025-del-zoo-de-amneville\\\/\"]}]},{\"@type\":\"BreadcrumbList\",\"@id\":\"https:\\\/\\\/inlightfest.com\\\/es\\\/noticias\\\/un-vibrante-viaje-por-america-latina-en-el-festival-de-la-luz-2025-del-zoo-de-amneville\\\/#breadcrumb\",\"itemListElement\":[{\"@type\":\"ListItem\",\"position\":1,\"name\":\"Home\",\"item\":\"https:\\\/\\\/inlightfest.com\\\/es\\\/inicio\\\/\"},{\"@type\":\"ListItem\",\"position\":2,\"name\":\"Un vibrante viaje por Am\u00e9rica Latina en el Festival de la Luz 2025 del Zoo de Amneville\"}]},{\"@type\":\"WebSite\",\"@id\":\"https:\\\/\\\/inlightfest.com\\\/es\\\/#website\",\"url\":\"https:\\\/\\\/inlightfest.com\\\/es\\\/\",\"name\":\"InLight\",\"description\":\"Light Up Your Imagination | The Original Lantern Festival Group\",\"publisher\":{\"@id\":\"https:\\\/\\\/inlightfest.com\\\/es\\\/#organization\"},\"potentialAction\":[{\"@type\":\"SearchAction\",\"target\":{\"@type\":\"EntryPoint\",\"urlTemplate\":\"https:\\\/\\\/inlightfest.com\\\/es\\\/?s={search_term_string}\"},\"query-input\":{\"@type\":\"PropertyValueSpecification\",\"valueRequired\":true,\"valueName\":\"search_term_string\"}}],\"inLanguage\":\"es\"},{\"@type\":\"Organization\",\"@id\":\"https:\\\/\\\/inlightfest.com\\\/es\\\/#organization\",\"name\":\"Zigong Lantern Culture Industry Group Co., Ltd\",\"url\":\"https:\\\/\\\/inlightfest.com\\\/es\\\/\",\"logo\":{\"@type\":\"ImageObject\",\"inLanguage\":\"es\",\"@id\":\"https:\\\/\\\/inlightfest.com\\\/es\\\/#\\\/schema\\\/logo\\\/image\\\/\",\"url\":\"https:\\\/\\\/inlightfest.com\\\/wp-content\\\/uploads\\\/2025\\\/01\\\/inLight-Lockup2-on-blacktransparent-RGB.png\",\"contentUrl\":\"https:\\\/\\\/inlightfest.com\\\/wp-content\\\/uploads\\\/2025\\\/01\\\/inLight-Lockup2-on-blacktransparent-RGB.png\",\"width\":3000,\"height\":991,\"caption\":\"Zigong Lantern Culture Industry Group Co., Ltd\"},\"image\":{\"@id\":\"https:\\\/\\\/inlightfest.com\\\/es\\\/#\\\/schema\\\/logo\\\/image\\\/\"}},{\"@type\":\"Person\",\"@id\":\"https:\\\/\\\/inlightfest.com\\\/es\\\/#\\\/schema\\\/person\\\/e184b3b310b016b32920d3e182bdc330\",\"name\":\"Joy Lin \u6b22\u4e50\u6797\",\"url\":\"https:\\\/\\\/inlightfest.com\\\/es\\\/author\\\/joyzgl\\\/\"}]}<\/script>\n<!-- \/ Yoast SEO plugin. -->","yoast_head_json":{"title":"Un vibrante viaje por Am\u00e9rica Latina en el Festival de la Luz 2025 del Zoo de Amneville - InLight","description":"Descubre c\u00f3mo InLight transforma los eventos con arte escult\u00f3rico personalizado e instalaciones de luz, creando experiencias art\u00edsticas envolventes.","robots":{"index":"index","follow":"follow","max-snippet":"max-snippet:-1","max-image-preview":"max-image-preview:large","max-video-preview":"max-video-preview:-1"},"canonical":"https:\/\/inlightfest.com\/es\/noticias\/un-vibrante-viaje-por-america-latina-en-el-festival-de-la-luz-2025-del-zoo-de-amneville\/","og_locale":"es_ES","og_type":"article","og_title":"Un vibrante viaje por Am\u00e9rica Latina en el Festival de la Luz 2025 del Zoo de Amneville - InLight","og_description":"Descubre c\u00f3mo InLight transforma los eventos con arte escult\u00f3rico personalizado e instalaciones de luz, creando experiencias art\u00edsticas envolventes.","og_url":"https:\/\/inlightfest.com\/es\/noticias\/un-vibrante-viaje-por-america-latina-en-el-festival-de-la-luz-2025-del-zoo-de-amneville\/","og_site_name":"InLight","article_modified_time":"2025-10-24T05:55:09+00:00","twitter_card":"summary_large_image","twitter_misc":{"Tiempo de lectura":"12 minutos"},"schema":{"@context":"https:\/\/schema.org","@graph":[{"@type":["Article","BlogPosting"],"@id":"https:\/\/inlightfest.com\/es\/noticias\/un-vibrante-viaje-por-america-latina-en-el-festival-de-la-luz-2025-del-zoo-de-amneville\/#article","isPartOf":{"@id":"https:\/\/inlightfest.com\/es\/noticias\/un-vibrante-viaje-por-america-latina-en-el-festival-de-la-luz-2025-del-zoo-de-amneville\/"},"author":{"name":"Joy Lin \u6b22\u4e50\u6797","@id":"https:\/\/inlightfest.com\/es\/#\/schema\/person\/e184b3b310b016b32920d3e182bdc330"},"headline":"Un vibrante viaje por Am\u00e9rica Latina en el Festival de la Luz 2025 del Zoo de Amneville","datePublished":"2025-10-24T05:48:45+00:00","dateModified":"2025-10-24T05:55:09+00:00","mainEntityOfPage":{"@id":"https:\/\/inlightfest.com\/es\/noticias\/un-vibrante-viaje-por-america-latina-en-el-festival-de-la-luz-2025-del-zoo-de-amneville\/"},"wordCount":2441,"publisher":{"@id":"https:\/\/inlightfest.com\/es\/#organization"},"inLanguage":"es"},{"@type":["WebPage","ItemPage"],"@id":"https:\/\/inlightfest.com\/es\/noticias\/un-vibrante-viaje-por-america-latina-en-el-festival-de-la-luz-2025-del-zoo-de-amneville\/","url":"https:\/\/inlightfest.com\/es\/noticias\/un-vibrante-viaje-por-america-latina-en-el-festival-de-la-luz-2025-del-zoo-de-amneville\/","name":"Un vibrante viaje por Am\u00e9rica Latina en el Festival de la Luz 2025 del Zoo de Amneville - InLight","isPartOf":{"@id":"https:\/\/inlightfest.com\/es\/#website"},"datePublished":"2025-10-24T05:48:45+00:00","dateModified":"2025-10-24T05:55:09+00:00","description":"Descubre c\u00f3mo InLight transforma los eventos con arte escult\u00f3rico personalizado e instalaciones de luz, creando experiencias art\u00edsticas envolventes.","breadcrumb":{"@id":"https:\/\/inlightfest.com\/es\/noticias\/un-vibrante-viaje-por-america-latina-en-el-festival-de-la-luz-2025-del-zoo-de-amneville\/#breadcrumb"},"inLanguage":"es","potentialAction":[{"@type":"ReadAction","target":["https:\/\/inlightfest.com\/es\/noticias\/un-vibrante-viaje-por-america-latina-en-el-festival-de-la-luz-2025-del-zoo-de-amneville\/"]}]},{"@type":"BreadcrumbList","@id":"https:\/\/inlightfest.com\/es\/noticias\/un-vibrante-viaje-por-america-latina-en-el-festival-de-la-luz-2025-del-zoo-de-amneville\/#breadcrumb","itemListElement":[{"@type":"ListItem","position":1,"name":"Home","item":"https:\/\/inlightfest.com\/es\/inicio\/"},{"@type":"ListItem","position":2,"name":"Un vibrante viaje por Am\u00e9rica Latina en el Festival de la Luz 2025 del Zoo de Amneville"}]},{"@type":"WebSite","@id":"https:\/\/inlightfest.com\/es\/#website","url":"https:\/\/inlightfest.com\/es\/","name":"InLight","description":"Light Up Your Imagination | The Original Lantern Festival Group","publisher":{"@id":"https:\/\/inlightfest.com\/es\/#organization"},"potentialAction":[{"@type":"SearchAction","target":{"@type":"EntryPoint","urlTemplate":"https:\/\/inlightfest.com\/es\/?s={search_term_string}"},"query-input":{"@type":"PropertyValueSpecification","valueRequired":true,"valueName":"search_term_string"}}],"inLanguage":"es"},{"@type":"Organization","@id":"https:\/\/inlightfest.com\/es\/#organization","name":"Zigong Lantern Culture Industry Group Co., Ltd","url":"https:\/\/inlightfest.com\/es\/","logo":{"@type":"ImageObject","inLanguage":"es","@id":"https:\/\/inlightfest.com\/es\/#\/schema\/logo\/image\/","url":"https:\/\/inlightfest.com\/wp-content\/uploads\/2025\/01\/inLight-Lockup2-on-blacktransparent-RGB.png","contentUrl":"https:\/\/inlightfest.com\/wp-content\/uploads\/2025\/01\/inLight-Lockup2-on-blacktransparent-RGB.png","width":3000,"height":991,"caption":"Zigong Lantern Culture Industry Group Co., Ltd"},"image":{"@id":"https:\/\/inlightfest.com\/es\/#\/schema\/logo\/image\/"}},{"@type":"Person","@id":"https:\/\/inlightfest.com\/es\/#\/schema\/person\/e184b3b310b016b32920d3e182bdc330","name":"Joy Lin \u6b22\u4e50\u6797","url":"https:\/\/inlightfest.com\/es\/author\/joyzgl\/"}]}},"_links":{"self":[{"href":"https:\/\/inlightfest.com\/es\/wp-json\/wp\/v2\/pages\/8201","targetHints":{"allow":["GET"]}}],"collection":[{"href":"https:\/\/inlightfest.com\/es\/wp-json\/wp\/v2\/pages"}],"about":[{"href":"https:\/\/inlightfest.com\/es\/wp-json\/wp\/v2\/types\/page"}],"author":[{"embeddable":true,"href":"https:\/\/inlightfest.com\/es\/wp-json\/wp\/v2\/users\/4"}],"replies":[{"embeddable":true,"href":"https:\/\/inlightfest.com\/es\/wp-json\/wp\/v2\/comments?post=8201"}],"version-history":[{"count":7,"href":"https:\/\/inlightfest.com\/es\/wp-json\/wp\/v2\/pages\/8201\/revisions"}],"predecessor-version":[{"id":8234,"href":"https:\/\/inlightfest.com\/es\/wp-json\/wp\/v2\/pages\/8201\/revisions\/8234"}],"up":[{"embeddable":true,"href":"https:\/\/inlightfest.com\/es\/wp-json\/wp\/v2\/pages\/5156"}],"wp:attachment":[{"href":"https:\/\/inlightfest.com\/es\/wp-json\/wp\/v2\/media?parent=8201"}],"curies":[{"name":"wp","href":"https:\/\/api.w.org\/{rel}","templated":true}]}}