{"id":4338,"date":"2024-12-20T07:11:23","date_gmt":"2024-12-19T23:11:23","guid":{"rendered":"https:\/\/inlightfest.com\/nuestros-eventos\/"},"modified":"2025-05-19T18:49:10","modified_gmt":"2025-05-19T18:49:10","slug":"nuestros-eventos","status":"publish","type":"page","link":"https:\/\/inlightfest.com\/es\/nuestros-eventos\/","title":{"rendered":"Nuestros eventos"},"content":{"rendered":"<p>[et_pb_section fb_built=&#8221;1&#8243; fullwidth=&#8221;on&#8221; disabled_on=&#8221;on|on|off&#8221; _builder_version=&#8221;4.27.3&#8243; _module_preset=&#8221;default&#8221; global_module=&#8221;92&#8243; saved_tabs=&#8221;all&#8221; global_colors_info=&#8221;{}&#8221;][et_pb_fullwidth_menu menu_id=&#8221;7&#8243; fullwidth_menu=&#8221;on&#8221; dropdown_menu_line_color=&#8221;RGBA(255,255,255,0)&#8221; logo_width=&#8221;100%&#8221; _builder_version=&#8221;4.27.3&#8243; _module_preset=&#8221;default&#8221; menu_font=&#8221;|700|||||||&#8221; text_orientation=&#8221;right&#8221; width=&#8221;95%&#8221; max_width=&#8221;100%&#8221; custom_margin=&#8221;-5px||0px||false|false&#8221; custom_css_dropdown_links=&#8221;padding-right:50px;||line-height: 1.5em;||padding-bottom:5%;&#8221; global_colors_info=&#8221;{}&#8221;][\/et_pb_fullwidth_menu][\/et_pb_section][et_pb_section fb_built=&#8221;1&#8243; _builder_version=&#8221;4.27.3&#8243; _module_preset=&#8221;default&#8221; use_background_color_gradient=&#8221;on&#8221; background_color_gradient_direction=&#8221;100deg&#8221; background_color_gradient_stops=&#8221;#003751 0%|#00aead 30%|#c1198b 60%|#ee5d9e 100%&#8221; custom_padding=&#8221;0px||14px|||&#8221; custom_css_main_element=&#8221;max-height:20px !important;&#8221; global_module=&#8221;198&#8243; saved_tabs=&#8221;all&#8221; global_colors_info=&#8221;{}&#8221;][\/et_pb_section][et_pb_section fb_built=&#8221;1&#8243; _builder_version=&#8221;4.27.3&#8243; _module_preset=&#8221;default&#8221; background_video_mp4=&#8221;https:\/\/inlightfest.com\/wp-content\/uploads\/2024\/12\/InLight-Temp_banner_video.mp4&#8243; global_module=&#8221;207&#8243; global_colors_info=&#8221;{}&#8221;][et_pb_row _builder_version=&#8221;4.27.3&#8243; _module_preset=&#8221;default&#8221; custom_padding=&#8221;||19px|||&#8221; global_colors_info=&#8221;{}&#8221;][et_pb_column type=&#8221;4_4&#8243; _builder_version=&#8221;4.27.3&#8243; _module_preset=&#8221;default&#8221; global_colors_info=&#8221;{}&#8221;][et_pb_post_title meta=&#8221;off&#8221; featured_image=&#8221;off&#8221; text_color=&#8221;light&#8221; _builder_version=&#8221;4.27.3&#8243; _module_preset=&#8221;default&#8221; text_orientation=&#8221;right&#8221; global_colors_info=&#8221;{}&#8221;][\/et_pb_post_title][\/et_pb_column][\/et_pb_row][\/et_pb_section][et_pb_section fb_built=&#8221;1&#8243; _builder_version=&#8221;4.27.3&#8243; _module_preset=&#8221;default&#8221; global_colors_info=&#8221;{}&#8221;][et_pb_row column_structure=&#8221;2_5,3_5&#8243; make_equal=&#8221;on&#8221; _builder_version=&#8221;4.27.3&#8243; _module_preset=&#8221;default&#8221; width=&#8221;50%&#8221; width_tablet=&#8221;75%&#8221; width_phone=&#8221;75%&#8221; width_last_edited=&#8221;on|phone&#8221; global_colors_info=&#8221;{}&#8221;][et_pb_column type=&#8221;2_5&#8243; _builder_version=&#8221;4.27.3&#8243; _module_preset=&#8221;default&#8221; custom_css_main_element=&#8221;margin:auto;&#8221; global_colors_info=&#8221;{}&#8221;][et_pb_image src=&#8221;https:\/\/inlightfest.com\/wp-content\/uploads\/2024\/12\/dublin-zoo.png&#8221; title_text=&#8221;dublin-zoo&#8221; _builder_version=&#8221;4.27.3&#8243; _module_preset=&#8221;default&#8221; width_tablet=&#8221;75%&#8221; width_phone=&#8221;90%&#8221; width_last_edited=&#8221;on|phone&#8221; module_alignment=&#8221;center&#8221; custom_margin_tablet=&#8221;||35px||false|false&#8221; custom_margin_phone=&#8221;||35px||false|false&#8221; custom_margin_last_edited=&#8221;on|tablet&#8221; global_colors_info=&#8221;{}&#8221;][\/et_pb_image][\/et_pb_column][et_pb_column type=&#8221;3_5&#8243; _builder_version=&#8221;4.27.3&#8243; _module_preset=&#8221;default&#8221; custom_css_main_element=&#8221;margin:auto;&#8221; global_colors_info=&#8221;{}&#8221;][et_pb_text _builder_version=&#8221;4.27.3&#8243; _module_preset=&#8221;default&#8221; global_colors_info=&#8221;{}&#8221;]<\/p>\n<h4 role=\"heading\" aria-level=\"4\" data-ux=\"ContentHeading\" data-aid=\"CONTENT_HEADLINE1_RENDERED\" data-typography=\"HeadingDelta\" class=\"x-el x-el-h4 c1-1 c1-2 c1-1b c1-1c c1-b5 c1-34 c1-35 c1-1e c1-1f c1-b c1-b6 c1-c c1-5x c1-d c1-e c1-f c1-g\">ZOO DE DUBL\u00cdN 2019 &#8211; HISTORIAS, MITOS Y LEYENDAS<\/h4>\n<div data-ux=\"ContentText\" alignment=\"left\" data-aid=\"CONTENT_DESCRIPTION1_RENDERED\" data-typography=\"BodyAlpha\" class=\"x-el c1-1 c1-2 c1-1b c1-1c c1-1d c1-1e c1-1f c1-b7 c1-b8 c1-b9 c1-ba c1-bb c1-bc c1-bd c1-be c1-bf c1-bg c1-bh c1-bi c1-bj c1-bk c1-bl c1-bm c1-bn c1-bo c1-bp c1-bq c1-br c1-bs c1-bt c1-bu c1-bv c1-bw c1-bx c1-by c1-32 c1-b c1-bz c1-c c1-1i c1-d c1-e c1-f c1-g x-rt\">\n<p><span>Los actos navide\u00f1os de 2019 incluyeron escenas m\u00e1gicas de cuentos muy conocidos, desde El Mago de Oz, Las Aventuras de Alicia en el Pa\u00eds de las Maravillas, Peter Pan y El Libro de la Selva&#8230; hasta las canciones infantiles m\u00e1s queridas y personajes de la mitolog\u00eda irlandesa, todos ellos animados por deslumbrantes y coloridas linternas de seda gigantes durante el espect\u00e1culo navide\u00f1o.<\/span><span><\/span><\/p>\n<p><span>-Del 3er Festival del Zoo de Dubl\u00edn<\/span><\/p>\n<\/div>\n<p>[\/et_pb_text][\/et_pb_column][\/et_pb_row][et_pb_row _builder_version=&#8221;4.27.3&#8243; _module_preset=&#8221;default&#8221; custom_padding=&#8221;22px||0px|||&#8221; global_colors_info=&#8221;{}&#8221;][et_pb_column type=&#8221;4_4&#8243; _builder_version=&#8221;4.27.3&#8243; _module_preset=&#8221;default&#8221; global_colors_info=&#8221;{}&#8221;][et_pb_divider color=&#8221;#000000&#8243; _builder_version=&#8221;4.27.3&#8243; _module_preset=&#8221;default&#8221; width=&#8221;75%&#8221; module_alignment=&#8221;center&#8221; global_colors_info=&#8221;{}&#8221;][\/et_pb_divider][\/et_pb_column][\/et_pb_row][et_pb_row column_structure=&#8221;2_5,3_5&#8243; make_equal=&#8221;on&#8221; _builder_version=&#8221;4.27.3&#8243; _module_preset=&#8221;default&#8221; width=&#8221;50%&#8221; width_tablet=&#8221;75%&#8221; width_phone=&#8221;75%&#8221; width_last_edited=&#8221;on|phone&#8221; global_colors_info=&#8221;{}&#8221;][et_pb_column type=&#8221;2_5&#8243; _builder_version=&#8221;4.27.3&#8243; _module_preset=&#8221;default&#8221; custom_css_main_element=&#8221;margin:auto;&#8221; global_colors_info=&#8221;{}&#8221;][et_pb_image src=&#8221;https:\/\/inlightfest.com\/wp-content\/uploads\/2024\/12\/LONGLEAT.png&#8221; title_text=&#8221;LONGLEAT&#8221; _builder_version=&#8221;4.27.3&#8243; _module_preset=&#8221;default&#8221; width_tablet=&#8221;75%&#8221; width_phone=&#8221;90%&#8221; width_last_edited=&#8221;on|tablet&#8221; module_alignment=&#8221;center&#8221; custom_margin_tablet=&#8221;||35px||false|false&#8221; custom_margin_phone=&#8221;||35px||false|false&#8221; custom_margin_last_edited=&#8221;on|tablet&#8221; global_colors_info=&#8221;{}&#8221;][\/et_pb_image][\/et_pb_column][et_pb_column type=&#8221;3_5&#8243; _builder_version=&#8221;4.27.3&#8243; _module_preset=&#8221;default&#8221; custom_css_main_element=&#8221;margin:auto;&#8221; global_colors_info=&#8221;{}&#8221;][et_pb_text _builder_version=&#8221;4.27.3&#8243; _module_preset=&#8221;default&#8221; global_colors_info=&#8221;{}&#8221;]<\/p>\n<h4 role=\"heading\" aria-level=\"4\" data-ux=\"ContentHeading\" data-aid=\"CONTENT_HEADLINE1_RENDERED\" data-typography=\"HeadingDelta\" class=\"x-el x-el-h4 c1-1 c1-2 c1-1b c1-1c c1-b5 c1-34 c1-35 c1-1e c1-1f c1-b c1-6j c1-c c1-5x c1-d c1-e c1-f c1-g\">LONGLEAT 2019- FESTIVAL DE LA LUZ &#8211; MITOS Y LEYENDAS<\/h4>\n<div data-ux=\"ContentText\" alignment=\"left\" data-aid=\"CONTENT_DESCRIPTION1_RENDERED\" data-typography=\"BodyAlpha\" class=\"x-el c1-1 c1-2 c1-1b c1-1c c1-1d c1-1e c1-1f c1-b7 c1-b8 c1-b9 c1-ba c1-bb c1-bc c1-bd c1-be c1-bf c1-bg c1-bh c1-bi c1-bj c1-bk c1-bl c1-bm c1-bn c1-bo c1-bp c1-bq c1-br c1-bs c1-bt c1-bu c1-bv c1-bw c1-bx c1-by c1-32 c1-b c1-39 c1-c c1-1i c1-d c1-e c1-f c1-g x-rt\">\n<p><span>Mitos y Leyendas -2019 con extraordinarias criaturas y antiguas deidades de la mitolog\u00eda griega. Con m\u00e1s de 3.000 linternas, el magn\u00edfico Parten\u00f3n griego atrae a los visitantes a este mundo m\u00e1gico y da vida a este mundo de iluminaci\u00f3n. <\/span><\/p>\n<p><span>El Pa\u00eds de los Dioses, alberga a Zeus, Poseid\u00f3n, Afrodita, Medusa y Perseo, antes de asestar el golpe fatal. \u00a1El jard\u00edn de los Monstruos M\u00edticos incluye al Minotauro en su laberinto, el Inframundo volc\u00e1nico, con Hades y Pers\u00e9fone, el sabueso infernal de tres cabezas Cerbero y H\u00e9rcules luchando contra la hidra! <\/span><span><\/span><\/p>\n<p><span>-Del 6\u00ba Festival de Longleat<\/span><\/p>\n<\/div>\n<p>[\/et_pb_text][\/et_pb_column][\/et_pb_row][et_pb_row _builder_version=&#8221;4.27.3&#8243; _module_preset=&#8221;default&#8221; custom_padding=&#8221;22px||0px|||&#8221; global_colors_info=&#8221;{}&#8221;][et_pb_column type=&#8221;4_4&#8243; _builder_version=&#8221;4.27.3&#8243; _module_preset=&#8221;default&#8221; global_colors_info=&#8221;{}&#8221;][et_pb_divider color=&#8221;#000000&#8243; _builder_version=&#8221;4.27.3&#8243; _module_preset=&#8221;default&#8221; width=&#8221;75%&#8221; module_alignment=&#8221;center&#8221; global_colors_info=&#8221;{}&#8221;][\/et_pb_divider][\/et_pb_column][\/et_pb_row][et_pb_row column_structure=&#8221;2_5,3_5&#8243; make_equal=&#8221;on&#8221; _builder_version=&#8221;4.27.3&#8243; _module_preset=&#8221;default&#8221; width=&#8221;50%&#8221; width_tablet=&#8221;75%&#8221; width_phone=&#8221;75%&#8221; width_last_edited=&#8221;on|phone&#8221; global_colors_info=&#8221;{}&#8221;][et_pb_column type=&#8221;2_5&#8243; _builder_version=&#8221;4.27.3&#8243; _module_preset=&#8221;default&#8221; custom_css_main_element=&#8221;margin:auto;&#8221; global_colors_info=&#8221;{}&#8221;][et_pb_image src=&#8221;https:\/\/inlightfest.com\/wp-content\/uploads\/2024\/12\/Feerie-de-Chine-2019.png&#8221; title_text=&#8221;Feerie-de-Chine-2019&#8243; _builder_version=&#8221;4.27.3&#8243; _module_preset=&#8221;default&#8221; width_tablet=&#8221;75%&#8221; width_phone=&#8221;90%&#8221; width_last_edited=&#8221;on|phone&#8221; module_alignment=&#8221;center&#8221; custom_margin_tablet=&#8221;||35px||false|false&#8221; custom_margin_phone=&#8221;||35px||false|false&#8221; custom_margin_last_edited=&#8221;on|tablet&#8221; global_colors_info=&#8221;{}&#8221;][\/et_pb_image][\/et_pb_column][et_pb_column type=&#8221;3_5&#8243; _builder_version=&#8221;4.27.3&#8243; _module_preset=&#8221;default&#8221; custom_css_main_element=&#8221;margin:auto;&#8221; global_colors_info=&#8221;{}&#8221;][et_pb_text _builder_version=&#8221;4.27.3&#8243; _module_preset=&#8221;default&#8221; global_colors_info=&#8221;{}&#8221;]<\/p>\n<h4 role=\"heading\" aria-level=\"4\" data-ux=\"ContentHeading\" data-aid=\"CONTENT_HEADLINE1_RENDERED\" data-typography=\"HeadingDelta\" class=\"x-el x-el-h4 c1-1 c1-2 c1-1b c1-1c c1-b5 c1-34 c1-35 c1-1e c1-1f c1-b c1-b6 c1-c c1-5x c1-d c1-e c1-f c1-g\">F\u00e9\u00e9rie de Chine 2019- Festival de Farolillos de Gaillac<\/h4>\n<div data-ux=\"ContentText\" alignment=\"left\" data-aid=\"CONTENT_DESCRIPTION1_RENDERED\" data-typography=\"BodyAlpha\" class=\"x-el c1-1 c1-2 c1-1b c1-1c c1-1d c1-1e c1-1f c1-b7 c1-b8 c1-b9 c1-ba c1-bb c1-bc c1-bd c1-be c1-bf c1-bg c1-bh c1-bi c1-bj c1-bk c1-bl c1-bm c1-bn c1-bo c1-bp c1-bq c1-br c1-bs c1-bt c1-bu c1-bv c1-bw c1-bx c1-by c1-32 c1-b c1-bz c1-c c1-1i c1-d c1-e c1-f c1-g x-rt\">\n<p><span>Con 430.000 visitantes durante su 3\u00aa edici\u00f3n en Navidad (del 1 de diciembre de 2019 al 31 de enero de 2020), el Festival de los Faroles de Gaillac, en el Tarn, es el mayor acontecimiento cultural chino presentado en Francia. Una ciudad de luz de casi 5 hect\u00e1reas en un parque hist\u00f3rico que ya ha maravillado a m\u00e1s de 1 mill\u00f3n de visitantes. <\/span><span><\/span><\/p>\n<p><span>&#8211; Del 3er Festival de Gaillac  <\/span><\/p>\n<\/div>\n<p>[\/et_pb_text][\/et_pb_column][\/et_pb_row][et_pb_row _builder_version=&#8221;4.27.3&#8243; _module_preset=&#8221;default&#8221; width=&#8221;50%&#8221; width_tablet=&#8221;75%&#8221; width_phone=&#8221;75%&#8221; width_last_edited=&#8221;on|phone&#8221; global_colors_info=&#8221;{}&#8221;][et_pb_column type=&#8221;4_4&#8243; _builder_version=&#8221;4.27.3&#8243; _module_preset=&#8221;default&#8221; global_colors_info=&#8221;{}&#8221;][et_pb_button button_url=&#8221;https:\/\/inlightfest.com\/our-events-2\/&#8221; button_text=&#8221;Todos nuestros eventos&#8221; button_alignment=&#8221;right&#8221; button_alignment_tablet=&#8221;center&#8221; button_alignment_phone=&#8221;center&#8221; button_alignment_last_edited=&#8221;on|tablet&#8221; module_class=&#8221;pa-inline-buttons&#8221; _builder_version=&#8221;4.27.3&#8243; _module_preset=&#8221;default&#8221; custom_padding=&#8221;3.3%||3.3%||false|false&#8221; global_colors_info=&#8221;{}&#8221;][\/et_pb_button][\/et_pb_column][\/et_pb_row][et_pb_row _builder_version=&#8221;4.27.3&#8243; _module_preset=&#8221;default&#8221; custom_padding=&#8221;22px||0px|||&#8221; global_colors_info=&#8221;{}&#8221;][et_pb_column type=&#8221;4_4&#8243; _builder_version=&#8221;4.27.3&#8243; _module_preset=&#8221;default&#8221; global_colors_info=&#8221;{}&#8221;][et_pb_divider color=&#8221;#000000&#8243; _builder_version=&#8221;4.27.3&#8243; _module_preset=&#8221;default&#8221; width=&#8221;75%&#8221; module_alignment=&#8221;center&#8221; global_colors_info=&#8221;{}&#8221;][\/et_pb_divider][\/et_pb_column][\/et_pb_row][et_pb_row _builder_version=&#8221;4.27.3&#8243; _module_preset=&#8221;default&#8221; width=&#8221;50%&#8221; width_tablet=&#8221;75%&#8221; width_phone=&#8221;75%&#8221; width_last_edited=&#8221;on|phone&#8221; global_colors_info=&#8221;{}&#8221;][et_pb_column type=&#8221;4_4&#8243; _builder_version=&#8221;4.27.3&#8243; _module_preset=&#8221;default&#8221; global_colors_info=&#8221;{}&#8221;][et_pb_text _builder_version=&#8221;4.27.3&#8243; _module_preset=&#8221;default&#8221; hover_enabled=&#8221;0&#8243; global_colors_info=&#8221;{}&#8221; sticky_enabled=&#8221;0&#8243;]<\/p>\n<p class=\"mb-2 last:mb-0\">InLight Festival Group es famoso por producir algunos de los festivales de linternas m\u00e1s espectaculares del mundo. Nuestros eventos son una celebraci\u00f3n de la luz, la cultura y la creatividad, dise\u00f1ados para cautivar e inspirar a p\u00fablicos de todas las edades. He aqu\u00ed c\u00f3mo damos vida a estas experiencias m\u00e1gicas:  <\/p>\n<p class=\"mb-2 last:mb-0\"><strong>Planificaci\u00f3n y Conceptualizaci\u00f3n<\/strong><br \/>Cada festival comienza con una visi\u00f3n. Nuestro equipo colabora con socios locales y expertos culturales para desarrollar temas y conceptos \u00fanicos que resuenen en la comunidad. Esta cuidadosa planificaci\u00f3n garantiza que cada acto sea significativo y memorable.  <\/p>\n<p class=\"mb-2 last:mb-0\"><strong>Excelencia art\u00edstica e innovaci\u00f3n<\/strong><br \/>Nuestros festivales muestran la excelencia art\u00edstica, con impresionantes pantallas de linternas LED que combinan la artesan\u00eda tradicional con la tecnolog\u00eda moderna. Innovamos constantemente, superando los l\u00edmites del dise\u00f1o para crear experiencias visuales asombrosas. <\/p>\n<p class=\"mb-2 last:mb-0\"><strong>Producci\u00f3n y ejecuci\u00f3n sin fisuras<\/strong><br \/>Desde la log\u00edstica hasta la instalaci\u00f3n, nuestro experimentado equipo gestiona todos los aspectos de la producci\u00f3n del festival. Nos aseguramos de que cada evento se ejecute a la perfecci\u00f3n, proporcionando una experiencia sin fisuras tanto a nuestros socios como a los visitantes. <\/p>\n<p class=\"mb-2 last:mb-0\"><strong>Compromiso Comunitario y Celebraci\u00f3n Cultural<\/strong><br \/>Nuestros festivales son algo m\u00e1s que espect\u00e1culos visuales: son plataformas para el intercambio cultural y el compromiso comunitario. Celebramos la diversidad y fomentamos las conexiones mediante instalaciones interactivas y experiencias de luz impulsadas por la comunidad. <\/p>\n<p class=\"mb-2 last:mb-0\"><strong>Sostenibilidad y Responsabilidad Medioambiental<\/strong><br \/>Estamos comprometidos con la sostenibilidad, utilizando materiales y pr\u00e1cticas ecol\u00f3gicos en todos nuestros eventos. Nuestra dedicaci\u00f3n a la responsabilidad medioambiental garantiza que nuestros festivales no s\u00f3lo deslumbren, sino que tambi\u00e9n dejen un impacto positivo en las comunidades a las que servimos. <\/p>\n<p class=\"mb-2 last:mb-0\">\u00danete a nosotros en un Festival InLight y experimenta la magia de la luz y la cultura como nunca antes. Descubre por qu\u00e9 nuestros eventos son apreciados por millones de personas en todo el mundo. <\/p>\n<p>[\/et_pb_text][\/et_pb_column][\/et_pb_row][et_pb_row disabled_on=&#8221;off|off|off&#8221; _builder_version=&#8221;4.27.3&#8243; _module_preset=&#8221;default&#8221; width=&#8221;50%&#8221; module_alignment=&#8221;center&#8221; global_colors_info=&#8221;{}&#8221;][et_pb_column type=&#8221;4_4&#8243; _builder_version=&#8221;4.27.3&#8243; _module_preset=&#8221;default&#8221; global_colors_info=&#8221;{}&#8221;][et_pb_button button_url=&#8221;https:\/\/inlightfest.com\/products-and-services\/&#8221; button_text=&#8221;Productos y servicios&#8221; button_alignment=&#8221;right&#8221; button_alignment_tablet=&#8221;center&#8221; button_alignment_phone=&#8221;center&#8221; button_alignment_last_edited=&#8221;on|tablet&#8221; module_class=&#8221;pa-inline-buttons&#8221; _builder_version=&#8221;4.27.3&#8243; _module_preset=&#8221;default&#8221; custom_padding=&#8221;3.3%||3.3%||false|false&#8221; global_colors_info=&#8221;{}&#8221;][\/et_pb_button][\/et_pb_column][\/et_pb_row][\/et_pb_section][et_pb_section fb_built=&#8221;1&#8243; _builder_version=&#8221;4.27.3&#8243; _module_preset=&#8221;default&#8221; background_color=&#8221;#000000&#8243; custom_padding=&#8221;20px||20px||false|false&#8221; global_module=&#8221;66&#8243; saved_tabs=&#8221;all&#8221; global_colors_info=&#8221;{}&#8221;][et_pb_row column_structure=&#8221;1_4,1_4,1_2&#8243; _builder_version=&#8221;4.27.3&#8243; _module_preset=&#8221;default&#8221; custom_padding=&#8221;0px||0px|||&#8221; global_colors_info=&#8221;{}&#8221;][et_pb_column type=&#8221;1_4&#8243; _builder_version=&#8221;4.27.3&#8243; _module_preset=&#8221;default&#8221; global_colors_info=&#8221;{}&#8221;][et_pb_text _builder_version=&#8221;4.27.3&#8243; _module_preset=&#8221;default&#8221; text_text_color=&#8221;#FFFFFF&#8221; text_font_size=&#8221;12px&#8221; text_line_height=&#8221;1.6em&#8221; global_colors_info=&#8221;{}&#8221;]<\/p>\n<p><span><a href=\"https:\/\/inlightfest.com\/?lang=es\">INICIO<\/a><br \/><a href=\"https:\/\/inlightfest.com\/quienes-somos\/?lang=es\">SOBRE NOSOTROS<\/a><br \/><a href=\"https:\/\/inlightfest.com\/what-we-do\/\">QU\u00c9 HACEMOS<\/a><br \/><a href=\"https:\/\/inlightfest.com\/products-and-services\/\">PRODUCTOS Y SERVICIOS<\/a><br \/>&#8211; <a href=\"https:\/\/inlightfest.com\/world-class-festivals\/\">FIESTAS TRADICIONALES LANTURNAS<\/a><br \/>&#8211; <a href=\"https:\/\/inlightfest.com\/special-designs-with-ip-approval\/\">DISE\u00d1OS ESPECIALES CON APROBACI\u00d3N IP<\/a><br \/>&#8211; <a href=\"https:\/\/inlightfest.com\/interactive-and-laser-shows\/\">ESPECT\u00c1CULOS INTERACTIVOS Y L\u00c1SER<\/a><br \/>&#8211; <a href=\"https:\/\/inlightfest.com\/landscaping-and-light-sculptures\/\">PAISAJISMO Y ESCULTURAS DE LUZ<\/a><br \/>&#8211; <a href=\"https:\/\/inlightfest.com\/animatronic-models\/\">MODELOS ANIMATR\u00d3NICOS<\/a><br \/><\/span><br \/><span><\/span><\/p>\n<p>[\/et_pb_text][\/et_pb_column][et_pb_column type=&#8221;1_4&#8243; _builder_version=&#8221;4.27.3&#8243; _module_preset=&#8221;default&#8221; global_colors_info=&#8221;{}&#8221;][et_pb_text _builder_version=&#8221;4.27.3&#8243; _module_preset=&#8221;default&#8221; text_text_color=&#8221;#FFFFFF&#8221; text_font_size=&#8221;12px&#8221; text_line_height=&#8221;1.6em&#8221; global_colors_info=&#8221;{}&#8221;]<\/p>\n<p><span><a href=\"https:\/\/inlightfest.com\/nuestros-eventos\/?lang=es\">NUESTROS EVENTOS<\/a><br \/>&#8211; <a href=\"https:\/\/inlightfest.com\/customized-festivals-and-lights\/\">FESTIVALES Y LUCES PERSONALIZADOS<\/a><br \/>&#8211; <a href=\"https:\/\/inlightfest.com\/unique-full-service-solutions\/\">SOLUCIONES \u00daNICAS DE SERVICIO COMPLETO<\/a><br \/>&#8211; <a href=\"https:\/\/inlightfest.com\/on-site-visits\/\">VISITAS IN SITU<\/a><br \/>&#8211; <a href=\"https:\/\/inlightfest.com\/festival-design-and-management\/\">DISE\u00d1O Y GESTI\u00d3N DE FESTIVALES<\/a><br \/>&#8211; <a href=\"https:\/\/inlightfest.com\/health-and-safety\/\">SALUD Y SEGURIDAD<\/a><br \/>&#8211; <a href=\"https:\/\/inlightfest.com\/?page_id=242\">APOYO DE MARKETING<\/a><br \/><a href=\"https:\/\/inlightfest.com\/awards\/\">PREMIOS<\/a><br \/><a href=\"https:\/\/inlightfest.com\/galeria\/?lang=es\">GALER\u00cdA<\/a><br \/><a href=\"https:\/\/inlightfest.com\/contact\/\">CONTACTO<\/a><\/span><\/p>\n<p>[\/et_pb_text][\/et_pb_column][et_pb_column type=&#8221;1_2&#8243; _builder_version=&#8221;4.27.3&#8243; _module_preset=&#8221;default&#8221; global_colors_info=&#8221;{}&#8221;][et_pb_button button_url=&#8221;https:\/\/inlightfest.com\/contact\/&#8221; button_text=&#8221;SOLICITAR INFORMACI\u00d3N&#8221; button_alignment=&#8221;right&#8221; module_class=&#8221;requestbttn&#8221; _builder_version=&#8221;4.27.3&#8243; _module_preset=&#8221;default&#8221; custom_margin=&#8221;-20px||||false|false&#8221; custom_padding=&#8221;3.3%||3.3%||false|false&#8221; global_colors_info=&#8221;{}&#8221;][\/et_pb_button][et_pb_image src=&#8221;https:\/\/inlightfest.com\/wp-content\/uploads\/2025\/01\/inLight-Lockup2-on-blacktransparent-RGB.png&#8221; title_text=&#8221;inLight-Lockup2-en-negro(transparente)-RGB&#8221; module_class=&#8221;footerlogo&#8221; _builder_version=&#8221;4.27.3&#8243; _module_preset=&#8221;default&#8221; width=&#8221;43%&#8221; module_alignment=&#8221;right&#8221; custom_margin=&#8221;64px||||false|false&#8221; global_colors_info=&#8221;{}&#8221;][\/et_pb_image][\/et_pb_column][\/et_pb_row][et_pb_row _builder_version=&#8221;4.27.3&#8243; _module_preset=&#8221;default&#8221; global_colors_info=&#8221;{}&#8221;][et_pb_column type=&#8221;4_4&#8243; _builder_version=&#8221;4.27.3&#8243; _module_preset=&#8221;default&#8221; global_colors_info=&#8221;{}&#8221;][et_pb_text _builder_version=&#8221;4.27.3&#8243; _module_preset=&#8221;default&#8221; text_text_color=&#8221;#FFFFFF&#8221; text_font_size=&#8221;12px&#8221; global_colors_info=&#8221;{}&#8221;]<\/p>\n<p><span>\u00a92024 InLight Festival Group | <a href=\"https:\/\/inlightfest.com\/privacy-policy\/\">Pol\u00edtica de privacidad<\/a> | <a href=\"https:\/\/inlightfest.com\/terms-of-use\/\">Condiciones de uso<\/a> | Sitio web de <a href=\"https:\/\/torontocreatives.com\">TC<\/a><\/span><\/p>\n<p>[\/et_pb_text][\/et_pb_column][\/et_pb_row][\/et_pb_section]<\/p>\n","protected":false},"excerpt":{"rendered":"<p>ZOO DE DUBL\u00cdN 2019 &#8211; HISTORIAS, MITOS Y LEYENDAS Los actos navide\u00f1os de 2019 incluyeron escenas m\u00e1gicas de cuentos muy conocidos, desde El Mago de Oz, Las Aventuras de Alicia en el Pa\u00eds de las Maravillas, Peter Pan y El Libro de la Selva&#8230; hasta las canciones infantiles m\u00e1s queridas y personajes de la mitolog\u00eda [&hellip;]<\/p>\n","protected":false},"author":2,"featured_media":0,"parent":0,"menu_order":0,"comment_status":"closed","ping_status":"closed","template":"","meta":{"_et_pb_use_builder":"on","_et_pb_old_content":"","_et_gb_content_width":"","_joinchat":[],"footnotes":""},"class_list":["post-4338","page","type-page","status-publish","hentry"],"yoast_head":"<!-- This site is optimized with the Yoast SEO plugin v27.4 - https:\/\/yoast.com\/product\/yoast-seo-wordpress\/ -->\n<title>Nuestros eventos - InLight<\/title>\n<meta name=\"robots\" content=\"index, follow, max-snippet:-1, max-image-preview:large, max-video-preview:-1\" \/>\n<link rel=\"canonical\" href=\"https:\/\/inlightfest.com\/es\/nuestros-eventos\/\" \/>\n<meta property=\"og:locale\" content=\"es_ES\" \/>\n<meta property=\"og:type\" content=\"article\" \/>\n<meta property=\"og:title\" content=\"Nuestros eventos - InLight\" \/>\n<meta property=\"og:description\" content=\"ZOO DE DUBL\u00cdN 2019 - HISTORIAS, MITOS Y LEYENDAS Los actos navide\u00f1os de 2019 incluyeron escenas m\u00e1gicas de cuentos muy conocidos, desde El Mago de Oz, Las Aventuras de Alicia en el Pa\u00eds de las Maravillas, Peter Pan y El Libro de la Selva... hasta las canciones infantiles m\u00e1s queridas y personajes de la mitolog\u00eda [&hellip;]\" \/>\n<meta property=\"og:url\" content=\"https:\/\/inlightfest.com\/es\/nuestros-eventos\/\" \/>\n<meta property=\"og:site_name\" content=\"InLight\" \/>\n<meta property=\"article:modified_time\" content=\"2025-05-19T18:49:10+00:00\" \/>\n<meta name=\"twitter:card\" content=\"summary_large_image\" \/>\n<meta name=\"twitter:label1\" content=\"Tiempo de lectura\" \/>\n\t<meta name=\"twitter:data1\" content=\"10 minutos\" \/>\n<script type=\"application\/ld+json\" class=\"yoast-schema-graph\">{\"@context\":\"https:\\\/\\\/schema.org\",\"@graph\":[{\"@type\":[\"Article\",\"BlogPosting\"],\"@id\":\"https:\\\/\\\/inlightfest.com\\\/es\\\/nuestros-eventos\\\/#article\",\"isPartOf\":{\"@id\":\"https:\\\/\\\/inlightfest.com\\\/es\\\/nuestros-eventos\\\/\"},\"author\":{\"name\":\"inlightadmin\",\"@id\":\"https:\\\/\\\/inlightfest.com\\\/es\\\/#\\\/schema\\\/person\\\/fc15f22cc959ee49cfed62825e7d4d5a\"},\"headline\":\"Nuestros eventos\",\"datePublished\":\"2024-12-19T23:11:23+00:00\",\"dateModified\":\"2025-05-19T18:49:10+00:00\",\"mainEntityOfPage\":{\"@id\":\"https:\\\/\\\/inlightfest.com\\\/es\\\/nuestros-eventos\\\/\"},\"wordCount\":2017,\"publisher\":{\"@id\":\"https:\\\/\\\/inlightfest.com\\\/es\\\/#organization\"},\"inLanguage\":\"es\"},{\"@type\":[\"WebPage\",\"ItemPage\"],\"@id\":\"https:\\\/\\\/inlightfest.com\\\/es\\\/nuestros-eventos\\\/\",\"url\":\"https:\\\/\\\/inlightfest.com\\\/es\\\/nuestros-eventos\\\/\",\"name\":\"Nuestros eventos - InLight\",\"isPartOf\":{\"@id\":\"https:\\\/\\\/inlightfest.com\\\/es\\\/#website\"},\"datePublished\":\"2024-12-19T23:11:23+00:00\",\"dateModified\":\"2025-05-19T18:49:10+00:00\",\"breadcrumb\":{\"@id\":\"https:\\\/\\\/inlightfest.com\\\/es\\\/nuestros-eventos\\\/#breadcrumb\"},\"inLanguage\":\"es\",\"potentialAction\":[{\"@type\":\"ReadAction\",\"target\":[\"https:\\\/\\\/inlightfest.com\\\/es\\\/nuestros-eventos\\\/\"]}]},{\"@type\":\"BreadcrumbList\",\"@id\":\"https:\\\/\\\/inlightfest.com\\\/es\\\/nuestros-eventos\\\/#breadcrumb\",\"itemListElement\":[{\"@type\":\"ListItem\",\"position\":1,\"name\":\"Home\",\"item\":\"https:\\\/\\\/inlightfest.com\\\/es\\\/inicio\\\/\"},{\"@type\":\"ListItem\",\"position\":2,\"name\":\"Nuestros eventos\"}]},{\"@type\":\"WebSite\",\"@id\":\"https:\\\/\\\/inlightfest.com\\\/es\\\/#website\",\"url\":\"https:\\\/\\\/inlightfest.com\\\/es\\\/\",\"name\":\"InLight\",\"description\":\"Light Up Your Imagination | The Original Lantern Festival Group\",\"publisher\":{\"@id\":\"https:\\\/\\\/inlightfest.com\\\/es\\\/#organization\"},\"potentialAction\":[{\"@type\":\"SearchAction\",\"target\":{\"@type\":\"EntryPoint\",\"urlTemplate\":\"https:\\\/\\\/inlightfest.com\\\/es\\\/?s={search_term_string}\"},\"query-input\":{\"@type\":\"PropertyValueSpecification\",\"valueRequired\":true,\"valueName\":\"search_term_string\"}}],\"inLanguage\":\"es\"},{\"@type\":\"Organization\",\"@id\":\"https:\\\/\\\/inlightfest.com\\\/es\\\/#organization\",\"name\":\"Zigong Lantern Culture Industry Group Co., Ltd\",\"url\":\"https:\\\/\\\/inlightfest.com\\\/es\\\/\",\"logo\":{\"@type\":\"ImageObject\",\"inLanguage\":\"es\",\"@id\":\"https:\\\/\\\/inlightfest.com\\\/es\\\/#\\\/schema\\\/logo\\\/image\\\/\",\"url\":\"https:\\\/\\\/inlightfest.com\\\/wp-content\\\/uploads\\\/2025\\\/01\\\/inLight-Lockup2-on-blacktransparent-RGB.png\",\"contentUrl\":\"https:\\\/\\\/inlightfest.com\\\/wp-content\\\/uploads\\\/2025\\\/01\\\/inLight-Lockup2-on-blacktransparent-RGB.png\",\"width\":3000,\"height\":991,\"caption\":\"Zigong Lantern Culture Industry Group Co., Ltd\"},\"image\":{\"@id\":\"https:\\\/\\\/inlightfest.com\\\/es\\\/#\\\/schema\\\/logo\\\/image\\\/\"}},{\"@type\":\"Person\",\"@id\":\"https:\\\/\\\/inlightfest.com\\\/es\\\/#\\\/schema\\\/person\\\/fc15f22cc959ee49cfed62825e7d4d5a\",\"name\":\"inlightadmin\",\"sameAs\":[\"https:\\\/\\\/inlightfest.com\"],\"url\":\"https:\\\/\\\/inlightfest.com\\\/es\\\/author\\\/inlightadmin\\\/\"}]}<\/script>\n<!-- \/ Yoast SEO plugin. -->","yoast_head_json":{"title":"Nuestros eventos - InLight","robots":{"index":"index","follow":"follow","max-snippet":"max-snippet:-1","max-image-preview":"max-image-preview:large","max-video-preview":"max-video-preview:-1"},"canonical":"https:\/\/inlightfest.com\/es\/nuestros-eventos\/","og_locale":"es_ES","og_type":"article","og_title":"Nuestros eventos - InLight","og_description":"ZOO DE DUBL\u00cdN 2019 - HISTORIAS, MITOS Y LEYENDAS Los actos navide\u00f1os de 2019 incluyeron escenas m\u00e1gicas de cuentos muy conocidos, desde El Mago de Oz, Las Aventuras de Alicia en el Pa\u00eds de las Maravillas, Peter Pan y El Libro de la Selva... hasta las canciones infantiles m\u00e1s queridas y personajes de la mitolog\u00eda [&hellip;]","og_url":"https:\/\/inlightfest.com\/es\/nuestros-eventos\/","og_site_name":"InLight","article_modified_time":"2025-05-19T18:49:10+00:00","twitter_card":"summary_large_image","twitter_misc":{"Tiempo de lectura":"10 minutos"},"schema":{"@context":"https:\/\/schema.org","@graph":[{"@type":["Article","BlogPosting"],"@id":"https:\/\/inlightfest.com\/es\/nuestros-eventos\/#article","isPartOf":{"@id":"https:\/\/inlightfest.com\/es\/nuestros-eventos\/"},"author":{"name":"inlightadmin","@id":"https:\/\/inlightfest.com\/es\/#\/schema\/person\/fc15f22cc959ee49cfed62825e7d4d5a"},"headline":"Nuestros eventos","datePublished":"2024-12-19T23:11:23+00:00","dateModified":"2025-05-19T18:49:10+00:00","mainEntityOfPage":{"@id":"https:\/\/inlightfest.com\/es\/nuestros-eventos\/"},"wordCount":2017,"publisher":{"@id":"https:\/\/inlightfest.com\/es\/#organization"},"inLanguage":"es"},{"@type":["WebPage","ItemPage"],"@id":"https:\/\/inlightfest.com\/es\/nuestros-eventos\/","url":"https:\/\/inlightfest.com\/es\/nuestros-eventos\/","name":"Nuestros eventos - InLight","isPartOf":{"@id":"https:\/\/inlightfest.com\/es\/#website"},"datePublished":"2024-12-19T23:11:23+00:00","dateModified":"2025-05-19T18:49:10+00:00","breadcrumb":{"@id":"https:\/\/inlightfest.com\/es\/nuestros-eventos\/#breadcrumb"},"inLanguage":"es","potentialAction":[{"@type":"ReadAction","target":["https:\/\/inlightfest.com\/es\/nuestros-eventos\/"]}]},{"@type":"BreadcrumbList","@id":"https:\/\/inlightfest.com\/es\/nuestros-eventos\/#breadcrumb","itemListElement":[{"@type":"ListItem","position":1,"name":"Home","item":"https:\/\/inlightfest.com\/es\/inicio\/"},{"@type":"ListItem","position":2,"name":"Nuestros eventos"}]},{"@type":"WebSite","@id":"https:\/\/inlightfest.com\/es\/#website","url":"https:\/\/inlightfest.com\/es\/","name":"InLight","description":"Light Up Your Imagination | The Original Lantern Festival Group","publisher":{"@id":"https:\/\/inlightfest.com\/es\/#organization"},"potentialAction":[{"@type":"SearchAction","target":{"@type":"EntryPoint","urlTemplate":"https:\/\/inlightfest.com\/es\/?s={search_term_string}"},"query-input":{"@type":"PropertyValueSpecification","valueRequired":true,"valueName":"search_term_string"}}],"inLanguage":"es"},{"@type":"Organization","@id":"https:\/\/inlightfest.com\/es\/#organization","name":"Zigong Lantern Culture Industry Group Co., Ltd","url":"https:\/\/inlightfest.com\/es\/","logo":{"@type":"ImageObject","inLanguage":"es","@id":"https:\/\/inlightfest.com\/es\/#\/schema\/logo\/image\/","url":"https:\/\/inlightfest.com\/wp-content\/uploads\/2025\/01\/inLight-Lockup2-on-blacktransparent-RGB.png","contentUrl":"https:\/\/inlightfest.com\/wp-content\/uploads\/2025\/01\/inLight-Lockup2-on-blacktransparent-RGB.png","width":3000,"height":991,"caption":"Zigong Lantern Culture Industry Group Co., Ltd"},"image":{"@id":"https:\/\/inlightfest.com\/es\/#\/schema\/logo\/image\/"}},{"@type":"Person","@id":"https:\/\/inlightfest.com\/es\/#\/schema\/person\/fc15f22cc959ee49cfed62825e7d4d5a","name":"inlightadmin","sameAs":["https:\/\/inlightfest.com"],"url":"https:\/\/inlightfest.com\/es\/author\/inlightadmin\/"}]}},"_links":{"self":[{"href":"https:\/\/inlightfest.com\/es\/wp-json\/wp\/v2\/pages\/4338","targetHints":{"allow":["GET"]}}],"collection":[{"href":"https:\/\/inlightfest.com\/es\/wp-json\/wp\/v2\/pages"}],"about":[{"href":"https:\/\/inlightfest.com\/es\/wp-json\/wp\/v2\/types\/page"}],"author":[{"embeddable":true,"href":"https:\/\/inlightfest.com\/es\/wp-json\/wp\/v2\/users\/2"}],"replies":[{"embeddable":true,"href":"https:\/\/inlightfest.com\/es\/wp-json\/wp\/v2\/comments?post=4338"}],"version-history":[{"count":2,"href":"https:\/\/inlightfest.com\/es\/wp-json\/wp\/v2\/pages\/4338\/revisions"}],"predecessor-version":[{"id":4343,"href":"https:\/\/inlightfest.com\/es\/wp-json\/wp\/v2\/pages\/4338\/revisions\/4343"}],"wp:attachment":[{"href":"https:\/\/inlightfest.com\/es\/wp-json\/wp\/v2\/media?parent=4338"}],"curies":[{"name":"wp","href":"https:\/\/api.w.org\/{rel}","templated":true}]}}