{"id":8199,"date":"2025-10-24T13:48:45","date_gmt":"2025-10-24T05:48:45","guid":{"rendered":"https:\/\/inlightfest.com\/eine-lebendige-reise-durch-lateinamerika-beim-lichtfestival-2025-im-zoo-damneville\/"},"modified":"2025-10-24T13:55:06","modified_gmt":"2025-10-24T05:55:06","slug":"eine-lebendige-reise-durch-lateinamerika-beim-lichtfestival-2025-im-zoo-damneville","status":"publish","type":"page","link":"https:\/\/inlightfest.com\/de\/nachrichten\/eine-lebendige-reise-durch-lateinamerika-beim-lichtfestival-2025-im-zoo-damneville\/","title":{"rendered":"Eine lebendige Reise durch Lateinamerika beim Lichtfestival 2025 im Zoo d&#8217;Amneville"},"content":{"rendered":"<p>[et_pb_section fb_built=&#8221;1&#8243; fullwidth=&#8221;on&#8221; disabled_on=&#8221;on|on|off&#8221; _builder_version=&#8221;4.27.3&#8243; _module_preset=&#8221;default&#8221; sticky_position=&#8221;top&#8221; global_module=&#8221;92&#8243; saved_tabs=&#8221;all&#8221; global_colors_info=&#8221;{}&#8221; theme_builder_area=&#8221;post_content&#8221;][et_pb_fullwidth_menu menu_id=&#8221;7&#8243; fullwidth_menu=&#8221;on&#8221; dropdown_menu_line_color=&#8221;RGBA(255,255,255,0)&#8221; logo_width=&#8221;100%&#8221; _builder_version=&#8221;4.27.3&#8243; _module_preset=&#8221;default&#8221; menu_font=&#8221;|700|||||||&#8221; text_orientation=&#8221;right&#8221; width=&#8221;95%&#8221; max_width=&#8221;100%&#8221; custom_margin=&#8221;-5px||0px||false|false&#8221; custom_css_dropdown_links=&#8221;padding-right:50px;||line-height: 1.5em;||padding-bottom:5%;&#8221; global_colors_info=&#8221;{}&#8221; theme_builder_area=&#8221;post_content&#8221;][\/et_pb_fullwidth_menu][\/et_pb_section][et_pb_section fb_built=&#8221;1&#8243; custom_padding_last_edited=&#8221;on|phone&#8221; _builder_version=&#8221;4.27.3&#8243; _module_preset=&#8221;default&#8221; use_background_color_gradient=&#8221;on&#8221; background_color_gradient_direction=&#8221;100deg&#8221; background_color_gradient_stops=&#8221;#003751 0%|#00aead 30%|#c1198b 60%|#ee5d9e 100%&#8221; custom_padding=&#8221;0px||14px|||&#8221; custom_padding_tablet=&#8221;||17px||false|false&#8221; custom_padding_phone=&#8221;||17px||false|false&#8221; custom_css_main_element=&#8221;max-height:20px !important;&#8221; global_module=&#8221;198&#8243; saved_tabs=&#8221;all&#8221; global_colors_info=&#8221;{}&#8221; theme_builder_area=&#8221;post_content&#8221;][et_pb_row _builder_version=&#8221;4.27.3&#8243; _module_preset=&#8221;default&#8221; global_colors_info=&#8221;{}&#8221; theme_builder_area=&#8221;post_content&#8221;][et_pb_column type=&#8221;4_4&#8243; _builder_version=&#8221;4.27.3&#8243; _module_preset=&#8221;default&#8221; global_colors_info=&#8221;{}&#8221; theme_builder_area=&#8221;post_content&#8221;][et_pb_text _builder_version=&#8221;4.27.3&#8243; _module_preset=&#8221;default&#8221; global_colors_info=&#8221;{}&#8221; theme_builder_area=&#8221;post_content&#8221;][\/et_pb_text][\/et_pb_column][\/et_pb_row][\/et_pb_section][et_pb_section fb_built=&#8221;1&#8243; _builder_version=&#8221;4.27.3&#8243; _module_preset=&#8221;default&#8221; background_video_mp4=&#8221;https:\/\/inlightfest.com\/wp-content\/uploads\/2024\/12\/InLight-Temp_banner_video.mp4&#8243; width=&#8221;100%&#8221; max_width=&#8221;100%&#8221; min_height=&#8221;200px&#8221; height=&#8221;200px&#8221; max_height=&#8221;300px&#8221; global_module=&#8221;207&#8243; saved_tabs=&#8221;all&#8221; global_colors_info=&#8221;{}&#8221; theme_builder_area=&#8221;post_content&#8221;][et_pb_row column_structure=&#8221;1_2,1_2&#8243; _builder_version=&#8221;4.27.3&#8243; _module_preset=&#8221;default&#8221; custom_padding=&#8221;||19px|||&#8221; global_colors_info=&#8221;{}&#8221; theme_builder_area=&#8221;post_content&#8221;][et_pb_column type=&#8221;1_2&#8243; _builder_version=&#8221;4.27.3&#8243; _module_preset=&#8221;default&#8221; global_colors_info=&#8221;{}&#8221; theme_builder_area=&#8221;post_content&#8221;][et_pb_text _builder_version=&#8221;4.27.3&#8243; _module_preset=&#8221;default&#8221; width=&#8221;100%&#8221; custom_margin=&#8221;|-344px||-32px||&#8221; global_colors_info=&#8221;{}&#8221; theme_builder_area=&#8221;post_content&#8221;][\/et_pb_text][\/et_pb_column][et_pb_column type=&#8221;1_2&#8243; _builder_version=&#8221;4.27.3&#8243; _module_preset=&#8221;default&#8221; global_colors_info=&#8221;{}&#8221; theme_builder_area=&#8221;post_content&#8221;][et_pb_post_title meta=&#8221;off&#8221; featured_image=&#8221;off&#8221; text_color=&#8221;light&#8221; _builder_version=&#8221;4.27.3&#8243; _module_preset=&#8221;default&#8221; text_orientation=&#8221;right&#8221; global_colors_info=&#8221;{}&#8221; theme_builder_area=&#8221;post_content&#8221;][\/et_pb_post_title][\/et_pb_column][\/et_pb_row][\/et_pb_section][et_pb_section fb_built=&#8221;1&#8243; _builder_version=&#8221;4.27.3&#8243; _module_preset=&#8221;default&#8221; global_colors_info=&#8221;{}&#8221; theme_builder_area=&#8221;post_content&#8221;][et_pb_row _builder_version=&#8221;4.27.3&#8243; _module_preset=&#8221;default&#8221; hover_enabled=&#8221;0&#8243; global_colors_info=&#8221;{}&#8221; theme_builder_area=&#8221;post_content&#8221; sticky_enabled=&#8221;0&#8243;][et_pb_column type=&#8221;4_4&#8243; _builder_version=&#8221;4.27.3&#8243; _module_preset=&#8221;default&#8221; global_colors_info=&#8221;{}&#8221; theme_builder_area=&#8221;post_content&#8221;][et_pb_text _builder_version=&#8221;4.27.3&#8243; _module_preset=&#8221;default&#8221; hover_enabled=&#8221;0&#8243; global_colors_info=&#8221;{}&#8221; theme_builder_area=&#8221;post_content&#8221; sticky_enabled=&#8221;0&#8243;]<\/p>\n<p>Im Oktober 2025 wurde <a href=\"https:\/\/inlightfest.com\/nachrichten\/gestaltung-und-installation-von-luminiszenzen-im-zoo-damneville-2025\/?lang=de\">der Zoo d&#8217;Amneville in Frankreich<\/a> zum Schauplatz kultureller und k\u00fcnstlerischer Brillanz und pr\u00e4sentierte ein atemberaubendes Lichtfestival, das Tausende von Besuchern anlockte und die Aufmerksamkeit der lokalen und internationalen Medien auf sich zog. Bei der offiziellen Er\u00f6ffnung des Festivals am 18. Oktober wurden \u00fcber 4.000 G\u00e4ste begr\u00fc\u00dft, w\u00e4hrend die Vorfreude auf dieses kultur\u00fcbergreifende Spektakel immer gr\u00f6\u00dfer wurde. <\/p>\n<p>Das Thema &#8220;FIESTA LATINA&#8221;, inspiriert vom pulsierenden Geist Lateinamerikas, verwandelte den Zoo in ein faszinierendes Wunderland, das die Besucher einl\u00e4dt, die Sehensw\u00fcrdigkeiten, Kl\u00e4nge und Geschichten der Region wie nie zuvor zu erleben.<\/p>\n<p>[\/et_pb_text][\/et_pb_column][\/et_pb_row][et_pb_row column_structure=&#8221;1_2,1_2&#8243; _builder_version=&#8221;4.27.3&#8243; _module_preset=&#8221;default&#8221; global_colors_info=&#8221;{}&#8221; theme_builder_area=&#8221;post_content&#8221;][et_pb_column type=&#8221;1_2&#8243; _builder_version=&#8221;4.27.3&#8243; _module_preset=&#8221;default&#8221; global_colors_info=&#8221;{}&#8221; theme_builder_area=&#8221;post_content&#8221;][et_pb_image src=&#8221;https:\/\/inlightfest.com\/wp-content\/uploads\/2025\/10\/Zoo-dAmneville-FIESTA-LATINA-4.jpg&#8221; _builder_version=&#8221;4.27.3&#8243; _module_preset=&#8221;default&#8221; hover_enabled=&#8221;0&#8243; global_colors_info=&#8221;{}&#8221; theme_builder_area=&#8221;post_content&#8221; sticky_enabled=&#8221;0&#8243; title_text=&#8221;Zoo d&#039;Amneville FIESTA LATINA&#8221;][\/et_pb_image][\/et_pb_column][et_pb_column type=&#8221;1_2&#8243; _builder_version=&#8221;4.27.3&#8243; _module_preset=&#8221;default&#8221; global_colors_info=&#8221;{}&#8221; theme_builder_area=&#8221;post_content&#8221;][et_pb_image src=&#8221;https:\/\/inlightfest.com\/wp-content\/uploads\/2025\/10\/Zoo-dAmneville-FIESTA-LATINA-1.jpg&#8221; _builder_version=&#8221;4.27.3&#8243; _module_preset=&#8221;default&#8221; hover_enabled=&#8221;0&#8243; global_colors_info=&#8221;{}&#8221; theme_builder_area=&#8221;post_content&#8221; sticky_enabled=&#8221;0&#8243; title_text=&#8221;Zoo d&#039;Amneville FIESTA LATINA&#8221;][\/et_pb_image][\/et_pb_column][\/et_pb_row][et_pb_row _builder_version=&#8221;4.27.3&#8243; _module_preset=&#8221;default&#8221; global_colors_info=&#8221;{}&#8221; theme_builder_area=&#8221;post_content&#8221;][et_pb_column type=&#8221;4_4&#8243; _builder_version=&#8221;4.27.3&#8243; _module_preset=&#8221;default&#8221; global_colors_info=&#8221;{}&#8221; theme_builder_area=&#8221;post_content&#8221;][et_pb_text _builder_version=&#8221;4.27.3&#8243; _module_preset=&#8221;default&#8221; hover_enabled=&#8221;0&#8243; global_colors_info=&#8221;{}&#8221; theme_builder_area=&#8221;post_content&#8221; sticky_enabled=&#8221;0&#8243;]<\/p>\n<h2><strong>Ein visuelles Fest der lateinamerikanischen Wunder<\/strong><\/h2>\n<p>&nbsp;<\/p>\n<p>Bei der Ausgabe 2025 des Lichtfestivals im Zoo d&#8217;Amneville wurden sieben verschiedene Erlebnisbereiche vorgestellt, die jeweils einen anderen Teil Lateinamerikas repr\u00e4sentierten. Von den farbenfrohen Feierlichkeiten zum Tag der Toten in Mexiko bis hin zum mystischen Amazonas-Regenwald, den alten Zivilisationen der pr\u00e4kolumbianischen Zeit und den hoch aufragenden Anden &#8211; die Veranstaltung bot eine Reise durch die vielf\u00e4ltigen Landschaften, Kulturen und Traditionen Lateinamerikas. <\/p>\n<p>&nbsp;<\/p>\n<p>Die Besucher liefen einen 1,5 Kilometer langen Weg entlang, der von \u00fcber 10.000 einzelnen Lichtern beleuchtet wurde, von denen jedes einzelne sorgf\u00e4ltig entworfen wurde, um die Magie Lateinamerikas zum Leben zu erwecken. Das Festival begeisterte nicht nur mit seinen Lichtspielen, sondern informierte die Besucher auch \u00fcber das reiche Erbe der Region, indem es Tierausstellungen mit interaktiven, kulturell thematischen Lichtinstallationen kombinierte. Die atemberaubenden Licht- und Soundeffekte wirkten nahtlos zusammen und schufen ein bezauberndes Erlebnis, das sich anf\u00fchlte, als w\u00fcrde man in einen Traum eintauchen.  <\/p>\n<p>&nbsp;<\/p>\n<h2><strong>Handwerkskunst hinter der Magie<\/strong><\/h2>\n<p>&nbsp;<\/p>\n<p>Was dieses Lichterfest wirklich einzigartig machte, waren die Hingabe und die Handwerkskunst, die darin steckt. Die Installation war ein Gemeinschaftswerk, an dem mehr als 35 erfahrene Laternenk\u00fcnstler aus <a href=\"https:\/\/inlightfest.com\/ueber-uns\/?lang=de\">Zigong, China<\/a>, beteiligt waren. Diese Kunsthandwerker verbrachten 50 Tage mit der sorgf\u00e4ltigen Konstruktion der Laternen und sorgten daf\u00fcr, dass jedes Detail, von den schimmernden Lichtern bis hin zu den komplizierten Designs, makellos war. Das Festival ist der H\u00f6hepunkt der monatelangen Vorbereitungen und das Ergebnis ist schlichtweg spektakul\u00e4r.   <\/p>\n<p>&nbsp;<\/p>\n<p>Seit 2017 wurde das erste chinesische Laternenfest in Gaillac, Frankreich, eingef\u00fchrt. Im Laufe der Jahre hat sich dieser kulturelle Austausch auf mehr als 20 St\u00e4dte ausgeweitet, darunter Blagnac, Montauban und der Zoo von Amn\u00e9ville, und zieht fast 5 Millionen Besucher an. Diese Veranstaltung zelebriert nicht nur die lebendige Sch\u00f6nheit der lateinamerikanischen Kultur, sondern dient auch als &#8220;mobiler Kulturbotschafter&#8221; zwischen China und Frankreich, der mit jedem neuen Lichtspiel eine Br\u00fccke des interkulturellen Dialogs und des Geschichtenerz\u00e4hlens schl\u00e4gt.  <\/p>\n<p>&nbsp;<\/p>\n<h2><strong>Pr\u00e4sentation von Projektl\u00f6sungen: Ein umfassendes Erlebnis<\/strong><\/h2>\n<p>&nbsp;<\/p>\n<p>Wir von <a href=\"https:\/\/inlightfest.com\/?lang=de\">InLight<\/a> wissen, wie kompliziert es ist, solch gro\u00dfe Projekte zum Leben zu erwecken. Unsere Erfahrung mit gro\u00dfen, ma\u00dfgeschneiderten skulpturalen Installationen &#8211; wie die majest\u00e4tischen Dinosaurier-Skulpturen, die wir bereits f\u00fcr \u00e4hnliche globale Veranstaltungen entworfen haben &#8211; kann jeden Raum in eine Attraktion von Weltklasse verwandeln. Mit jahrelanger Erfahrung in der Gestaltung von beeindruckenden visuellen Erlebnissen haben wir uns auf Skulpturen spezialisiert, die sich nahtlos in thematische Umgebungen einf\u00fcgen.  <\/p>\n<p>[\/et_pb_text][\/et_pb_column][\/et_pb_row][et_pb_row column_structure=&#8221;1_2,1_2&#8243; _builder_version=&#8221;4.27.3&#8243; _module_preset=&#8221;default&#8221; global_colors_info=&#8221;{}&#8221; theme_builder_area=&#8221;post_content&#8221;][et_pb_column type=&#8221;1_2&#8243; _builder_version=&#8221;4.27.3&#8243; _module_preset=&#8221;default&#8221; global_colors_info=&#8221;{}&#8221; theme_builder_area=&#8221;post_content&#8221;][et_pb_image src=&#8221;https:\/\/inlightfest.com\/wp-content\/uploads\/2025\/10\/Zoo-dAmneville-FIESTA-LATINA-2.jpg&#8221; _builder_version=&#8221;4.27.3&#8243; _module_preset=&#8221;default&#8221; hover_enabled=&#8221;0&#8243; global_colors_info=&#8221;{}&#8221; theme_builder_area=&#8221;post_content&#8221; sticky_enabled=&#8221;0&#8243; title_text=&#8221;Zoo d&#039;Amneville FIESTA LATINA&#8221;][\/et_pb_image][\/et_pb_column][et_pb_column type=&#8221;1_2&#8243; _builder_version=&#8221;4.27.3&#8243; _module_preset=&#8221;default&#8221; global_colors_info=&#8221;{}&#8221; theme_builder_area=&#8221;post_content&#8221;][et_pb_image src=&#8221;https:\/\/inlightfest.com\/wp-content\/uploads\/2025\/10\/Zoo-dAmneville-FIESTA-LATINA-3.jpg&#8221; _builder_version=&#8221;4.27.3&#8243; _module_preset=&#8221;default&#8221; hover_enabled=&#8221;0&#8243; global_colors_info=&#8221;{}&#8221; theme_builder_area=&#8221;post_content&#8221; sticky_enabled=&#8221;0&#8243; title_text=&#8221;Zoo d&#039;Amneville FIESTA LATINA&#8221;][\/et_pb_image][\/et_pb_column][\/et_pb_row][et_pb_row _builder_version=&#8221;4.27.3&#8243; _module_preset=&#8221;default&#8221; global_colors_info=&#8221;{}&#8221; theme_builder_area=&#8221;post_content&#8221;][et_pb_column type=&#8221;4_4&#8243; _builder_version=&#8221;4.27.3&#8243; _module_preset=&#8221;default&#8221; global_colors_info=&#8221;{}&#8221; theme_builder_area=&#8221;post_content&#8221;][et_pb_text _builder_version=&#8221;4.27.3&#8243; _module_preset=&#8221;default&#8221; hover_enabled=&#8221;0&#8243; global_colors_info=&#8221;{}&#8221; theme_builder_area=&#8221;post_content&#8221; sticky_enabled=&#8221;0&#8243;]<\/p>\n<p>Ganz gleich, ob es sich um einen Wildpark, ein Kulturfestival oder ein Firmenevent handelt, unsere F\u00e4higkeit, komplizierte Kunstwerke mit modernsten Licht-, Ton- und interaktiven Technologien zu verbinden, sorgt f\u00fcr ein unvergessliches Erlebnis f\u00fcr Besucher aller Altersgruppen. Von der Konzeption bis zur Ausf\u00fchrung bieten wir durchg\u00e4ngige Projektl\u00f6sungen, die Visionen in die Realit\u00e4t umsetzen. <\/p>\n<p>&nbsp;<\/p>\n<h2><strong>Verbessern Sie Ihre Veranstaltung mit unserer Expertise<\/strong><\/h2>\n<p>&nbsp;<\/p>\n<p>Unser Team arbeitet Hand in Hand mit internationalen Designern, Ingenieuren und lokalen Handwerkern, um atemberaubende Kunstinstallationen zu schaffen, die von Kreativit\u00e4t und kultureller Verschmelzung zeugen. Ob es sich um eine themenbezogene Lichtshow, um Skulpturen, die sich in die Umgebung einf\u00fcgen, oder um vollst\u00e4ndig in die Umgebung eintauchende Kunstinstallationen handelt, unser Ziel ist es, das Erlebnis zu verbessern, einen k\u00fcnstlerischen Wert zu schaffen und einen bleibenden Eindruck bei jedem Besucher zu hinterlassen. <\/p>\n<p>&nbsp;<\/p>\n<p>M\u00f6chten Sie Ihre n\u00e4chste Veranstaltung mit individuellen Kunstwerken aufwerten? <a href=\"https:\/\/inlightfest.com\/kontakt\/?lang=de\">Setzen Sie sich noch heute mit uns in Verbindung<\/a> und erfahren Sie, wie unsere Projektl\u00f6sungen Ihre kreativen Ideen zum Leben erwecken k\u00f6nnen &#8211; mit einer einzigartigen Note, die Ihr Publikum mit Sicherheit fesseln wird.<\/p>\n<p>&nbsp;<\/p>\n<h2><strong>Schlussfolgerung: Die Magie geht weiter<\/strong><\/h2>\n<p>&nbsp;<\/p>\n<p>Das Lichtfestival im Zoo d&#8217;Amneville ist mehr als nur eine Veranstaltung, es ist eine Reise in das Herz Lateinamerikas und bietet gleichzeitig ein unvergessliches kulturelles Erlebnis. Die Veranstaltung l\u00e4uft noch bis zum 29. M\u00e4rz 2026 und begeistert Besucher aus der ganzen Welt, indem sie den Geist des interkulturellen Austauschs zelebriert. <\/p>\n<p>[\/et_pb_text][\/et_pb_column][\/et_pb_row][\/et_pb_section][et_pb_section fb_built=&#8221;1&#8243; _builder_version=&#8221;4.27.3&#8243; _module_preset=&#8221;default&#8221; background_color=&#8221;#000000&#8243; custom_padding=&#8221;20px||20px||false|false&#8221; global_module=&#8221;66&#8243; saved_tabs=&#8221;all&#8221; global_colors_info=&#8221;{}&#8221; theme_builder_area=&#8221;post_content&#8221;][et_pb_row column_structure=&#8221;1_4,1_4,1_4,1_4&#8243; _builder_version=&#8221;4.27.3&#8243; _module_preset=&#8221;default&#8221; custom_padding=&#8221;0px||0px|||&#8221; global_colors_info=&#8221;{}&#8221; theme_builder_area=&#8221;post_content&#8221;][et_pb_column type=&#8221;1_4&#8243; _builder_version=&#8221;4.27.3&#8243; _module_preset=&#8221;default&#8221; global_colors_info=&#8221;{}&#8221; theme_builder_area=&#8221;post_content&#8221;][et_pb_text _builder_version=&#8221;4.27.3&#8243; _module_preset=&#8221;default&#8221; text_text_color=&#8221;#FFFFFF&#8221; text_font_size=&#8221;12px&#8221; text_line_height=&#8221;1.6em&#8221; global_colors_info=&#8221;{}&#8221; theme_builder_area=&#8221;post_content&#8221;]<\/p>\n<p><span><a href=\"https:\/\/inlightfest.com\/?lang=de\">HOME<\/a><br \/><a href=\"https:\/\/inlightfest.com\/ueber-uns\/?lang=de\">\u00dcBER UNS<\/a><br \/><a href=\"https:\/\/inlightfest.com\/was-wir-tun\/?lang=de\">WAS WIR TUN<\/a><br \/><a href=\"https:\/\/inlightfest.com\/produkte-und-dienstleistungen\/?lang=de\">PRODUKTE &amp; DIENSTLEISTUNGEN<\/a><br \/>&#8211; <a href=\"https:\/\/inlightfest.com\/weltklasse-festivals\/?lang=de\">WELTKLASSE FESTIVALS<\/a><br \/>&#8211; <a href=\"https:\/\/inlightfest.com\/spezialdesigns-mit-ip-zulassung\/?lang=de\">SONDERANFERTIGUNGEN MIT IP-GENEHMIGUNG<\/a><br \/>&#8211; <a href=\"https:\/\/inlightfest.com\/interaktive-elemente\/?lang=de\">INTERAKTIVE ELEMENTE<\/a><br \/>&#8211; <a href=\"https:\/\/inlightfest.com\/landschaftsgestaltung-und-lichtskulpturen\/?lang=de\">LANDSCHAFTSGESTALTUNG &amp; LICHTSKULPTUREN<\/a><br \/>&#8211; <a href=\"https:\/\/inlightfest.com\/animatronische-modelle\/?lang=de\">ANIMATRONISCHE MODELLE<\/a><br \/><\/span><br \/><span><\/span><\/p>\n<p>[\/et_pb_text][\/et_pb_column][et_pb_column type=&#8221;1_4&#8243; _builder_version=&#8221;4.27.3&#8243; _module_preset=&#8221;default&#8221; global_colors_info=&#8221;{}&#8221; theme_builder_area=&#8221;post_content&#8221;][et_pb_text _builder_version=&#8221;4.27.3&#8243; _module_preset=&#8221;default&#8221; text_text_color=&#8221;#FFFFFF&#8221; text_font_size=&#8221;12px&#8221; text_line_height=&#8221;1.6em&#8221; global_colors_info=&#8221;{}&#8221; theme_builder_area=&#8221;post_content&#8221;]<\/p>\n<p><span><a href=\"https:\/\/inlightfest.com\/unsere-veranstaltungen\/?lang=de\">UNSERE VERANSTALTUNGEN<\/a><br \/>&#8211; <a href=\"https:\/\/inlightfest.com\/massgeschneiderte-feste-und-lichter\/?lang=de\">MASSGESCHNEIDERTE FESTIVALS &amp; LICHTER<\/a><br \/>&#8211; <a href=\"https:\/\/inlightfest.com\/einzigartige-full-service-loesungen\/?lang=de\">EINZIGARTIGE FULL SERVICE L\u00d6SUNGEN<\/a><br \/>&#8211; <a href=\"https:\/\/inlightfest.com\/vor-ort-besuche\/?lang=de\">BESUCHE VOR ORT<\/a><br \/>&#8211; <a href=\"https:\/\/inlightfest.com\/festival-design-und-management\/?lang=de\">FESTIVAL DESIGN &amp; MANAGEMENT<\/a><br \/>&#8211; <a href=\"https:\/\/inlightfest.com\/gesundheit-und-sicherheit\/?lang=de\">GESUNDHEIT &amp; SICHERHEIT<\/a><br \/>&#8211; <a href=\"https:\/\/inlightfest.com\/?page_id=242\">MARKETING UNTERST\u00dcTZUNG<\/a><br \/><a href=\"https:\/\/inlightfest.com\/auszeichnungen\/?lang=de\">AUSZEICHNUNGEN<\/a><br \/><a href=\"https:\/\/inlightfest.com\/galerie\/?lang=de\">GALERIE<\/a><br \/><a href=\"https:\/\/inlightfest.com\/medien\/?lang=de\" target=\"_blank\" rel=\"noopener\">MEDIEN<\/a><br \/><a href=\"https:\/\/inlightfest.com\/kontakt\/?lang=de\">KONTAKT<\/a><\/span><\/p>\n<p>[\/et_pb_text][\/et_pb_column][et_pb_column type=&#8221;1_4&#8243; _builder_version=&#8221;4.27.3&#8243; _module_preset=&#8221;default&#8221; global_colors_info=&#8221;{}&#8221; theme_builder_area=&#8221;post_content&#8221;][\/et_pb_column][et_pb_column type=&#8221;1_4&#8243; _builder_version=&#8221;4.27.3&#8243; _module_preset=&#8221;default&#8221; global_colors_info=&#8221;{}&#8221; theme_builder_area=&#8221;post_content&#8221;][et_pb_button button_url=&#8221;https:\/\/inlightfest.com\/kontakt\/?lang=de&#8221; button_text=&#8221;Buchen Sie ein Meeting&#8221; button_alignment=&#8221;right&#8221; module_class=&#8221;requestbttn&#8221; _builder_version=&#8221;4.27.3&#8243; _module_preset=&#8221;default&#8221; custom_margin=&#8221;-20px||||false|false&#8221; custom_padding=&#8221;3.3%||3.3%||false|false&#8221; global_colors_info=&#8221;{}&#8221; theme_builder_area=&#8221;post_content&#8221;][\/et_pb_button][et_pb_text _builder_version=&#8221;4.27.3&#8243; _module_preset=&#8221;default&#8221; text_font_size=&#8221;11px&#8221; text_line_height=&#8221;1em&#8221; text_orientation=&#8221;right&#8221; custom_margin=&#8221;0px||0px||false|false&#8221; custom_padding=&#8221;0px||0px||false|false&#8221; global_colors_info=&#8221;{}&#8221; theme_builder_area=&#8221;post_content&#8221;]<\/p>\n<p style=\"text-align: right;\"><strong><span style=\"color: #ffffff;\">Diese Website ist in den folgenden Sprachen verf\u00fcgbar.<\/span><br \/>\n<div role=\"navigation\" aria-label=\"Sprachwechsler\" class=\"wpml-ls-statics-shortcode_actions wpml-ls wpml-ls-legacy-list-horizontal\">\n\t<ul><li class=\"wpml-ls-slot-shortcode_actions wpml-ls-item wpml-ls-item-en wpml-ls-first-item wpml-ls-item-legacy-list-horizontal\">\n\t\t\t\t<a href=\"https:\/\/inlightfest.com\/\" hreflang=\"en\" lang=\"en\" class=\"wpml-ls-link\" aria-label=\"Wechseln zu Englisch (English)\" title=\"Wechseln zu Englisch (English)\">\n\t\t\t\t\t<span class=\"wpml-ls-native\">English<\/span><span class=\"wpml-ls-display\"><span class=\"wpml-ls-bracket\"> (<\/span>Englisch<span class=\"wpml-ls-bracket\">)<\/span><\/span><\/a>\n\t\t\t<\/li><li class=\"wpml-ls-slot-shortcode_actions wpml-ls-item wpml-ls-item-nl wpml-ls-item-legacy-list-horizontal\">\n\t\t\t\t<a href=\"https:\/\/inlightfest.com\/nl\/\" hreflang=\"nl\" lang=\"nl\" class=\"wpml-ls-link\" aria-label=\"Wechseln zu Niederl\u00e4ndisch (Nederlands)\" title=\"Wechseln zu Niederl\u00e4ndisch (Nederlands)\">\n\t\t\t\t\t<span class=\"wpml-ls-native\">Nederlands<\/span><span class=\"wpml-ls-display\"><span class=\"wpml-ls-bracket\"> (<\/span>Niederl\u00e4ndisch<span class=\"wpml-ls-bracket\">)<\/span><\/span><\/a>\n\t\t\t<\/li><li class=\"wpml-ls-slot-shortcode_actions wpml-ls-item wpml-ls-item-fr wpml-ls-item-legacy-list-horizontal\">\n\t\t\t\t<a href=\"https:\/\/inlightfest.com\/fr\/\" hreflang=\"fr\" lang=\"fr\" class=\"wpml-ls-link\" aria-label=\"Wechseln zu Franz\u00f6sisch (Fran\u00e7ais)\" title=\"Wechseln zu Franz\u00f6sisch (Fran\u00e7ais)\">\n\t\t\t\t\t<span class=\"wpml-ls-native\">Fran\u00e7ais<\/span><span class=\"wpml-ls-display\"><span class=\"wpml-ls-bracket\"> (<\/span>Franz\u00f6sisch<span class=\"wpml-ls-bracket\">)<\/span><\/span><\/a>\n\t\t\t<\/li><li class=\"wpml-ls-slot-shortcode_actions wpml-ls-item wpml-ls-item-de wpml-ls-current-language wpml-ls-item-legacy-list-horizontal\">\n\t\t\t\t<a href=\"https:\/\/inlightfest.com\/de\/\" hreflang=\"de\" lang=\"de\" class=\"wpml-ls-link\" aria-current=\"page\" aria-label=\"Wechseln zu Deutsch (Deutsch)\" title=\"Wechseln zu Deutsch (Deutsch)\">\n\t\t\t\t\t<span class=\"wpml-ls-native\">Deutsch<\/span><\/a>\n\t\t\t<\/li><li class=\"wpml-ls-slot-shortcode_actions wpml-ls-item wpml-ls-item-it wpml-ls-item-legacy-list-horizontal\">\n\t\t\t\t<a href=\"https:\/\/inlightfest.com\/it\/\" hreflang=\"it\" lang=\"it\" class=\"wpml-ls-link\" aria-label=\"Wechseln zu Italienisch (Italiano)\" title=\"Wechseln zu Italienisch (Italiano)\">\n\t\t\t\t\t<span class=\"wpml-ls-native\">Italiano<\/span><span class=\"wpml-ls-display\"><span class=\"wpml-ls-bracket\"> (<\/span>Italienisch<span class=\"wpml-ls-bracket\">)<\/span><\/span><\/a>\n\t\t\t<\/li><li class=\"wpml-ls-slot-shortcode_actions wpml-ls-item wpml-ls-item-es wpml-ls-last-item wpml-ls-item-legacy-list-horizontal\">\n\t\t\t\t<a href=\"https:\/\/inlightfest.com\/es\/\" hreflang=\"es\" lang=\"es\" class=\"wpml-ls-link\" aria-label=\"Wechseln zu Spanisch (Espa\u00f1ol)\" title=\"Wechseln zu Spanisch (Espa\u00f1ol)\">\n\t\t\t\t\t<span class=\"wpml-ls-native\">Espa\u00f1ol<\/span><span class=\"wpml-ls-display\"><span class=\"wpml-ls-bracket\"> (<\/span>Spanisch<span class=\"wpml-ls-bracket\">)<\/span><\/span><\/a>\n\t\t\t<\/li><\/ul>\n<\/div>\n<br \/><\/strong><\/p>\n<p>[\/et_pb_text][et_pb_social_media_follow use_icon_font_size=&#8221;on&#8221; icon_font_size=&#8221;20px&#8221; disabled_on=&#8221;off|off|off&#8221; _builder_version=&#8221;4.27.3&#8243; _module_preset=&#8221;default&#8221; text_orientation=&#8221;right&#8221; global_colors_info=&#8221;{}&#8221; theme_builder_area=&#8221;post_content&#8221;][et_pb_social_media_follow_network social_network=&#8221;linkedin&#8221; url=&#8221;https:\/\/www.linkedin.com\/company\/inlight-festival-group\/&#8221; _builder_version=&#8221;4.27.3&#8243; _module_preset=&#8221;default&#8221; background_color=&#8221;#007bb6&#8243; global_colors_info=&#8221;{}&#8221; theme_builder_area=&#8221;post_content&#8221; follow_button=&#8221;off&#8221; url_new_window=&#8221;on&#8221;]linkedin[\/et_pb_social_media_follow_network][et_pb_social_media_follow_network social_network=&#8221;facebook&#8221; url=&#8221;https:\/\/www.facebook.com\/profile.php?id=100072074895779&#8243; _builder_version=&#8221;4.27.3&#8243; _module_preset=&#8221;default&#8221; background_color=&#8221;#3b5998&#8243; global_colors_info=&#8221;{}&#8221; theme_builder_area=&#8221;post_content&#8221; follow_button=&#8221;off&#8221; url_new_window=&#8221;on&#8221;]facebook[\/et_pb_social_media_follow_network][et_pb_social_media_follow_network social_network=&#8221;instagram&#8221; url=&#8221;https:\/\/www.instagram.com\/inlight_festival_group\/&#8221; _builder_version=&#8221;4.27.3&#8243; _module_preset=&#8221;default&#8221; background_color=&#8221;#ea2c59&#8243; global_colors_info=&#8221;{}&#8221; theme_builder_area=&#8221;post_content&#8221; follow_button=&#8221;off&#8221; url_new_window=&#8221;on&#8221;]instagram[\/et_pb_social_media_follow_network][\/et_pb_social_media_follow][et_pb_image src=&#8221;https:\/\/inlightfest.com\/wp-content\/uploads\/2025\/01\/inLight-Lockup2-on-blacktransparent-RGB.png&#8221; title_text=&#8221;inLight-Lockup2-sur-noir(transparent)-RGB&#8221; module_class=&#8221;footerlogo&#8221; _builder_version=&#8221;4.27.3&#8243; _module_preset=&#8221;default&#8221; width=&#8221;43%&#8221; module_alignment=&#8221;right&#8221; custom_margin=&#8221;64px||||false|false&#8221; global_colors_info=&#8221;{}&#8221; theme_builder_area=&#8221;post_content&#8221;][\/et_pb_image][\/et_pb_column][\/et_pb_row][et_pb_row _builder_version=&#8221;4.27.3&#8243; _module_preset=&#8221;default&#8221; global_colors_info=&#8221;{}&#8221; theme_builder_area=&#8221;post_content&#8221;][et_pb_column type=&#8221;4_4&#8243; _builder_version=&#8221;4.27.3&#8243; _module_preset=&#8221;default&#8221; global_colors_info=&#8221;{}&#8221; theme_builder_area=&#8221;post_content&#8221;][et_pb_text _builder_version=&#8221;4.27.3&#8243; _module_preset=&#8221;default&#8221; text_text_color=&#8221;#FFFFFF&#8221; text_font_size=&#8221;12px&#8221; global_colors_info=&#8221;{}&#8221; theme_builder_area=&#8221;post_content&#8221;]<\/p>\n<p><span>\u00a92025 <span class=\" author-d-1gg9uz65z1iz85zgdz68zmqkz84zo2qotv4j4z78zz85zaz88z7z78zatz85zqiz69zz89zhz90zvz81zgf5ijseard h-ldquo\">Zi<\/span><span class=\" author-d-1gg9uz65z1iz85zgdz68zmqkz84zo2qotv4j4z78zz85zaz88z7z78zatz85zqiz69zz89zhz90zvz81zgf5ijseard\">  Gong Lantern Culture Industry Group Inc. Co. <\/span>  | <a href=\"https:\/\/inlightfest.com\/datenschutzbestimmungen\/?lang=de\">Datenschutz<\/a> | <a href=\"https:\/\/inlightfest.com\/nutzungsbedingungen\/?lang=de\">Nutzungsbedingungen<\/a> | Website von <a href=\"https:\/\/torontocreatives.com\">TC<\/a><\/span><\/p>\n<p>[\/et_pb_text][\/et_pb_column][\/et_pb_row][\/et_pb_section]<\/p>\n","protected":false},"excerpt":{"rendered":"<p>Im Oktober 2025 wurde der Zoo d&#8217;Amneville in Frankreich zum Schauplatz kultureller und k\u00fcnstlerischer Brillanz und pr\u00e4sentierte ein atemberaubendes Lichtfestival, das Tausende von Besuchern anlockte und die Aufmerksamkeit der lokalen und internationalen Medien auf sich zog. Bei der offiziellen Er\u00f6ffnung des Festivals am 18. Oktober wurden \u00fcber 4.000 G\u00e4ste begr\u00fc\u00dft, w\u00e4hrend die Vorfreude auf dieses [&hellip;]<\/p>\n","protected":false},"author":4,"featured_media":0,"parent":5155,"menu_order":0,"comment_status":"closed","ping_status":"closed","template":"","meta":{"_et_pb_use_builder":"on","_et_pb_old_content":"","_et_gb_content_width":"","_joinchat":[],"footnotes":""},"class_list":["post-8199","page","type-page","status-publish","hentry"],"yoast_head":"<!-- This site is optimized with the Yoast SEO plugin v27.4 - https:\/\/yoast.com\/product\/yoast-seo-wordpress\/ -->\n<title>Eine lebendige Reise durch Lateinamerika beim Lichtfestival 2025 im Zoo d&#039;Amneville - InLight<\/title>\n<meta name=\"description\" content=\"Entdecken Sie, wie InLight Veranstaltungen mit ma\u00dfgefertigten Kunstskulpturen und Lichtinstallationen umgestaltet und so eindringliche, k\u00fcnstlerische Erlebnisse schafft.\" \/>\n<meta name=\"robots\" content=\"index, follow, max-snippet:-1, max-image-preview:large, max-video-preview:-1\" \/>\n<link rel=\"canonical\" href=\"https:\/\/inlightfest.com\/de\/nachrichten\/eine-lebendige-reise-durch-lateinamerika-beim-lichtfestival-2025-im-zoo-damneville\/\" \/>\n<meta property=\"og:locale\" content=\"de_DE\" \/>\n<meta property=\"og:type\" content=\"article\" \/>\n<meta property=\"og:title\" content=\"Eine lebendige Reise durch Lateinamerika beim Lichtfestival 2025 im Zoo d&#039;Amneville - InLight\" \/>\n<meta property=\"og:description\" content=\"Entdecken Sie, wie InLight Veranstaltungen mit ma\u00dfgefertigten Kunstskulpturen und Lichtinstallationen umgestaltet und so eindringliche, k\u00fcnstlerische Erlebnisse schafft.\" \/>\n<meta property=\"og:url\" content=\"https:\/\/inlightfest.com\/de\/nachrichten\/eine-lebendige-reise-durch-lateinamerika-beim-lichtfestival-2025-im-zoo-damneville\/\" \/>\n<meta property=\"og:site_name\" content=\"InLight\" \/>\n<meta property=\"article:modified_time\" content=\"2025-10-24T05:55:06+00:00\" \/>\n<meta name=\"twitter:card\" content=\"summary_large_image\" \/>\n<meta name=\"twitter:label1\" content=\"Gesch\u00e4tzte Lesezeit\" \/>\n\t<meta name=\"twitter:data1\" content=\"11\u00a0Minuten\" \/>\n<script type=\"application\/ld+json\" class=\"yoast-schema-graph\">{\"@context\":\"https:\\\/\\\/schema.org\",\"@graph\":[{\"@type\":[\"Article\",\"BlogPosting\"],\"@id\":\"https:\\\/\\\/inlightfest.com\\\/de\\\/nachrichten\\\/eine-lebendige-reise-durch-lateinamerika-beim-lichtfestival-2025-im-zoo-damneville\\\/#article\",\"isPartOf\":{\"@id\":\"https:\\\/\\\/inlightfest.com\\\/de\\\/nachrichten\\\/eine-lebendige-reise-durch-lateinamerika-beim-lichtfestival-2025-im-zoo-damneville\\\/\"},\"author\":{\"name\":\"Joy Lin \u6b22\u4e50\u6797\",\"@id\":\"https:\\\/\\\/inlightfest.com\\\/de\\\/#\\\/schema\\\/person\\\/e184b3b310b016b32920d3e182bdc330\"},\"headline\":\"Eine lebendige Reise durch Lateinamerika beim Lichtfestival 2025 im Zoo d&#8217;Amneville\",\"datePublished\":\"2025-10-24T05:48:45+00:00\",\"dateModified\":\"2025-10-24T05:55:06+00:00\",\"mainEntityOfPage\":{\"@id\":\"https:\\\/\\\/inlightfest.com\\\/de\\\/nachrichten\\\/eine-lebendige-reise-durch-lateinamerika-beim-lichtfestival-2025-im-zoo-damneville\\\/\"},\"wordCount\":2320,\"publisher\":{\"@id\":\"https:\\\/\\\/inlightfest.com\\\/de\\\/#organization\"},\"inLanguage\":\"de\"},{\"@type\":[\"WebPage\",\"ItemPage\"],\"@id\":\"https:\\\/\\\/inlightfest.com\\\/de\\\/nachrichten\\\/eine-lebendige-reise-durch-lateinamerika-beim-lichtfestival-2025-im-zoo-damneville\\\/\",\"url\":\"https:\\\/\\\/inlightfest.com\\\/de\\\/nachrichten\\\/eine-lebendige-reise-durch-lateinamerika-beim-lichtfestival-2025-im-zoo-damneville\\\/\",\"name\":\"Eine lebendige Reise durch Lateinamerika beim Lichtfestival 2025 im Zoo d'Amneville - InLight\",\"isPartOf\":{\"@id\":\"https:\\\/\\\/inlightfest.com\\\/de\\\/#website\"},\"datePublished\":\"2025-10-24T05:48:45+00:00\",\"dateModified\":\"2025-10-24T05:55:06+00:00\",\"description\":\"Entdecken Sie, wie InLight Veranstaltungen mit ma\u00dfgefertigten Kunstskulpturen und Lichtinstallationen umgestaltet und so eindringliche, k\u00fcnstlerische Erlebnisse schafft.\",\"breadcrumb\":{\"@id\":\"https:\\\/\\\/inlightfest.com\\\/de\\\/nachrichten\\\/eine-lebendige-reise-durch-lateinamerika-beim-lichtfestival-2025-im-zoo-damneville\\\/#breadcrumb\"},\"inLanguage\":\"de\",\"potentialAction\":[{\"@type\":\"ReadAction\",\"target\":[\"https:\\\/\\\/inlightfest.com\\\/de\\\/nachrichten\\\/eine-lebendige-reise-durch-lateinamerika-beim-lichtfestival-2025-im-zoo-damneville\\\/\"]}]},{\"@type\":\"BreadcrumbList\",\"@id\":\"https:\\\/\\\/inlightfest.com\\\/de\\\/nachrichten\\\/eine-lebendige-reise-durch-lateinamerika-beim-lichtfestival-2025-im-zoo-damneville\\\/#breadcrumb\",\"itemListElement\":[{\"@type\":\"ListItem\",\"position\":1,\"name\":\"Home\",\"item\":\"https:\\\/\\\/inlightfest.com\\\/de\\\/startseite\\\/\"},{\"@type\":\"ListItem\",\"position\":2,\"name\":\"Eine lebendige Reise durch Lateinamerika beim Lichtfestival 2025 im Zoo d&#8217;Amneville\"}]},{\"@type\":\"WebSite\",\"@id\":\"https:\\\/\\\/inlightfest.com\\\/de\\\/#website\",\"url\":\"https:\\\/\\\/inlightfest.com\\\/de\\\/\",\"name\":\"InLight\",\"description\":\"Light Up Your Imagination | The Original Lantern Festival Group\",\"publisher\":{\"@id\":\"https:\\\/\\\/inlightfest.com\\\/de\\\/#organization\"},\"potentialAction\":[{\"@type\":\"SearchAction\",\"target\":{\"@type\":\"EntryPoint\",\"urlTemplate\":\"https:\\\/\\\/inlightfest.com\\\/de\\\/?s={search_term_string}\"},\"query-input\":{\"@type\":\"PropertyValueSpecification\",\"valueRequired\":true,\"valueName\":\"search_term_string\"}}],\"inLanguage\":\"de\"},{\"@type\":\"Organization\",\"@id\":\"https:\\\/\\\/inlightfest.com\\\/de\\\/#organization\",\"name\":\"Zigong Lantern Culture Industry Group Co., Ltd\",\"url\":\"https:\\\/\\\/inlightfest.com\\\/de\\\/\",\"logo\":{\"@type\":\"ImageObject\",\"inLanguage\":\"de\",\"@id\":\"https:\\\/\\\/inlightfest.com\\\/de\\\/#\\\/schema\\\/logo\\\/image\\\/\",\"url\":\"https:\\\/\\\/inlightfest.com\\\/wp-content\\\/uploads\\\/2025\\\/01\\\/inLight-Lockup2-on-blacktransparent-RGB.png\",\"contentUrl\":\"https:\\\/\\\/inlightfest.com\\\/wp-content\\\/uploads\\\/2025\\\/01\\\/inLight-Lockup2-on-blacktransparent-RGB.png\",\"width\":3000,\"height\":991,\"caption\":\"Zigong Lantern Culture Industry Group Co., Ltd\"},\"image\":{\"@id\":\"https:\\\/\\\/inlightfest.com\\\/de\\\/#\\\/schema\\\/logo\\\/image\\\/\"}},{\"@type\":\"Person\",\"@id\":\"https:\\\/\\\/inlightfest.com\\\/de\\\/#\\\/schema\\\/person\\\/e184b3b310b016b32920d3e182bdc330\",\"name\":\"Joy Lin \u6b22\u4e50\u6797\",\"url\":\"https:\\\/\\\/inlightfest.com\\\/de\\\/author\\\/joyzgl\\\/\"}]}<\/script>\n<!-- \/ Yoast SEO plugin. -->","yoast_head_json":{"title":"Eine lebendige Reise durch Lateinamerika beim Lichtfestival 2025 im Zoo d'Amneville - InLight","description":"Entdecken Sie, wie InLight Veranstaltungen mit ma\u00dfgefertigten Kunstskulpturen und Lichtinstallationen umgestaltet und so eindringliche, k\u00fcnstlerische Erlebnisse schafft.","robots":{"index":"index","follow":"follow","max-snippet":"max-snippet:-1","max-image-preview":"max-image-preview:large","max-video-preview":"max-video-preview:-1"},"canonical":"https:\/\/inlightfest.com\/de\/nachrichten\/eine-lebendige-reise-durch-lateinamerika-beim-lichtfestival-2025-im-zoo-damneville\/","og_locale":"de_DE","og_type":"article","og_title":"Eine lebendige Reise durch Lateinamerika beim Lichtfestival 2025 im Zoo d'Amneville - InLight","og_description":"Entdecken Sie, wie InLight Veranstaltungen mit ma\u00dfgefertigten Kunstskulpturen und Lichtinstallationen umgestaltet und so eindringliche, k\u00fcnstlerische Erlebnisse schafft.","og_url":"https:\/\/inlightfest.com\/de\/nachrichten\/eine-lebendige-reise-durch-lateinamerika-beim-lichtfestival-2025-im-zoo-damneville\/","og_site_name":"InLight","article_modified_time":"2025-10-24T05:55:06+00:00","twitter_card":"summary_large_image","twitter_misc":{"Gesch\u00e4tzte Lesezeit":"11\u00a0Minuten"},"schema":{"@context":"https:\/\/schema.org","@graph":[{"@type":["Article","BlogPosting"],"@id":"https:\/\/inlightfest.com\/de\/nachrichten\/eine-lebendige-reise-durch-lateinamerika-beim-lichtfestival-2025-im-zoo-damneville\/#article","isPartOf":{"@id":"https:\/\/inlightfest.com\/de\/nachrichten\/eine-lebendige-reise-durch-lateinamerika-beim-lichtfestival-2025-im-zoo-damneville\/"},"author":{"name":"Joy Lin \u6b22\u4e50\u6797","@id":"https:\/\/inlightfest.com\/de\/#\/schema\/person\/e184b3b310b016b32920d3e182bdc330"},"headline":"Eine lebendige Reise durch Lateinamerika beim Lichtfestival 2025 im Zoo d&#8217;Amneville","datePublished":"2025-10-24T05:48:45+00:00","dateModified":"2025-10-24T05:55:06+00:00","mainEntityOfPage":{"@id":"https:\/\/inlightfest.com\/de\/nachrichten\/eine-lebendige-reise-durch-lateinamerika-beim-lichtfestival-2025-im-zoo-damneville\/"},"wordCount":2320,"publisher":{"@id":"https:\/\/inlightfest.com\/de\/#organization"},"inLanguage":"de"},{"@type":["WebPage","ItemPage"],"@id":"https:\/\/inlightfest.com\/de\/nachrichten\/eine-lebendige-reise-durch-lateinamerika-beim-lichtfestival-2025-im-zoo-damneville\/","url":"https:\/\/inlightfest.com\/de\/nachrichten\/eine-lebendige-reise-durch-lateinamerika-beim-lichtfestival-2025-im-zoo-damneville\/","name":"Eine lebendige Reise durch Lateinamerika beim Lichtfestival 2025 im Zoo d'Amneville - InLight","isPartOf":{"@id":"https:\/\/inlightfest.com\/de\/#website"},"datePublished":"2025-10-24T05:48:45+00:00","dateModified":"2025-10-24T05:55:06+00:00","description":"Entdecken Sie, wie InLight Veranstaltungen mit ma\u00dfgefertigten Kunstskulpturen und Lichtinstallationen umgestaltet und so eindringliche, k\u00fcnstlerische Erlebnisse schafft.","breadcrumb":{"@id":"https:\/\/inlightfest.com\/de\/nachrichten\/eine-lebendige-reise-durch-lateinamerika-beim-lichtfestival-2025-im-zoo-damneville\/#breadcrumb"},"inLanguage":"de","potentialAction":[{"@type":"ReadAction","target":["https:\/\/inlightfest.com\/de\/nachrichten\/eine-lebendige-reise-durch-lateinamerika-beim-lichtfestival-2025-im-zoo-damneville\/"]}]},{"@type":"BreadcrumbList","@id":"https:\/\/inlightfest.com\/de\/nachrichten\/eine-lebendige-reise-durch-lateinamerika-beim-lichtfestival-2025-im-zoo-damneville\/#breadcrumb","itemListElement":[{"@type":"ListItem","position":1,"name":"Home","item":"https:\/\/inlightfest.com\/de\/startseite\/"},{"@type":"ListItem","position":2,"name":"Eine lebendige Reise durch Lateinamerika beim Lichtfestival 2025 im Zoo d&#8217;Amneville"}]},{"@type":"WebSite","@id":"https:\/\/inlightfest.com\/de\/#website","url":"https:\/\/inlightfest.com\/de\/","name":"InLight","description":"Light Up Your Imagination | The Original Lantern Festival Group","publisher":{"@id":"https:\/\/inlightfest.com\/de\/#organization"},"potentialAction":[{"@type":"SearchAction","target":{"@type":"EntryPoint","urlTemplate":"https:\/\/inlightfest.com\/de\/?s={search_term_string}"},"query-input":{"@type":"PropertyValueSpecification","valueRequired":true,"valueName":"search_term_string"}}],"inLanguage":"de"},{"@type":"Organization","@id":"https:\/\/inlightfest.com\/de\/#organization","name":"Zigong Lantern Culture Industry Group Co., Ltd","url":"https:\/\/inlightfest.com\/de\/","logo":{"@type":"ImageObject","inLanguage":"de","@id":"https:\/\/inlightfest.com\/de\/#\/schema\/logo\/image\/","url":"https:\/\/inlightfest.com\/wp-content\/uploads\/2025\/01\/inLight-Lockup2-on-blacktransparent-RGB.png","contentUrl":"https:\/\/inlightfest.com\/wp-content\/uploads\/2025\/01\/inLight-Lockup2-on-blacktransparent-RGB.png","width":3000,"height":991,"caption":"Zigong Lantern Culture Industry Group Co., Ltd"},"image":{"@id":"https:\/\/inlightfest.com\/de\/#\/schema\/logo\/image\/"}},{"@type":"Person","@id":"https:\/\/inlightfest.com\/de\/#\/schema\/person\/e184b3b310b016b32920d3e182bdc330","name":"Joy Lin \u6b22\u4e50\u6797","url":"https:\/\/inlightfest.com\/de\/author\/joyzgl\/"}]}},"_links":{"self":[{"href":"https:\/\/inlightfest.com\/de\/wp-json\/wp\/v2\/pages\/8199","targetHints":{"allow":["GET"]}}],"collection":[{"href":"https:\/\/inlightfest.com\/de\/wp-json\/wp\/v2\/pages"}],"about":[{"href":"https:\/\/inlightfest.com\/de\/wp-json\/wp\/v2\/types\/page"}],"author":[{"embeddable":true,"href":"https:\/\/inlightfest.com\/de\/wp-json\/wp\/v2\/users\/4"}],"replies":[{"embeddable":true,"href":"https:\/\/inlightfest.com\/de\/wp-json\/wp\/v2\/comments?post=8199"}],"version-history":[{"count":7,"href":"https:\/\/inlightfest.com\/de\/wp-json\/wp\/v2\/pages\/8199\/revisions"}],"predecessor-version":[{"id":8233,"href":"https:\/\/inlightfest.com\/de\/wp-json\/wp\/v2\/pages\/8199\/revisions\/8233"}],"up":[{"embeddable":true,"href":"https:\/\/inlightfest.com\/de\/wp-json\/wp\/v2\/pages\/5155"}],"wp:attachment":[{"href":"https:\/\/inlightfest.com\/de\/wp-json\/wp\/v2\/media?parent=8199"}],"curies":[{"name":"wp","href":"https:\/\/api.w.org\/{rel}","templated":true}]}}