{"id":6112,"date":"2025-09-17T17:09:45","date_gmt":"2025-09-17T09:09:45","guid":{"rendered":"https:\/\/inlightfest.com\/lumineszenzen-im-zoo-damneville-2023-willkommen-im-paradies\/"},"modified":"2025-09-17T17:12:13","modified_gmt":"2025-09-17T09:12:13","slug":"lumineszenzen-im-zoo-damneville-2023-willkommen-im-paradies","status":"publish","type":"page","link":"https:\/\/inlightfest.com\/de\/neueste-projekte-highlights-2\/lumineszenzen-im-zoo-damneville-2023-willkommen-im-paradies\/","title":{"rendered":"Lumineszenzen im Zoo d&#8217;Amneville 2023- Willkommen im Paradies"},"content":{"rendered":"<p>[et_pb_section fb_built=&#8221;1&#8243; fullwidth=&#8221;on&#8221; disabled_on=&#8221;on|on|off&#8221; _builder_version=&#8221;4.27.3&#8243; _module_preset=&#8221;default&#8221; sticky_position=&#8221;top&#8221; global_module=&#8221;92&#8243; saved_tabs=&#8221;all&#8221; global_colors_info=&#8221;{}&#8221; theme_builder_area=&#8221;post_content&#8221;][et_pb_fullwidth_menu menu_id=&#8221;7&#8243; fullwidth_menu=&#8221;on&#8221; dropdown_menu_line_color=&#8221;RGBA(255,255,255,0)&#8221; logo_width=&#8221;100%&#8221; _builder_version=&#8221;4.27.3&#8243; _module_preset=&#8221;default&#8221; menu_font=&#8221;|700|||||||&#8221; text_orientation=&#8221;right&#8221; width=&#8221;95%&#8221; max_width=&#8221;100%&#8221; custom_margin=&#8221;-5px||0px||false|false&#8221; custom_css_dropdown_links=&#8221;padding-right:50px;||line-height: 1.5em;||padding-bottom:5%;&#8221; global_colors_info=&#8221;{}&#8221; theme_builder_area=&#8221;post_content&#8221;][\/et_pb_fullwidth_menu][\/et_pb_section][et_pb_section fb_built=&#8221;1&#8243; custom_padding_last_edited=&#8221;on|phone&#8221; _builder_version=&#8221;4.27.3&#8243; _module_preset=&#8221;default&#8221; use_background_color_gradient=&#8221;on&#8221; background_color_gradient_direction=&#8221;100deg&#8221; background_color_gradient_stops=&#8221;#003751 0%|#00aead 30%|#c1198b 60%|#ee5d9e 100%&#8221; custom_padding=&#8221;0px||14px|||&#8221; custom_padding_tablet=&#8221;||17px||false|false&#8221; custom_padding_phone=&#8221;||17px||false|false&#8221; custom_css_main_element=&#8221;max-height:20px !important;&#8221; global_module=&#8221;198&#8243; saved_tabs=&#8221;all&#8221; global_colors_info=&#8221;{}&#8221; theme_builder_area=&#8221;post_content&#8221;][\/et_pb_section][et_pb_section fb_built=&#8221;1&#8243; _builder_version=&#8221;4.27.3&#8243; _module_preset=&#8221;default&#8221; background_video_mp4=&#8221;https:\/\/inlightfest.com\/wp-content\/uploads\/2024\/12\/InLight-Temp_banner_video.mp4&#8243; global_module=&#8221;207&#8243; global_colors_info=&#8221;{}&#8221; theme_builder_area=&#8221;post_content&#8221;][et_pb_row column_structure=&#8221;1_2,1_2&#8243; _builder_version=&#8221;4.27.3&#8243; _module_preset=&#8221;default&#8221; custom_padding=&#8221;||19px|||&#8221; global_colors_info=&#8221;{}&#8221; theme_builder_area=&#8221;post_content&#8221;][et_pb_column type=&#8221;1_2&#8243; _builder_version=&#8221;4.27.3&#8243; _module_preset=&#8221;default&#8221; global_colors_info=&#8221;{}&#8221; theme_builder_area=&#8221;post_content&#8221;][et_pb_text _builder_version=&#8221;4.27.3&#8243; _module_preset=&#8221;default&#8221; width=&#8221;100%&#8221; custom_margin=&#8221;|-344px||-32px||&#8221; global_colors_info=&#8221;{}&#8221; theme_builder_area=&#8221;post_content&#8221;][\/et_pb_text][\/et_pb_column][et_pb_column type=&#8221;1_2&#8243; _builder_version=&#8221;4.27.3&#8243; _module_preset=&#8221;default&#8221; global_colors_info=&#8221;{}&#8221; theme_builder_area=&#8221;post_content&#8221;][et_pb_post_title meta=&#8221;off&#8221; featured_image=&#8221;off&#8221; text_color=&#8221;light&#8221; _builder_version=&#8221;4.27.3&#8243; _module_preset=&#8221;default&#8221; text_orientation=&#8221;right&#8221; global_colors_info=&#8221;{}&#8221; theme_builder_area=&#8221;post_content&#8221;][\/et_pb_post_title][\/et_pb_column][\/et_pb_row][\/et_pb_section][et_pb_section fb_built=&#8221;1&#8243; _builder_version=&#8221;4.27.3&#8243; _module_preset=&#8221;default&#8221; global_colors_info=&#8221;{}&#8221; theme_builder_area=&#8221;post_content&#8221;][et_pb_row column_structure=&#8221;1_2,1_2&#8243; _builder_version=&#8221;4.27.3&#8243; _module_preset=&#8221;default&#8221; global_colors_info=&#8221;{}&#8221; theme_builder_area=&#8221;post_content&#8221;][et_pb_column type=&#8221;1_2&#8243; _builder_version=&#8221;4.27.3&#8243; _module_preset=&#8221;default&#8221; global_colors_info=&#8221;{}&#8221; theme_builder_area=&#8221;post_content&#8221;][et_pb_image src=&#8221;https:\/\/inlightfest.com\/wp-content\/uploads\/2025\/09\/Luminescences-at-Zoo-dAmneville-2023-5_WH_1000x800px.jpg&#8221; alt=&#8221;Lumineszenzen im Zoo d&#039;Amneville 2023&#8243; _builder_version=&#8221;4.27.3&#8243; _module_preset=&#8221;default&#8221; hover_enabled=&#8221;0&#8243; border_radii=&#8221;on|80px|80px|80px|80px&#8221; global_colors_info=&#8221;{}&#8221; theme_builder_area=&#8221;post_content&#8221; title_text=&#8221;Lumineszenzen im Zoo d&#039;Amneville 2023&#8243; sticky_enabled=&#8221;0&#8243;][\/et_pb_image][\/et_pb_column][et_pb_column type=&#8221;1_2&#8243; _builder_version=&#8221;4.27.3&#8243; _module_preset=&#8221;default&#8221; global_colors_info=&#8221;{}&#8221; theme_builder_area=&#8221;post_content&#8221;][et_pb_text _builder_version=&#8221;4.27.3&#8243; _module_preset=&#8221;default&#8221; min_height=&#8221;247.4px&#8221; custom_padding=&#8221;86px|||||&#8221; hover_enabled=&#8221;0&#8243; global_colors_info=&#8221;{}&#8221; theme_builder_area=&#8221;post_content&#8221; sticky_enabled=&#8221;0&#8243;]<\/p>\n<p><span style=\"font-size: large; color: #000000;\"><strong>Lumineszenzen im Zoo d&#8217;Amneville 2023- Willkommen im Paradies<\/strong><\/span><\/p>\n<p>Lumineszenzen im Zoo d&#8217;Amn\u00e9ville 2023 &#8211; &#8220;Willkommen im Paradies&#8221; &#8211; verwandelte den franz\u00f6sischen Zoo in ein spektakul\u00e4res Laternenfest mit tropischen Str\u00e4nden, farbenfrohen Fantasiewesen und festlichen, von Lebensmitteln inspirierten Vorf\u00fchrungen.<\/p>\n<p>Die Veranstaltung, bei der chinesische Laternenkunst mit franz\u00f6sischen Kulturelementen kombiniert wurde, beleuchtete die Weihnachts- und Neujahrsfeiern, zog Tausende von Besuchern an, f\u00f6rderte den lokalen Tourismus und st\u00e4rkte den kulturellen Austausch zwischen China und Frankreich.<\/p>\n<p>[\/et_pb_text][\/et_pb_column][\/et_pb_row][\/et_pb_section][et_pb_section fb_built=&#8221;1&#8243; _builder_version=&#8221;4.27.3&#8243; _module_preset=&#8221;default&#8221; global_colors_info=&#8221;{}&#8221; theme_builder_area=&#8221;post_content&#8221;][et_pb_row _builder_version=&#8221;4.27.3&#8243; _module_preset=&#8221;default&#8221; global_colors_info=&#8221;{}&#8221; theme_builder_area=&#8221;post_content&#8221;][et_pb_column type=&#8221;4_4&#8243; _builder_version=&#8221;4.27.3&#8243; _module_preset=&#8221;default&#8221; global_colors_info=&#8221;{}&#8221; theme_builder_area=&#8221;post_content&#8221;][et_pb_text _builder_version=&#8221;4.27.3&#8243; _module_preset=&#8221;default&#8221; hover_enabled=&#8221;0&#8243; global_colors_info=&#8221;{}&#8221; theme_builder_area=&#8221;post_content&#8221; sticky_enabled=&#8221;0&#8243;]<\/p>\n<h2><span style=\"font-size: large;\"><strong>Ausgew\u00e4hltes Design:<\/strong><\/span><\/h2>\n<p>Das diesj\u00e4hrige Laternenfest stand unter dem neuen Motto &#8220;Willkommen im Paradies&#8221;, bei dessen Gestaltung chinesische und franz\u00f6sische Kulturelemente miteinander verschmolzen wurden. Der tropische Charme von Str\u00e4nden und Kokospalmen, die farbenfrohen Fantasiewesen und die lebendigen Lebensmittelelemente wie Cocktails und Fr\u00fcchte wurden alle in Laternen verwandelt, die zusammen ein traumhaftes Spektakel aus Licht und Schatten erschaffen. <\/p>\n<p>[\/et_pb_text][\/et_pb_column][\/et_pb_row][et_pb_row column_structure=&#8221;1_2,1_2&#8243; _builder_version=&#8221;4.27.3&#8243; _module_preset=&#8221;default&#8221; global_colors_info=&#8221;{}&#8221; theme_builder_area=&#8221;post_content&#8221;][et_pb_column type=&#8221;1_2&#8243; _builder_version=&#8221;4.27.3&#8243; _module_preset=&#8221;default&#8221; global_colors_info=&#8221;{}&#8221; theme_builder_area=&#8221;post_content&#8221;][et_pb_image src=&#8221;https:\/\/inlightfest.com\/wp-content\/uploads\/2025\/09\/Luminescences-at-Zoo-dAmneville-2023-10_WH_1000x800px.jpg&#8221; alt=&#8221;Lumineszenzen im Zoo d&#039;Amneville 2023  &#8221; _builder_version=&#8221;4.27.3&#8243; _module_preset=&#8221;default&#8221; hover_enabled=&#8221;0&#8243; border_radii=&#8221;on|80px|80px|80px|80px&#8221; global_colors_info=&#8221;{}&#8221; theme_builder_area=&#8221;post_content&#8221; title_text=&#8221;Lumineszenzen im Zoo d&#039;Amneville 2023&#8243; sticky_enabled=&#8221;0&#8243;][\/et_pb_image][\/et_pb_column][et_pb_column type=&#8221;1_2&#8243; _builder_version=&#8221;4.27.3&#8243; _module_preset=&#8221;default&#8221; global_colors_info=&#8221;{}&#8221; theme_builder_area=&#8221;post_content&#8221;][et_pb_image src=&#8221;https:\/\/inlightfest.com\/wp-content\/uploads\/2025\/09\/Luminescences-at-Zoo-dAmneville-2023-1_WH_1000x800px.jpg&#8221; alt=&#8221;Lumineszenzen im Zoo d&#039;Amneville 2023  &#8221; _builder_version=&#8221;4.27.3&#8243; _module_preset=&#8221;default&#8221; hover_enabled=&#8221;0&#8243; border_radii=&#8221;on|80px|80px|80px|80px&#8221; global_colors_info=&#8221;{}&#8221; theme_builder_area=&#8221;post_content&#8221; title_text=&#8221;Lumineszenzen im Zoo d&#039;Amneville 2023  &#8221; sticky_enabled=&#8221;0&#8243;][\/et_pb_image][\/et_pb_column][\/et_pb_row][et_pb_row _builder_version=&#8221;4.27.3&#8243; _module_preset=&#8221;default&#8221; global_colors_info=&#8221;{}&#8221; theme_builder_area=&#8221;post_content&#8221;][et_pb_column type=&#8221;4_4&#8243; _builder_version=&#8221;4.27.3&#8243; _module_preset=&#8221;default&#8221; global_colors_info=&#8221;{}&#8221; theme_builder_area=&#8221;post_content&#8221;][et_pb_text _builder_version=&#8221;4.27.3&#8243; _module_preset=&#8221;default&#8221; hover_enabled=&#8221;0&#8243; global_colors_info=&#8221;{}&#8221; theme_builder_area=&#8221;post_content&#8221; sticky_enabled=&#8221;0&#8243;]<\/p>\n<h2><span style=\"font-size: large;\"><strong>Saisonale Ausrichtung:<\/strong><\/span><\/h2>\n<p>Es deckt die wichtigsten europ\u00e4ischen Feiertage wie Weihnachten und Neujahr ab. Das fantastische Laternenfest hat sich zu einem beliebten Ausflugsziel w\u00e4hrend der Neujahrsfeiern entwickelt. Zuschauer aller Altersgruppen k\u00f6nnen die W\u00e4rme der Kultur und die Freude des Festes durch Licht und Schatten erleben, die dem lokalen Festtagsleben vom Herbst bis zum Fr\u00fchling lebendige Farben verleihen.  <\/p>\n<p>&nbsp;<\/p>\n<h2><span style=\"font-size: large;\"><strong>Projekt-Highlights:<\/strong><\/span><\/h2>\n<p>1. den kulturellen Austausch zwischen China und Frankreich zu vertiefen und den Charme des immateriellen Kulturerbes zu pr\u00e4sentieren<\/p>\n<p>Als wichtige Plattform f\u00fcr die kulturelle Interaktion zwischen China und Frankreich hat das Laternenfest Elemente beider Kulturen tief integriert. Durch die traditionelle Handwerkskunst der Zigong-Laternen als immaterielles Kulturerbe (ICH) wurde dem europ\u00e4ischen Publikum der einzigartige Charme der traditionellen chinesischen Kultur direkt vor Augen gef\u00fchrt und das gegenseitige Verst\u00e4ndnis und die Verschmelzung der Kulturen beider L\u00e4nder wirksam gef\u00f6rdert. <\/p>\n<p>2. die lokale Wirtschaft ankurbeln und die Stadtentwicklung f\u00f6rdern<\/p>\n<p>Das Festival zog zahlreiche Besucher aus Frankreich und anderen europ\u00e4ischen L\u00e4ndern an. Die Besucherzahlen zeigten einen Aufw\u00e4rtstrend im Vergleich zur vorangegangenen Veranstaltung und trieben die Entwicklung der damit verbundenen lokalen Industrien in Amneville direkt voran. Gleichzeitig wurde der Ruf der Stadt gest\u00e4rkt und die Entwicklung der Stadt mit neuem Schwung vorangetrieben. <\/p>\n<p>[\/et_pb_text][\/et_pb_column][\/et_pb_row][\/et_pb_section][et_pb_section fb_built=&#8221;1&#8243; _builder_version=&#8221;4.27.3&#8243; _module_preset=&#8221;default&#8221; global_colors_info=&#8221;{}&#8221; theme_builder_area=&#8221;post_content&#8221;][et_pb_row _builder_version=&#8221;4.27.3&#8243; _module_preset=&#8221;default&#8221; global_colors_info=&#8221;{}&#8221; theme_builder_area=&#8221;post_content&#8221;][et_pb_column type=&#8221;4_4&#8243; _builder_version=&#8221;4.27.3&#8243; _module_preset=&#8221;default&#8221; global_colors_info=&#8221;{}&#8221; theme_builder_area=&#8221;post_content&#8221;][et_pb_gallery gallery_ids=&#8221;6062,6056,6050,6044,6038,6032,6026,6020,6014,6008,6002&#8243; gallery_orderby=&#8221;rand&#8221; show_title_and_caption=&#8221;off&#8221; _builder_version=&#8221;4.27.3&#8243; _module_preset=&#8221;default&#8221; hover_enabled=&#8221;0&#8243; global_colors_info=&#8221;{}&#8221; theme_builder_area=&#8221;post_content&#8221; sticky_enabled=&#8221;0&#8243;][\/et_pb_gallery][\/et_pb_column][\/et_pb_row][\/et_pb_section][et_pb_section fb_built=&#8221;1&#8243; _builder_version=&#8221;4.27.3&#8243; _module_preset=&#8221;default&#8221; background_color=&#8221;#000000&#8243; custom_padding=&#8221;20px||20px||false|false&#8221; global_module=&#8221;66&#8243; saved_tabs=&#8221;all&#8221; global_colors_info=&#8221;{}&#8221; theme_builder_area=&#8221;post_content&#8221;][et_pb_row column_structure=&#8221;1_4,1_4,1_4,1_4&#8243; _builder_version=&#8221;4.27.3&#8243; _module_preset=&#8221;default&#8221; custom_padding=&#8221;0px||0px|||&#8221; global_colors_info=&#8221;{}&#8221; theme_builder_area=&#8221;post_content&#8221;][et_pb_column type=&#8221;1_4&#8243; _builder_version=&#8221;4.27.3&#8243; _module_preset=&#8221;default&#8221; global_colors_info=&#8221;{}&#8221; theme_builder_area=&#8221;post_content&#8221;][et_pb_text _builder_version=&#8221;4.27.3&#8243; _module_preset=&#8221;default&#8221; text_text_color=&#8221;#FFFFFF&#8221; text_font_size=&#8221;12px&#8221; text_line_height=&#8221;1.6em&#8221; global_colors_info=&#8221;{}&#8221; theme_builder_area=&#8221;post_content&#8221;]<\/p>\n<p><span><a href=\"https:\/\/inlightfest.com\/?lang=de\">HOME<\/a><br \/><a href=\"https:\/\/inlightfest.com\/ueber-uns\/?lang=de\">\u00dcBER UNS<\/a><br \/><a href=\"https:\/\/inlightfest.com\/was-wir-tun\/?lang=de\">WAS WIR TUN<\/a><br \/><a href=\"https:\/\/inlightfest.com\/produkte-und-dienstleistungen\/?lang=de\">PRODUKTE &amp; DIENSTLEISTUNGEN<\/a><br \/>&#8211; <a href=\"https:\/\/inlightfest.com\/weltklasse-festivals\/?lang=de\">WELTKLASSE FESTIVALS<\/a><br \/>&#8211; <a href=\"https:\/\/inlightfest.com\/spezialdesigns-mit-ip-zulassung\/?lang=de\">SONDERANFERTIGUNGEN MIT IP-GENEHMIGUNG<\/a><br \/>&#8211; <a href=\"https:\/\/inlightfest.com\/interaktive-elemente\/?lang=de\">INTERAKTIVE ELEMENTE<\/a><br \/>&#8211; <a href=\"https:\/\/inlightfest.com\/landschaftsgestaltung-und-lichtskulpturen\/?lang=de\">LANDSCHAFTSGESTALTUNG &amp; LICHTSKULPTUREN<\/a><br \/>&#8211; <a href=\"https:\/\/inlightfest.com\/animatronische-modelle\/?lang=de\">ANIMATRONISCHE MODELLE<\/a><br \/><\/span><br \/><span><\/span><\/p>\n<p>[\/et_pb_text][\/et_pb_column][et_pb_column type=&#8221;1_4&#8243; _builder_version=&#8221;4.27.3&#8243; _module_preset=&#8221;default&#8221; global_colors_info=&#8221;{}&#8221; theme_builder_area=&#8221;post_content&#8221;][et_pb_text _builder_version=&#8221;4.27.3&#8243; _module_preset=&#8221;default&#8221; text_text_color=&#8221;#FFFFFF&#8221; text_font_size=&#8221;12px&#8221; text_line_height=&#8221;1.6em&#8221; global_colors_info=&#8221;{}&#8221; theme_builder_area=&#8221;post_content&#8221;]<\/p>\n<p><span><a href=\"https:\/\/inlightfest.com\/unsere-veranstaltungen\/?lang=de\">UNSERE VERANSTALTUNGEN<\/a><br \/>&#8211; <a href=\"https:\/\/inlightfest.com\/massgeschneiderte-feste-und-lichter\/?lang=de\">MASSGESCHNEIDERTE FESTIVALS &amp; LICHTER<\/a><br \/>&#8211; <a href=\"https:\/\/inlightfest.com\/einzigartige-full-service-loesungen\/?lang=de\">EINZIGARTIGE FULL SERVICE L\u00d6SUNGEN<\/a><br \/>&#8211; <a href=\"https:\/\/inlightfest.com\/vor-ort-besuche\/?lang=de\">BESUCHE VOR ORT<\/a><br \/>&#8211; <a href=\"https:\/\/inlightfest.com\/festival-design-und-management\/?lang=de\">FESTIVAL DESIGN &amp; MANAGEMENT<\/a><br \/>&#8211; <a href=\"https:\/\/inlightfest.com\/gesundheit-und-sicherheit\/?lang=de\">GESUNDHEIT &amp; SICHERHEIT<\/a><br \/>&#8211; <a href=\"https:\/\/inlightfest.com\/?page_id=242\">MARKETING UNTERST\u00dcTZUNG<\/a><br \/><a href=\"https:\/\/inlightfest.com\/auszeichnungen\/?lang=de\">AUSZEICHNUNGEN<\/a><br \/><a href=\"https:\/\/inlightfest.com\/galerie\/?lang=de\">GALERIE<\/a><br \/><a href=\"https:\/\/inlightfest.com\/medien\/?lang=de\" target=\"_blank\" rel=\"noopener\">MEDIEN<\/a><br \/><a href=\"https:\/\/inlightfest.com\/kontakt\/?lang=de\">KONTAKT<\/a><\/span><\/p>\n<p>[\/et_pb_text][\/et_pb_column][et_pb_column type=&#8221;1_4&#8243; _builder_version=&#8221;4.27.3&#8243; _module_preset=&#8221;default&#8221; global_colors_info=&#8221;{}&#8221; theme_builder_area=&#8221;post_content&#8221;][\/et_pb_column][et_pb_column type=&#8221;1_4&#8243; _builder_version=&#8221;4.27.3&#8243; _module_preset=&#8221;default&#8221; global_colors_info=&#8221;{}&#8221; theme_builder_area=&#8221;post_content&#8221;][et_pb_button button_url=&#8221;https:\/\/inlightfest.com\/kontakt\/?lang=de&#8221; button_text=&#8221;Buchen Sie ein Meeting&#8221; button_alignment=&#8221;right&#8221; module_class=&#8221;requestbttn&#8221; _builder_version=&#8221;4.27.3&#8243; _module_preset=&#8221;default&#8221; custom_margin=&#8221;-20px||||false|false&#8221; custom_padding=&#8221;3.3%||3.3%||false|false&#8221; global_colors_info=&#8221;{}&#8221; theme_builder_area=&#8221;post_content&#8221;][\/et_pb_button][et_pb_text _builder_version=&#8221;4.27.3&#8243; _module_preset=&#8221;default&#8221; text_font_size=&#8221;11px&#8221; text_line_height=&#8221;1em&#8221; text_orientation=&#8221;right&#8221; custom_margin=&#8221;0px||0px||false|false&#8221; custom_padding=&#8221;0px||0px||false|false&#8221; global_colors_info=&#8221;{}&#8221; theme_builder_area=&#8221;post_content&#8221;]<\/p>\n<p style=\"text-align: right;\"><strong><span style=\"color: #ffffff;\">Diese Website ist in den folgenden Sprachen verf\u00fcgbar.<\/span><br \/>\n<div role=\"navigation\" aria-label=\"Sprachwechsler\" class=\"wpml-ls-statics-shortcode_actions wpml-ls wpml-ls-legacy-list-horizontal\">\n\t<ul><li class=\"wpml-ls-slot-shortcode_actions wpml-ls-item wpml-ls-item-en wpml-ls-first-item wpml-ls-item-legacy-list-horizontal\">\n\t\t\t\t<a href=\"https:\/\/inlightfest.com\/\" hreflang=\"en\" lang=\"en\" class=\"wpml-ls-link\" aria-label=\"Wechseln zu Englisch (English)\" title=\"Wechseln zu Englisch (English)\">\n\t\t\t\t\t<span class=\"wpml-ls-native\">English<\/span><span class=\"wpml-ls-display\"><span class=\"wpml-ls-bracket\"> (<\/span>Englisch<span class=\"wpml-ls-bracket\">)<\/span><\/span><\/a>\n\t\t\t<\/li><li class=\"wpml-ls-slot-shortcode_actions wpml-ls-item wpml-ls-item-nl wpml-ls-item-legacy-list-horizontal\">\n\t\t\t\t<a href=\"https:\/\/inlightfest.com\/nl\/\" hreflang=\"nl\" lang=\"nl\" class=\"wpml-ls-link\" aria-label=\"Wechseln zu Niederl\u00e4ndisch (Nederlands)\" title=\"Wechseln zu Niederl\u00e4ndisch (Nederlands)\">\n\t\t\t\t\t<span class=\"wpml-ls-native\">Nederlands<\/span><span class=\"wpml-ls-display\"><span class=\"wpml-ls-bracket\"> (<\/span>Niederl\u00e4ndisch<span class=\"wpml-ls-bracket\">)<\/span><\/span><\/a>\n\t\t\t<\/li><li class=\"wpml-ls-slot-shortcode_actions wpml-ls-item wpml-ls-item-fr wpml-ls-item-legacy-list-horizontal\">\n\t\t\t\t<a href=\"https:\/\/inlightfest.com\/fr\/\" hreflang=\"fr\" lang=\"fr\" class=\"wpml-ls-link\" aria-label=\"Wechseln zu Franz\u00f6sisch (Fran\u00e7ais)\" title=\"Wechseln zu Franz\u00f6sisch (Fran\u00e7ais)\">\n\t\t\t\t\t<span class=\"wpml-ls-native\">Fran\u00e7ais<\/span><span class=\"wpml-ls-display\"><span class=\"wpml-ls-bracket\"> (<\/span>Franz\u00f6sisch<span class=\"wpml-ls-bracket\">)<\/span><\/span><\/a>\n\t\t\t<\/li><li class=\"wpml-ls-slot-shortcode_actions wpml-ls-item wpml-ls-item-de wpml-ls-current-language wpml-ls-item-legacy-list-horizontal\">\n\t\t\t\t<a href=\"https:\/\/inlightfest.com\/de\/\" hreflang=\"de\" lang=\"de\" class=\"wpml-ls-link\" aria-current=\"page\" aria-label=\"Wechseln zu Deutsch (Deutsch)\" title=\"Wechseln zu Deutsch (Deutsch)\">\n\t\t\t\t\t<span class=\"wpml-ls-native\">Deutsch<\/span><\/a>\n\t\t\t<\/li><li class=\"wpml-ls-slot-shortcode_actions wpml-ls-item wpml-ls-item-it wpml-ls-item-legacy-list-horizontal\">\n\t\t\t\t<a href=\"https:\/\/inlightfest.com\/it\/\" hreflang=\"it\" lang=\"it\" class=\"wpml-ls-link\" aria-label=\"Wechseln zu Italienisch (Italiano)\" title=\"Wechseln zu Italienisch (Italiano)\">\n\t\t\t\t\t<span class=\"wpml-ls-native\">Italiano<\/span><span class=\"wpml-ls-display\"><span class=\"wpml-ls-bracket\"> (<\/span>Italienisch<span class=\"wpml-ls-bracket\">)<\/span><\/span><\/a>\n\t\t\t<\/li><li class=\"wpml-ls-slot-shortcode_actions wpml-ls-item wpml-ls-item-es wpml-ls-last-item wpml-ls-item-legacy-list-horizontal\">\n\t\t\t\t<a href=\"https:\/\/inlightfest.com\/es\/\" hreflang=\"es\" lang=\"es\" class=\"wpml-ls-link\" aria-label=\"Wechseln zu Spanisch (Espa\u00f1ol)\" title=\"Wechseln zu Spanisch (Espa\u00f1ol)\">\n\t\t\t\t\t<span class=\"wpml-ls-native\">Espa\u00f1ol<\/span><span class=\"wpml-ls-display\"><span class=\"wpml-ls-bracket\"> (<\/span>Spanisch<span class=\"wpml-ls-bracket\">)<\/span><\/span><\/a>\n\t\t\t<\/li><\/ul>\n<\/div>\n<br \/><\/strong><\/p>\n<p>[\/et_pb_text][et_pb_social_media_follow use_icon_font_size=&#8221;on&#8221; icon_font_size=&#8221;20px&#8221; disabled_on=&#8221;off|off|off&#8221; _builder_version=&#8221;4.27.3&#8243; _module_preset=&#8221;default&#8221; text_orientation=&#8221;right&#8221; global_colors_info=&#8221;{}&#8221; theme_builder_area=&#8221;post_content&#8221;][et_pb_social_media_follow_network social_network=&#8221;linkedin&#8221; url=&#8221;https:\/\/www.linkedin.com\/company\/inlight-festival-group\/&#8221; _builder_version=&#8221;4.27.3&#8243; _module_preset=&#8221;default&#8221; background_color=&#8221;#007bb6&#8243; global_colors_info=&#8221;{}&#8221; theme_builder_area=&#8221;post_content&#8221; follow_button=&#8221;off&#8221; url_new_window=&#8221;on&#8221;]linkedin[\/et_pb_social_media_follow_network][et_pb_social_media_follow_network social_network=&#8221;facebook&#8221; url=&#8221;https:\/\/www.facebook.com\/profile.php?id=100072074895779&#8243; _builder_version=&#8221;4.27.3&#8243; _module_preset=&#8221;default&#8221; background_color=&#8221;#3b5998&#8243; global_colors_info=&#8221;{}&#8221; theme_builder_area=&#8221;post_content&#8221; follow_button=&#8221;off&#8221; url_new_window=&#8221;on&#8221;]facebook[\/et_pb_social_media_follow_network][et_pb_social_media_follow_network social_network=&#8221;instagram&#8221; url=&#8221;https:\/\/www.instagram.com\/inlight_festival_group\/&#8221; _builder_version=&#8221;4.27.3&#8243; _module_preset=&#8221;default&#8221; background_color=&#8221;#ea2c59&#8243; global_colors_info=&#8221;{}&#8221; theme_builder_area=&#8221;post_content&#8221; follow_button=&#8221;off&#8221; url_new_window=&#8221;on&#8221;]instagram[\/et_pb_social_media_follow_network][\/et_pb_social_media_follow][et_pb_image src=&#8221;https:\/\/inlightfest.com\/wp-content\/uploads\/2025\/01\/inLight-Lockup2-on-blacktransparent-RGB.png&#8221; title_text=&#8221;inLight-Lockup2-sur-noir(transparent)-RGB&#8221; module_class=&#8221;footerlogo&#8221; _builder_version=&#8221;4.27.3&#8243; _module_preset=&#8221;default&#8221; width=&#8221;43%&#8221; module_alignment=&#8221;right&#8221; custom_margin=&#8221;64px||||false|false&#8221; global_colors_info=&#8221;{}&#8221; theme_builder_area=&#8221;post_content&#8221;][\/et_pb_image][\/et_pb_column][\/et_pb_row][et_pb_row _builder_version=&#8221;4.27.3&#8243; _module_preset=&#8221;default&#8221; global_colors_info=&#8221;{}&#8221; theme_builder_area=&#8221;post_content&#8221;][et_pb_column type=&#8221;4_4&#8243; _builder_version=&#8221;4.27.3&#8243; _module_preset=&#8221;default&#8221; global_colors_info=&#8221;{}&#8221; theme_builder_area=&#8221;post_content&#8221;][et_pb_text _builder_version=&#8221;4.27.3&#8243; _module_preset=&#8221;default&#8221; text_text_color=&#8221;#FFFFFF&#8221; text_font_size=&#8221;12px&#8221; global_colors_info=&#8221;{}&#8221; theme_builder_area=&#8221;post_content&#8221;]<\/p>\n<p><span>\u00a92025 <span class=\" author-d-1gg9uz65z1iz85zgdz68zmqkz84zo2qotv4j4z78zz85zaz88z7z78zatz85zqiz69zz89zhz90zvz81zgf5ijseard h-ldquo\">Zi<\/span><span class=\" author-d-1gg9uz65z1iz85zgdz68zmqkz84zo2qotv4j4z78zz85zaz88z7z78zatz85zqiz69zz89zhz90zvz81zgf5ijseard\">  Gong Lantern Culture Industry Group Inc. Co. <\/span>  | <a href=\"https:\/\/inlightfest.com\/datenschutzbestimmungen\/?lang=de\">Datenschutz<\/a> | <a href=\"https:\/\/inlightfest.com\/nutzungsbedingungen\/?lang=de\">Nutzungsbedingungen<\/a> | Website von <a href=\"https:\/\/torontocreatives.com\">TC<\/a><\/span><\/p>\n<p>[\/et_pb_text][\/et_pb_column][\/et_pb_row][\/et_pb_section]<\/p>\n","protected":false},"excerpt":{"rendered":"<p>Lumineszenzen im Zoo d&#8217;Amneville 2023- Willkommen im Paradies Lumineszenzen im Zoo d&#8217;Amn\u00e9ville 2023 &#8211; &#8220;Willkommen im Paradies&#8221; &#8211; verwandelte den franz\u00f6sischen Zoo in ein spektakul\u00e4res Laternenfest mit tropischen Str\u00e4nden, farbenfrohen Fantasiewesen und festlichen, von Lebensmitteln inspirierten Vorf\u00fchrungen. Die Veranstaltung, bei der chinesische Laternenkunst mit franz\u00f6sischen Kulturelementen kombiniert wurde, beleuchtete die Weihnachts- und Neujahrsfeiern, zog Tausende [&hellip;]<\/p>\n","protected":false},"author":4,"featured_media":0,"parent":5922,"menu_order":0,"comment_status":"closed","ping_status":"closed","template":"","meta":{"_et_pb_use_builder":"on","_et_pb_old_content":"","_et_gb_content_width":"","_joinchat":[],"footnotes":""},"class_list":["post-6112","page","type-page","status-publish","hentry"],"yoast_head":"<!-- This site is optimized with the Yoast SEO plugin v27.4 - https:\/\/yoast.com\/product\/yoast-seo-wordpress\/ -->\n<title>Lumineszenzen im Zoo d&#039;Amneville 2023- Willkommen im Paradies - InLight<\/title>\n<meta name=\"description\" content=\"Lumineszenzen im Zoo d&#039;Amn\u00e9ville 2023 - &quot;Willkommen im Paradies&quot; - verwandelte den franz\u00f6sischen Zoo in ein spektakul\u00e4res Laternenfest mit tropischen Str\u00e4nden, farbenfrohen Fantasiewesen und festlichen, von Lebensmitteln inspirierten Vorf\u00fchrungen.\" \/>\n<meta name=\"robots\" content=\"index, follow, max-snippet:-1, max-image-preview:large, max-video-preview:-1\" \/>\n<link rel=\"canonical\" href=\"https:\/\/inlightfest.com\/de\/neueste-projekte-highlights-2\/lumineszenzen-im-zoo-damneville-2023-willkommen-im-paradies\/\" \/>\n<meta property=\"og:locale\" content=\"de_DE\" \/>\n<meta property=\"og:type\" content=\"article\" \/>\n<meta property=\"og:title\" content=\"Lumineszenzen im Zoo d&#039;Amneville 2023- Willkommen im Paradies - InLight\" \/>\n<meta property=\"og:description\" content=\"Lumineszenzen im Zoo d&#039;Amn\u00e9ville 2023 - &quot;Willkommen im Paradies&quot; - verwandelte den franz\u00f6sischen Zoo in ein spektakul\u00e4res Laternenfest mit tropischen Str\u00e4nden, farbenfrohen Fantasiewesen und festlichen, von Lebensmitteln inspirierten Vorf\u00fchrungen.\" \/>\n<meta property=\"og:url\" content=\"https:\/\/inlightfest.com\/de\/neueste-projekte-highlights-2\/lumineszenzen-im-zoo-damneville-2023-willkommen-im-paradies\/\" \/>\n<meta property=\"og:site_name\" content=\"InLight\" \/>\n<meta property=\"article:modified_time\" content=\"2025-09-17T09:12:13+00:00\" \/>\n<meta name=\"twitter:card\" content=\"summary_large_image\" \/>\n<meta name=\"twitter:label1\" content=\"Gesch\u00e4tzte Lesezeit\" \/>\n\t<meta name=\"twitter:data1\" content=\"10\u00a0Minuten\" \/>\n<script type=\"application\/ld+json\" class=\"yoast-schema-graph\">{\"@context\":\"https:\\\/\\\/schema.org\",\"@graph\":[{\"@type\":[\"Article\",\"BlogPosting\"],\"@id\":\"https:\\\/\\\/inlightfest.com\\\/de\\\/neueste-projekte-highlights-2\\\/lumineszenzen-im-zoo-damneville-2023-willkommen-im-paradies\\\/#article\",\"isPartOf\":{\"@id\":\"https:\\\/\\\/inlightfest.com\\\/de\\\/neueste-projekte-highlights-2\\\/lumineszenzen-im-zoo-damneville-2023-willkommen-im-paradies\\\/\"},\"author\":{\"name\":\"Joy Lin \u6b22\u4e50\u6797\",\"@id\":\"https:\\\/\\\/inlightfest.com\\\/de\\\/#\\\/schema\\\/person\\\/e184b3b310b016b32920d3e182bdc330\"},\"headline\":\"Lumineszenzen im Zoo d&#8217;Amneville 2023- Willkommen im Paradies\",\"datePublished\":\"2025-09-17T09:09:45+00:00\",\"dateModified\":\"2025-09-17T09:12:13+00:00\",\"mainEntityOfPage\":{\"@id\":\"https:\\\/\\\/inlightfest.com\\\/de\\\/neueste-projekte-highlights-2\\\/lumineszenzen-im-zoo-damneville-2023-willkommen-im-paradies\\\/\"},\"wordCount\":1929,\"publisher\":{\"@id\":\"https:\\\/\\\/inlightfest.com\\\/de\\\/#organization\"},\"inLanguage\":\"de\"},{\"@type\":[\"WebPage\",\"ItemPage\"],\"@id\":\"https:\\\/\\\/inlightfest.com\\\/de\\\/neueste-projekte-highlights-2\\\/lumineszenzen-im-zoo-damneville-2023-willkommen-im-paradies\\\/\",\"url\":\"https:\\\/\\\/inlightfest.com\\\/de\\\/neueste-projekte-highlights-2\\\/lumineszenzen-im-zoo-damneville-2023-willkommen-im-paradies\\\/\",\"name\":\"Lumineszenzen im Zoo d'Amneville 2023- Willkommen im Paradies - InLight\",\"isPartOf\":{\"@id\":\"https:\\\/\\\/inlightfest.com\\\/de\\\/#website\"},\"datePublished\":\"2025-09-17T09:09:45+00:00\",\"dateModified\":\"2025-09-17T09:12:13+00:00\",\"description\":\"Lumineszenzen im Zoo d'Amn\u00e9ville 2023 - \\\"Willkommen im Paradies\\\" - verwandelte den franz\u00f6sischen Zoo in ein spektakul\u00e4res Laternenfest mit tropischen Str\u00e4nden, farbenfrohen Fantasiewesen und festlichen, von Lebensmitteln inspirierten Vorf\u00fchrungen.\",\"breadcrumb\":{\"@id\":\"https:\\\/\\\/inlightfest.com\\\/de\\\/neueste-projekte-highlights-2\\\/lumineszenzen-im-zoo-damneville-2023-willkommen-im-paradies\\\/#breadcrumb\"},\"inLanguage\":\"de\",\"potentialAction\":[{\"@type\":\"ReadAction\",\"target\":[\"https:\\\/\\\/inlightfest.com\\\/de\\\/neueste-projekte-highlights-2\\\/lumineszenzen-im-zoo-damneville-2023-willkommen-im-paradies\\\/\"]}]},{\"@type\":\"BreadcrumbList\",\"@id\":\"https:\\\/\\\/inlightfest.com\\\/de\\\/neueste-projekte-highlights-2\\\/lumineszenzen-im-zoo-damneville-2023-willkommen-im-paradies\\\/#breadcrumb\",\"itemListElement\":[{\"@type\":\"ListItem\",\"position\":1,\"name\":\"Home\",\"item\":\"https:\\\/\\\/inlightfest.com\\\/de\\\/startseite\\\/\"},{\"@type\":\"ListItem\",\"position\":2,\"name\":\"Lumineszenzen im Zoo d&#8217;Amneville 2023- Willkommen im Paradies\"}]},{\"@type\":\"WebSite\",\"@id\":\"https:\\\/\\\/inlightfest.com\\\/de\\\/#website\",\"url\":\"https:\\\/\\\/inlightfest.com\\\/de\\\/\",\"name\":\"InLight\",\"description\":\"Light Up Your Imagination | The Original Lantern Festival Group\",\"publisher\":{\"@id\":\"https:\\\/\\\/inlightfest.com\\\/de\\\/#organization\"},\"potentialAction\":[{\"@type\":\"SearchAction\",\"target\":{\"@type\":\"EntryPoint\",\"urlTemplate\":\"https:\\\/\\\/inlightfest.com\\\/de\\\/?s={search_term_string}\"},\"query-input\":{\"@type\":\"PropertyValueSpecification\",\"valueRequired\":true,\"valueName\":\"search_term_string\"}}],\"inLanguage\":\"de\"},{\"@type\":\"Organization\",\"@id\":\"https:\\\/\\\/inlightfest.com\\\/de\\\/#organization\",\"name\":\"Zigong Lantern Culture Industry Group Co., Ltd\",\"url\":\"https:\\\/\\\/inlightfest.com\\\/de\\\/\",\"logo\":{\"@type\":\"ImageObject\",\"inLanguage\":\"de\",\"@id\":\"https:\\\/\\\/inlightfest.com\\\/de\\\/#\\\/schema\\\/logo\\\/image\\\/\",\"url\":\"https:\\\/\\\/inlightfest.com\\\/wp-content\\\/uploads\\\/2025\\\/01\\\/inLight-Lockup2-on-blacktransparent-RGB.png\",\"contentUrl\":\"https:\\\/\\\/inlightfest.com\\\/wp-content\\\/uploads\\\/2025\\\/01\\\/inLight-Lockup2-on-blacktransparent-RGB.png\",\"width\":3000,\"height\":991,\"caption\":\"Zigong Lantern Culture Industry Group Co., Ltd\"},\"image\":{\"@id\":\"https:\\\/\\\/inlightfest.com\\\/de\\\/#\\\/schema\\\/logo\\\/image\\\/\"}},{\"@type\":\"Person\",\"@id\":\"https:\\\/\\\/inlightfest.com\\\/de\\\/#\\\/schema\\\/person\\\/e184b3b310b016b32920d3e182bdc330\",\"name\":\"Joy Lin \u6b22\u4e50\u6797\",\"url\":\"https:\\\/\\\/inlightfest.com\\\/de\\\/author\\\/joyzgl\\\/\"}]}<\/script>\n<!-- \/ Yoast SEO plugin. -->","yoast_head_json":{"title":"Lumineszenzen im Zoo d'Amneville 2023- Willkommen im Paradies - InLight","description":"Lumineszenzen im Zoo d'Amn\u00e9ville 2023 - \"Willkommen im Paradies\" - verwandelte den franz\u00f6sischen Zoo in ein spektakul\u00e4res Laternenfest mit tropischen Str\u00e4nden, farbenfrohen Fantasiewesen und festlichen, von Lebensmitteln inspirierten Vorf\u00fchrungen.","robots":{"index":"index","follow":"follow","max-snippet":"max-snippet:-1","max-image-preview":"max-image-preview:large","max-video-preview":"max-video-preview:-1"},"canonical":"https:\/\/inlightfest.com\/de\/neueste-projekte-highlights-2\/lumineszenzen-im-zoo-damneville-2023-willkommen-im-paradies\/","og_locale":"de_DE","og_type":"article","og_title":"Lumineszenzen im Zoo d'Amneville 2023- Willkommen im Paradies - InLight","og_description":"Lumineszenzen im Zoo d'Amn\u00e9ville 2023 - \"Willkommen im Paradies\" - verwandelte den franz\u00f6sischen Zoo in ein spektakul\u00e4res Laternenfest mit tropischen Str\u00e4nden, farbenfrohen Fantasiewesen und festlichen, von Lebensmitteln inspirierten Vorf\u00fchrungen.","og_url":"https:\/\/inlightfest.com\/de\/neueste-projekte-highlights-2\/lumineszenzen-im-zoo-damneville-2023-willkommen-im-paradies\/","og_site_name":"InLight","article_modified_time":"2025-09-17T09:12:13+00:00","twitter_card":"summary_large_image","twitter_misc":{"Gesch\u00e4tzte Lesezeit":"10\u00a0Minuten"},"schema":{"@context":"https:\/\/schema.org","@graph":[{"@type":["Article","BlogPosting"],"@id":"https:\/\/inlightfest.com\/de\/neueste-projekte-highlights-2\/lumineszenzen-im-zoo-damneville-2023-willkommen-im-paradies\/#article","isPartOf":{"@id":"https:\/\/inlightfest.com\/de\/neueste-projekte-highlights-2\/lumineszenzen-im-zoo-damneville-2023-willkommen-im-paradies\/"},"author":{"name":"Joy Lin \u6b22\u4e50\u6797","@id":"https:\/\/inlightfest.com\/de\/#\/schema\/person\/e184b3b310b016b32920d3e182bdc330"},"headline":"Lumineszenzen im Zoo d&#8217;Amneville 2023- Willkommen im Paradies","datePublished":"2025-09-17T09:09:45+00:00","dateModified":"2025-09-17T09:12:13+00:00","mainEntityOfPage":{"@id":"https:\/\/inlightfest.com\/de\/neueste-projekte-highlights-2\/lumineszenzen-im-zoo-damneville-2023-willkommen-im-paradies\/"},"wordCount":1929,"publisher":{"@id":"https:\/\/inlightfest.com\/de\/#organization"},"inLanguage":"de"},{"@type":["WebPage","ItemPage"],"@id":"https:\/\/inlightfest.com\/de\/neueste-projekte-highlights-2\/lumineszenzen-im-zoo-damneville-2023-willkommen-im-paradies\/","url":"https:\/\/inlightfest.com\/de\/neueste-projekte-highlights-2\/lumineszenzen-im-zoo-damneville-2023-willkommen-im-paradies\/","name":"Lumineszenzen im Zoo d'Amneville 2023- Willkommen im Paradies - InLight","isPartOf":{"@id":"https:\/\/inlightfest.com\/de\/#website"},"datePublished":"2025-09-17T09:09:45+00:00","dateModified":"2025-09-17T09:12:13+00:00","description":"Lumineszenzen im Zoo d'Amn\u00e9ville 2023 - \"Willkommen im Paradies\" - verwandelte den franz\u00f6sischen Zoo in ein spektakul\u00e4res Laternenfest mit tropischen Str\u00e4nden, farbenfrohen Fantasiewesen und festlichen, von Lebensmitteln inspirierten Vorf\u00fchrungen.","breadcrumb":{"@id":"https:\/\/inlightfest.com\/de\/neueste-projekte-highlights-2\/lumineszenzen-im-zoo-damneville-2023-willkommen-im-paradies\/#breadcrumb"},"inLanguage":"de","potentialAction":[{"@type":"ReadAction","target":["https:\/\/inlightfest.com\/de\/neueste-projekte-highlights-2\/lumineszenzen-im-zoo-damneville-2023-willkommen-im-paradies\/"]}]},{"@type":"BreadcrumbList","@id":"https:\/\/inlightfest.com\/de\/neueste-projekte-highlights-2\/lumineszenzen-im-zoo-damneville-2023-willkommen-im-paradies\/#breadcrumb","itemListElement":[{"@type":"ListItem","position":1,"name":"Home","item":"https:\/\/inlightfest.com\/de\/startseite\/"},{"@type":"ListItem","position":2,"name":"Lumineszenzen im Zoo d&#8217;Amneville 2023- Willkommen im Paradies"}]},{"@type":"WebSite","@id":"https:\/\/inlightfest.com\/de\/#website","url":"https:\/\/inlightfest.com\/de\/","name":"InLight","description":"Light Up Your Imagination | The Original Lantern Festival Group","publisher":{"@id":"https:\/\/inlightfest.com\/de\/#organization"},"potentialAction":[{"@type":"SearchAction","target":{"@type":"EntryPoint","urlTemplate":"https:\/\/inlightfest.com\/de\/?s={search_term_string}"},"query-input":{"@type":"PropertyValueSpecification","valueRequired":true,"valueName":"search_term_string"}}],"inLanguage":"de"},{"@type":"Organization","@id":"https:\/\/inlightfest.com\/de\/#organization","name":"Zigong Lantern Culture Industry Group Co., Ltd","url":"https:\/\/inlightfest.com\/de\/","logo":{"@type":"ImageObject","inLanguage":"de","@id":"https:\/\/inlightfest.com\/de\/#\/schema\/logo\/image\/","url":"https:\/\/inlightfest.com\/wp-content\/uploads\/2025\/01\/inLight-Lockup2-on-blacktransparent-RGB.png","contentUrl":"https:\/\/inlightfest.com\/wp-content\/uploads\/2025\/01\/inLight-Lockup2-on-blacktransparent-RGB.png","width":3000,"height":991,"caption":"Zigong Lantern Culture Industry Group Co., Ltd"},"image":{"@id":"https:\/\/inlightfest.com\/de\/#\/schema\/logo\/image\/"}},{"@type":"Person","@id":"https:\/\/inlightfest.com\/de\/#\/schema\/person\/e184b3b310b016b32920d3e182bdc330","name":"Joy Lin \u6b22\u4e50\u6797","url":"https:\/\/inlightfest.com\/de\/author\/joyzgl\/"}]}},"_links":{"self":[{"href":"https:\/\/inlightfest.com\/de\/wp-json\/wp\/v2\/pages\/6112","targetHints":{"allow":["GET"]}}],"collection":[{"href":"https:\/\/inlightfest.com\/de\/wp-json\/wp\/v2\/pages"}],"about":[{"href":"https:\/\/inlightfest.com\/de\/wp-json\/wp\/v2\/types\/page"}],"author":[{"embeddable":true,"href":"https:\/\/inlightfest.com\/de\/wp-json\/wp\/v2\/users\/4"}],"replies":[{"embeddable":true,"href":"https:\/\/inlightfest.com\/de\/wp-json\/wp\/v2\/comments?post=6112"}],"version-history":[{"count":5,"href":"https:\/\/inlightfest.com\/de\/wp-json\/wp\/v2\/pages\/6112\/revisions"}],"predecessor-version":[{"id":6159,"href":"https:\/\/inlightfest.com\/de\/wp-json\/wp\/v2\/pages\/6112\/revisions\/6159"}],"up":[{"embeddable":true,"href":"https:\/\/inlightfest.com\/de\/wp-json\/wp\/v2\/pages\/5922"}],"wp:attachment":[{"href":"https:\/\/inlightfest.com\/de\/wp-json\/wp\/v2\/media?parent=6112"}],"curies":[{"name":"wp","href":"https:\/\/api.w.org\/{rel}","templated":true}]}}