{"id":3998,"date":"2024-12-20T07:11:23","date_gmt":"2024-12-19T23:11:23","guid":{"rendered":"https:\/\/inlightfest.com\/unsere-veranstaltungen\/"},"modified":"2025-05-13T16:40:23","modified_gmt":"2025-05-13T16:40:23","slug":"unsere-veranstaltungen","status":"publish","type":"page","link":"https:\/\/inlightfest.com\/de\/unsere-veranstaltungen\/","title":{"rendered":"Unsere Veranstaltungen"},"content":{"rendered":"<p>[et_pb_section fb_built=&#8221;1&#8243; fullwidth=&#8221;on&#8221; disabled_on=&#8221;on|on|off&#8221; _builder_version=&#8221;4.27.3&#8243; _module_preset=&#8221;default&#8221; global_module=&#8221;92&#8243; saved_tabs=&#8221;all&#8221; global_colors_info=&#8221;{}&#8221;][et_pb_fullwidth_menu menu_id=&#8221;7&#8243; fullwidth_menu=&#8221;on&#8221; dropdown_menu_line_color=&#8221;RGBA(255,255,255,0)&#8221; logo_width=&#8221;100%&#8221; _builder_version=&#8221;4.27.3&#8243; _module_preset=&#8221;default&#8221; menu_font=&#8221;|700|||||||&#8221; text_orientation=&#8221;right&#8221; width=&#8221;95%&#8221; max_width=&#8221;100%&#8221; custom_margin=&#8221;-5px||0px||false|false&#8221; custom_css_dropdown_links=&#8221;padding-right:50px;||line-height: 1.5em;||padding-bottom:5%;&#8221; global_colors_info=&#8221;{}&#8221;][\/et_pb_fullwidth_menu][\/et_pb_section][et_pb_section fb_built=&#8221;1&#8243; _builder_version=&#8221;4.27.3&#8243; _module_preset=&#8221;default&#8221; use_background_color_gradient=&#8221;on&#8221; background_color_gradient_direction=&#8221;100deg&#8221; background_color_gradient_stops=&#8221;#003751 0%|#00aead 30%|#c1198b 60%|#ee5d9e 100%&#8221; custom_padding=&#8221;0px||14px|||&#8221; custom_css_main_element=&#8221;max-height:20px !important;&#8221; global_module=&#8221;198&#8243; saved_tabs=&#8221;all&#8221; global_colors_info=&#8221;{}&#8221;][\/et_pb_section][et_pb_section fb_built=&#8221;1&#8243; _builder_version=&#8221;4.27.3&#8243; _module_preset=&#8221;default&#8221; background_video_mp4=&#8221;https:\/\/inlightfest.com\/wp-content\/uploads\/2024\/12\/InLight-Temp_banner_video.mp4&#8243; global_module=&#8221;207&#8243; global_colors_info=&#8221;{}&#8221;][et_pb_row _builder_version=&#8221;4.27.3&#8243; _module_preset=&#8221;default&#8221; custom_padding=&#8221;||19px|||&#8221; global_colors_info=&#8221;{}&#8221;][et_pb_column type=&#8221;4_4&#8243; _builder_version=&#8221;4.27.3&#8243; _module_preset=&#8221;default&#8221; global_colors_info=&#8221;{}&#8221;][et_pb_post_title meta=&#8221;off&#8221; featured_image=&#8221;off&#8221; text_color=&#8221;light&#8221; _builder_version=&#8221;4.27.3&#8243; _module_preset=&#8221;default&#8221; text_orientation=&#8221;right&#8221; global_colors_info=&#8221;{}&#8221;][\/et_pb_post_title][\/et_pb_column][\/et_pb_row][\/et_pb_section][et_pb_section fb_built=&#8221;1&#8243; _builder_version=&#8221;4.27.3&#8243; _module_preset=&#8221;default&#8221; global_colors_info=&#8221;{}&#8221;][et_pb_row column_structure=&#8221;2_5,3_5&#8243; make_equal=&#8221;on&#8221; _builder_version=&#8221;4.27.3&#8243; _module_preset=&#8221;default&#8221; width=&#8221;50%&#8221; width_tablet=&#8221;75%&#8221; width_phone=&#8221;75%&#8221; width_last_edited=&#8221;on|phone&#8221; global_colors_info=&#8221;{}&#8221;][et_pb_column type=&#8221;2_5&#8243; _builder_version=&#8221;4.27.3&#8243; _module_preset=&#8221;default&#8221; custom_css_main_element=&#8221;margin:auto;&#8221; global_colors_info=&#8221;{}&#8221;][et_pb_image src=&#8221;https:\/\/inlightfest.com\/wp-content\/uploads\/2024\/12\/dublin-zoo.png&#8221; title_text=&#8221;dublin-zoo&#8221; _builder_version=&#8221;4.27.3&#8243; _module_preset=&#8221;default&#8221; width_tablet=&#8221;75%&#8221; width_phone=&#8221;90%&#8221; width_last_edited=&#8221;on|phone&#8221; module_alignment=&#8221;center&#8221; custom_margin_tablet=&#8221;||35px||false|false&#8221; custom_margin_phone=&#8221;||35px||false|false&#8221; custom_margin_last_edited=&#8221;on|tablet&#8221; global_colors_info=&#8221;{}&#8221;][\/et_pb_image][\/et_pb_column][et_pb_column type=&#8221;3_5&#8243; _builder_version=&#8221;4.27.3&#8243; _module_preset=&#8221;default&#8221; custom_css_main_element=&#8221;margin:auto;&#8221; global_colors_info=&#8221;{}&#8221;][et_pb_text _builder_version=&#8221;4.27.3&#8243; _module_preset=&#8221;default&#8221; global_colors_info=&#8221;{}&#8221;]<\/p>\n<h4 role=\"heading\" aria-level=\"4\" data-ux=\"ContentHeading\" data-aid=\"CONTENT_HEADLINE1_RENDERED\" data-typography=\"HeadingDelta\" class=\"x-el x-el-h4 c1-1 c1-2 c1-1b c1-1c c1-b5 c1-34 c1-35 c1-1e c1-1f c1-b c1-b6 c1-c c1-5x c1-d c1-e c1-f c1-g\">DUBLIN ZOO 2019 &#8211; GESCHICHTEN, MYTHEN UND LEGENDEN<\/h4>\n<div data-ux=\"ContentText\" alignment=\"left\" data-aid=\"CONTENT_DESCRIPTION1_RENDERED\" data-typography=\"BodyAlpha\" class=\"x-el c1-1 c1-2 c1-1b c1-1c c1-1d c1-1e c1-1f c1-b7 c1-b8 c1-b9 c1-ba c1-bb c1-bc c1-bd c1-be c1-bf c1-bg c1-bh c1-bi c1-bj c1-bk c1-bl c1-bm c1-bn c1-bo c1-bp c1-bq c1-br c1-bs c1-bt c1-bu c1-bv c1-bw c1-bx c1-by c1-32 c1-b c1-bz c1-c c1-1i c1-d c1-e c1-f c1-g x-rt\">\n<p><span>Die Weihnachtsveranstaltungen 2019 bieten magische Szenen aus bekannten Geschichten wie Der Zauberer von Oz, Alices Abenteuer im Wunderland, Peter Pan und das Dschungelbuch&#8230; bis hin zu den beliebtesten Kinderreimen und Figuren aus der irischen Mythologie &#8211; alle werden w\u00e4hrend der Weihnachtsshow von schillernden, riesigen, farbenfrohen Seidenlaternen zum Leben erweckt!<\/span><span><\/span><\/p>\n<p><span>-Vom 3. Festival im Dubliner Zoo<\/span><\/p>\n<\/div>\n<p>[\/et_pb_text][\/et_pb_column][\/et_pb_row][et_pb_row _builder_version=&#8221;4.27.3&#8243; _module_preset=&#8221;default&#8221; custom_padding=&#8221;22px||0px|||&#8221; global_colors_info=&#8221;{}&#8221;][et_pb_column type=&#8221;4_4&#8243; _builder_version=&#8221;4.27.3&#8243; _module_preset=&#8221;default&#8221; global_colors_info=&#8221;{}&#8221;][et_pb_divider color=&#8221;#000000&#8243; _builder_version=&#8221;4.27.3&#8243; _module_preset=&#8221;default&#8221; width=&#8221;75%&#8221; module_alignment=&#8221;center&#8221; global_colors_info=&#8221;{}&#8221;][\/et_pb_divider][\/et_pb_column][\/et_pb_row][et_pb_row column_structure=&#8221;2_5,3_5&#8243; make_equal=&#8221;on&#8221; _builder_version=&#8221;4.27.3&#8243; _module_preset=&#8221;default&#8221; width=&#8221;50%&#8221; width_tablet=&#8221;75%&#8221; width_phone=&#8221;75%&#8221; width_last_edited=&#8221;on|phone&#8221; global_colors_info=&#8221;{}&#8221;][et_pb_column type=&#8221;2_5&#8243; _builder_version=&#8221;4.27.3&#8243; _module_preset=&#8221;default&#8221; custom_css_main_element=&#8221;margin:auto;&#8221; global_colors_info=&#8221;{}&#8221;][et_pb_image src=&#8221;https:\/\/inlightfest.com\/wp-content\/uploads\/2024\/12\/LONGLEAT.png&#8221; title_text=&#8221;LONGLEAT&#8221; _builder_version=&#8221;4.27.3&#8243; _module_preset=&#8221;default&#8221; width_tablet=&#8221;75%&#8221; width_phone=&#8221;90%&#8221; width_last_edited=&#8221;on|tablet&#8221; module_alignment=&#8221;center&#8221; custom_margin_tablet=&#8221;||35px||false|false&#8221; custom_margin_phone=&#8221;||35px||false|false&#8221; custom_margin_last_edited=&#8221;on|tablet&#8221; global_colors_info=&#8221;{}&#8221;][\/et_pb_image][\/et_pb_column][et_pb_column type=&#8221;3_5&#8243; _builder_version=&#8221;4.27.3&#8243; _module_preset=&#8221;default&#8221; custom_css_main_element=&#8221;margin:auto;&#8221; global_colors_info=&#8221;{}&#8221;][et_pb_text _builder_version=&#8221;4.27.3&#8243; _module_preset=&#8221;default&#8221; global_colors_info=&#8221;{}&#8221;]<\/p>\n<h4 role=\"heading\" aria-level=\"4\" data-ux=\"ContentHeading\" data-aid=\"CONTENT_HEADLINE1_RENDERED\" data-typography=\"HeadingDelta\" class=\"x-el x-el-h4 c1-1 c1-2 c1-1b c1-1c c1-b5 c1-34 c1-35 c1-1e c1-1f c1-b c1-6j c1-c c1-5x c1-d c1-e c1-f c1-g\">LONGLEAT 2019- FESTIVAL DES LICHTS &#8211; MYTHEN UND LEGENDEN<\/h4>\n<div data-ux=\"ContentText\" alignment=\"left\" data-aid=\"CONTENT_DESCRIPTION1_RENDERED\" data-typography=\"BodyAlpha\" class=\"x-el c1-1 c1-2 c1-1b c1-1c c1-1d c1-1e c1-1f c1-b7 c1-b8 c1-b9 c1-ba c1-bb c1-bc c1-bd c1-be c1-bf c1-bg c1-bh c1-bi c1-bj c1-bk c1-bl c1-bm c1-bn c1-bo c1-bp c1-bq c1-br c1-bs c1-bt c1-bu c1-bv c1-bw c1-bx c1-by c1-32 c1-b c1-39 c1-c c1-1i c1-d c1-e c1-f c1-g x-rt\">\n<p><span>Mythen und Legenden -2019 mit au\u00dfergew\u00f6hnlichen Kreaturen und antiken Gottheiten aus der griechischen Mythologie. Mit mehr als 3.000 Laternen zieht der pr\u00e4chtige griechische Parthenon die G\u00e4ste in diese magische Welt und erweckt diese Welt der Illumination zum Leben. <\/span><\/p>\n<p><span>Das Land der G\u00f6tter beherbergt Zeus, Poseidon, Aphrodite, Medusa und Perseus, bevor er den t\u00f6dlichen Schlag ausf\u00fchrt. Der Garten der mythischen Monster umfasst den Minotaurus in seinem Labyrinth, die vulkanische Unterwelt mit Hades und Persephone, den dreik\u00f6pfigen H\u00f6llenhund Zerberus und Herkules im Kampf gegen die Hydra! <\/span><span><\/span><\/p>\n<p><span>-Vom 6. Festival in Longleat<\/span><\/p>\n<\/div>\n<p>[\/et_pb_text][\/et_pb_column][\/et_pb_row][et_pb_row _builder_version=&#8221;4.27.3&#8243; _module_preset=&#8221;default&#8221; custom_padding=&#8221;22px||0px|||&#8221; global_colors_info=&#8221;{}&#8221;][et_pb_column type=&#8221;4_4&#8243; _builder_version=&#8221;4.27.3&#8243; _module_preset=&#8221;default&#8221; global_colors_info=&#8221;{}&#8221;][et_pb_divider color=&#8221;#000000&#8243; _builder_version=&#8221;4.27.3&#8243; _module_preset=&#8221;default&#8221; width=&#8221;75%&#8221; module_alignment=&#8221;center&#8221; global_colors_info=&#8221;{}&#8221;][\/et_pb_divider][\/et_pb_column][\/et_pb_row][et_pb_row column_structure=&#8221;2_5,3_5&#8243; make_equal=&#8221;on&#8221; _builder_version=&#8221;4.27.3&#8243; _module_preset=&#8221;default&#8221; width=&#8221;50%&#8221; width_tablet=&#8221;75%&#8221; width_phone=&#8221;75%&#8221; width_last_edited=&#8221;on|phone&#8221; global_colors_info=&#8221;{}&#8221;][et_pb_column type=&#8221;2_5&#8243; _builder_version=&#8221;4.27.3&#8243; _module_preset=&#8221;default&#8221; custom_css_main_element=&#8221;margin:auto;&#8221; global_colors_info=&#8221;{}&#8221;][et_pb_image src=&#8221;https:\/\/inlightfest.com\/wp-content\/uploads\/2024\/12\/Feerie-de-Chine-2019.png&#8221; title_text=&#8221;Feerie-de-Chine-2019&#8243; _builder_version=&#8221;4.27.3&#8243; _module_preset=&#8221;default&#8221; width_tablet=&#8221;75%&#8221; width_phone=&#8221;90%&#8221; width_last_edited=&#8221;on|phone&#8221; module_alignment=&#8221;center&#8221; custom_margin_tablet=&#8221;||35px||false|false&#8221; custom_margin_phone=&#8221;||35px||false|false&#8221; custom_margin_last_edited=&#8221;on|tablet&#8221; global_colors_info=&#8221;{}&#8221;][\/et_pb_image][\/et_pb_column][et_pb_column type=&#8221;3_5&#8243; _builder_version=&#8221;4.27.3&#8243; _module_preset=&#8221;default&#8221; custom_css_main_element=&#8221;margin:auto;&#8221; global_colors_info=&#8221;{}&#8221;][et_pb_text _builder_version=&#8221;4.27.3&#8243; _module_preset=&#8221;default&#8221; global_colors_info=&#8221;{}&#8221;]<\/p>\n<h4 role=\"heading\" aria-level=\"4\" data-ux=\"ContentHeading\" data-aid=\"CONTENT_HEADLINE1_RENDERED\" data-typography=\"HeadingDelta\" class=\"x-el x-el-h4 c1-1 c1-2 c1-1b c1-1c c1-b5 c1-34 c1-35 c1-1e c1-1f c1-b c1-b6 c1-c c1-5x c1-d c1-e c1-f c1-g\">F\u00e9\u00e9rie de Chine 2019- Gaillac Laternenfest<\/h4>\n<div data-ux=\"ContentText\" alignment=\"left\" data-aid=\"CONTENT_DESCRIPTION1_RENDERED\" data-typography=\"BodyAlpha\" class=\"x-el c1-1 c1-2 c1-1b c1-1c c1-1d c1-1e c1-1f c1-b7 c1-b8 c1-b9 c1-ba c1-bb c1-bc c1-bd c1-be c1-bf c1-bg c1-bh c1-bi c1-bj c1-bk c1-bl c1-bm c1-bn c1-bo c1-bp c1-bq c1-br c1-bs c1-bt c1-bu c1-bv c1-bw c1-bx c1-by c1-32 c1-b c1-bz c1-c c1-1i c1-d c1-e c1-f c1-g x-rt\">\n<p><span>Mit 430.000 Besuchern w\u00e4hrend der 3. Auflage des Weihnachtsspektakels (1. Dezember 2019 &#8211; 31. Januar 2020) ist das Laternenfest in Gaillac, Tarn, die gr\u00f6\u00dfte chinesische Kulturveranstaltung in Frankreich. Eine Stadt des Lichts, die sich \u00fcber fast 5 Hektar in einem historischen Park erstreckt und bereits mehr als 1 Million Besucher in Erstaunen versetzt hat. <\/span><span><\/span><\/p>\n<p><span>&#8211; Vom 3. Festival in Gaillac  <\/span><\/p>\n<\/div>\n<p>[\/et_pb_text][\/et_pb_column][\/et_pb_row][et_pb_row _builder_version=&#8221;4.27.3&#8243; _module_preset=&#8221;default&#8221; width=&#8221;50%&#8221; width_tablet=&#8221;75%&#8221; width_phone=&#8221;75%&#8221; width_last_edited=&#8221;on|phone&#8221; global_colors_info=&#8221;{}&#8221;][et_pb_column type=&#8221;4_4&#8243; _builder_version=&#8221;4.27.3&#8243; _module_preset=&#8221;default&#8221; global_colors_info=&#8221;{}&#8221;][et_pb_button button_url=&#8221;https:\/\/inlightfest.com\/our-events-2\/&#8221; button_text=&#8221;Alle unsere Veranstaltungen&#8221; button_alignment=&#8221;right&#8221; button_alignment_tablet=&#8221;center&#8221; button_alignment_phone=&#8221;center&#8221; button_alignment_last_edited=&#8221;on|tablet&#8221; module_class=&#8221;pa-inline-buttons&#8221; _builder_version=&#8221;4.27.3&#8243; _module_preset=&#8221;default&#8221; custom_padding=&#8221;3.3%||3.3%||false|false&#8221; global_colors_info=&#8221;{}&#8221;][\/et_pb_button][\/et_pb_column][\/et_pb_row][et_pb_row _builder_version=&#8221;4.27.3&#8243; _module_preset=&#8221;default&#8221; custom_padding=&#8221;22px||0px|||&#8221; global_colors_info=&#8221;{}&#8221;][et_pb_column type=&#8221;4_4&#8243; _builder_version=&#8221;4.27.3&#8243; _module_preset=&#8221;default&#8221; global_colors_info=&#8221;{}&#8221;][et_pb_divider color=&#8221;#000000&#8243; _builder_version=&#8221;4.27.3&#8243; _module_preset=&#8221;default&#8221; width=&#8221;75%&#8221; module_alignment=&#8221;center&#8221; global_colors_info=&#8221;{}&#8221;][\/et_pb_divider][\/et_pb_column][\/et_pb_row][et_pb_row _builder_version=&#8221;4.27.3&#8243; _module_preset=&#8221;default&#8221; width=&#8221;50%&#8221; width_tablet=&#8221;75%&#8221; width_phone=&#8221;75%&#8221; width_last_edited=&#8221;on|phone&#8221; global_colors_info=&#8221;{}&#8221;][et_pb_column type=&#8221;4_4&#8243; _builder_version=&#8221;4.27.3&#8243; _module_preset=&#8221;default&#8221; global_colors_info=&#8221;{}&#8221;][et_pb_text _builder_version=&#8221;4.27.3&#8243; _module_preset=&#8221;default&#8221; hover_enabled=&#8221;0&#8243; global_colors_info=&#8221;{}&#8221; sticky_enabled=&#8221;0&#8243;]<\/p>\n<p class=\"mb-2 last:mb-0\">Die InLight Festival Group ist bekannt f\u00fcr die Organisation einiger der spektakul\u00e4rsten Laternenfestivals auf der ganzen Welt. Unsere Veranstaltungen sind ein Fest des Lichts, der Kultur und der Kreativit\u00e4t, das Zuschauer aller Altersgruppen fesseln und inspirieren soll. Hier erfahren Sie, wie wir diese magischen Erlebnisse zum Leben erwecken:  <\/p>\n<p class=\"mb-2 last:mb-0\"><strong>Planung und Konzeptualisierung<\/strong><br \/>Jedes Festival beginnt mit einer Vision. Unser Team arbeitet mit lokalen Partnern und Kulturexperten zusammen, um einzigartige Themen und Konzepte zu entwickeln, die in der Gemeinde Anklang finden. Diese sorgf\u00e4ltige Planung stellt sicher, dass jede Veranstaltung sowohl bedeutungsvoll als auch unvergesslich ist.  <\/p>\n<p class=\"mb-2 last:mb-0\"><strong>K\u00fcnstlerische Exzellenz und Innovation<\/strong><br \/>Unsere Festivals stehen f\u00fcr k\u00fcnstlerische Exzellenz und bieten atemberaubende LED-Laternen, die traditionelle Handwerkskunst mit moderner Technologie verbinden. Wir sind st\u00e4ndig auf der Suche nach neuen Innovationen, die die Grenzen des Designs verschieben, um beeindruckende visuelle Erlebnisse zu schaffen. <\/p>\n<p class=\"mb-2 last:mb-0\"><strong>Nahtlose Produktion und Durchf\u00fchrung<\/strong><br \/>Von der Logistik bis zur Installation verwaltet unser erfahrenes Team jeden Aspekt der Festivalproduktion. Wir sorgen daf\u00fcr, dass jede Veranstaltung reibungslos abl\u00e4uft und sowohl f\u00fcr unsere Partner als auch f\u00fcr die Besucher ein nahtloses Erlebnis ist. <\/p>\n<p class=\"mb-2 last:mb-0\"><strong>Engagement f\u00fcr die Gemeinschaft und kulturelle Feierlichkeiten<\/strong><br \/>Unsere Festivals sind mehr als nur visuelle Spektakel; sie sind Plattformen f\u00fcr kulturellen Austausch und Engagement f\u00fcr die Gemeinschaft. Wir zelebrieren die Vielfalt und f\u00f6rdern Verbindungen durch interaktive Installationen und Lichterlebnisse f\u00fcr die Gemeinschaft. <\/p>\n<p class=\"mb-2 last:mb-0\"><strong>Nachhaltigkeit und Umweltverantwortung<\/strong><br \/>Wir haben uns der Nachhaltigkeit verschrieben und verwenden bei all unseren Veranstaltungen umweltfreundliche Materialien und Verfahren. Unser Engagement f\u00fcr die Umwelt stellt sicher, dass unsere Festivals nicht nur gl\u00e4nzen, sondern auch einen positiven Einfluss auf die Gemeinden haben, denen wir dienen. <\/p>\n<p class=\"mb-2 last:mb-0\">Besuchen Sie ein InLight Festival und erleben Sie die Magie von Licht und Kultur wie nie zuvor. Entdecken Sie, warum unsere Veranstaltungen von Millionen Menschen auf der ganzen Welt gesch\u00e4tzt werden. <\/p>\n<p>[\/et_pb_text][\/et_pb_column][\/et_pb_row][et_pb_row disabled_on=&#8221;off|off|off&#8221; _builder_version=&#8221;4.27.3&#8243; _module_preset=&#8221;default&#8221; width=&#8221;50%&#8221; module_alignment=&#8221;center&#8221; global_colors_info=&#8221;{}&#8221;][et_pb_column type=&#8221;4_4&#8243; _builder_version=&#8221;4.27.3&#8243; _module_preset=&#8221;default&#8221; global_colors_info=&#8221;{}&#8221;][et_pb_button button_url=&#8221;https:\/\/inlightfest.com\/produkte-und-dienstleistungen\/?lang=de&#8221; button_text=&#8221;Produkte &amp; Dienstleistungen&#8221; button_alignment=&#8221;right&#8221; button_alignment_tablet=&#8221;center&#8221; button_alignment_phone=&#8221;center&#8221; button_alignment_last_edited=&#8221;on|tablet&#8221; module_class=&#8221;pa-inline-buttons&#8221; _builder_version=&#8221;4.27.3&#8243; _module_preset=&#8221;default&#8221; custom_padding=&#8221;3.3%||3.3%||false|false&#8221; global_colors_info=&#8221;{}&#8221;][\/et_pb_button][\/et_pb_column][\/et_pb_row][\/et_pb_section][et_pb_section fb_built=&#8221;1&#8243; _builder_version=&#8221;4.27.3&#8243; _module_preset=&#8221;default&#8221; background_color=&#8221;#000000&#8243; custom_padding=&#8221;20px||20px||false|false&#8221; global_module=&#8221;66&#8243; saved_tabs=&#8221;all&#8221; global_colors_info=&#8221;{}&#8221;][et_pb_row column_structure=&#8221;1_4,1_4,1_2&#8243; _builder_version=&#8221;4.27.3&#8243; _module_preset=&#8221;default&#8221; custom_padding=&#8221;0px||0px|||&#8221; global_colors_info=&#8221;{}&#8221;][et_pb_column type=&#8221;1_4&#8243; _builder_version=&#8221;4.27.3&#8243; _module_preset=&#8221;default&#8221; global_colors_info=&#8221;{}&#8221;][et_pb_text _builder_version=&#8221;4.27.3&#8243; _module_preset=&#8221;default&#8221; text_text_color=&#8221;#FFFFFF&#8221; text_font_size=&#8221;12px&#8221; text_line_height=&#8221;1.6em&#8221; global_colors_info=&#8221;{}&#8221;]<\/p>\n<p><span><a href=\"https:\/\/inlightfest.com\/?lang=de\">HOME<\/a><br \/><a href=\"https:\/\/inlightfest.com\/ueber-uns\/?lang=de\">\u00dcBER UNS<\/a><br \/><a href=\"https:\/\/inlightfest.com\/what-we-do\/\">WAS WIR TUN<\/a><br \/><a href=\"https:\/\/inlightfest.com\/produkte-und-dienstleistungen\/?lang=de\">PRODUKTE &amp; DIENSTLEISTUNGEN<\/a><br \/>&#8211; <a href=\"https:\/\/inlightfest.com\/world-class-festivals\/\">TRADITIONELLE LANTURNFESTE<\/a><br \/>&#8211; <a href=\"https:\/\/inlightfest.com\/special-designs-with-ip-approval\/\">SONDERANFERTIGUNGEN MIT IP-GENEHMIGUNG<\/a><br \/>&#8211; <a href=\"https:\/\/inlightfest.com\/interactive-and-laser-shows\/\">INTERAKTIVE &amp; LASERSHOWS<\/a><br \/>&#8211; <a href=\"https:\/\/inlightfest.com\/landscaping-and-light-sculptures\/\">LANDSCHAFTSGESTALTUNG &amp; LICHTSKULPTUREN<\/a><br \/>&#8211; <a href=\"https:\/\/inlightfest.com\/animatronic-models\/\">ANIMATRONISCHE MODELLE<\/a><br \/><\/span><br \/><span><\/span><\/p>\n<p>[\/et_pb_text][\/et_pb_column][et_pb_column type=&#8221;1_4&#8243; _builder_version=&#8221;4.27.3&#8243; _module_preset=&#8221;default&#8221; global_colors_info=&#8221;{}&#8221;][et_pb_text _builder_version=&#8221;4.27.3&#8243; _module_preset=&#8221;default&#8221; text_text_color=&#8221;#FFFFFF&#8221; text_font_size=&#8221;12px&#8221; text_line_height=&#8221;1.6em&#8221; global_colors_info=&#8221;{}&#8221;]<\/p>\n<p><span><a href=\"https:\/\/inlightfest.com\/unsere-veranstaltungen\/?lang=de\">UNSERE VERANSTALTUNGEN<\/a><br \/>&#8211; <a href=\"https:\/\/inlightfest.com\/massgeschneiderte-feste-und-lichter\/?lang=de\">MASSGESCHNEIDERTE FESTIVALS &amp; LICHTER<\/a><br \/>&#8211; <a href=\"https:\/\/inlightfest.com\/einzigartige-full-service-loesungen\/?lang=de\">EINZIGARTIGE FULL SERVICE L\u00d6SUNGEN<\/a><br \/>&#8211; <a href=\"https:\/\/inlightfest.com\/vor-ort-besuche\/?lang=de\">BESUCHE VOR ORT<\/a><br \/>&#8211; <a href=\"https:\/\/inlightfest.com\/festival-design-und-management\/?lang=de\">FESTIVAL DESIGN &amp; MANAGEMENT<\/a><br \/>&#8211; <a href=\"https:\/\/inlightfest.com\/gesundheit-und-sicherheit\/?lang=de\">GESUNDHEIT &amp; SICHERHEIT<\/a><br \/>&#8211; <a href=\"https:\/\/inlightfest.com\/?page_id=242\">MARKETING UNTERST\u00dcTZUNG<\/a><br \/><a href=\"https:\/\/inlightfest.com\/auszeichnungen\/?lang=de\">AUSZEICHNUNGEN<\/a><br \/><a href=\"https:\/\/inlightfest.com\/galerie\/?lang=de\">GALERIE<\/a><br \/><a href=\"https:\/\/inlightfest.com\/kontakt\/?lang=de\">KONTAKT<\/a><\/span><\/p>\n<p>[\/et_pb_text][\/et_pb_column][et_pb_column type=&#8221;1_2&#8243; _builder_version=&#8221;4.27.3&#8243; _module_preset=&#8221;default&#8221; global_colors_info=&#8221;{}&#8221;][et_pb_button button_url=&#8221;https:\/\/inlightfest.com\/kontakt\/?lang=de&#8221; button_text=&#8221;INFORMATIONEN ANFORDERN&#8221; button_alignment=&#8221;right&#8221; module_class=&#8221;requestbttn&#8221; _builder_version=&#8221;4.27.3&#8243; _module_preset=&#8221;default&#8221; custom_margin=&#8221;-20px||||false|false&#8221; custom_padding=&#8221;3.3%||3.3%||false|false&#8221; global_colors_info=&#8221;{}&#8221;][\/et_pb_button][et_pb_image src=&#8221;https:\/\/inlightfest.com\/wp-content\/uploads\/2025\/01\/inLight-Lockup2-on-blacktransparent-RGB.png&#8221; title_text=&#8221;inLight-Lockup2-auf-Schwarz(transparent)-RGB&#8221; module_class=&#8221;footerlogo&#8221; _builder_version=&#8221;4.27.3&#8243; _module_preset=&#8221;default&#8221; width=&#8221;43%&#8221; module_alignment=&#8221;right&#8221; custom_margin=&#8221;64px||||false|false&#8221; global_colors_info=&#8221;{}&#8221;][\/et_pb_image][\/et_pb_column][\/et_pb_row][et_pb_row _builder_version=&#8221;4.27.3&#8243; _module_preset=&#8221;default&#8221; global_colors_info=&#8221;{}&#8221;][et_pb_column type=&#8221;4_4&#8243; _builder_version=&#8221;4.27.3&#8243; _module_preset=&#8221;default&#8221; global_colors_info=&#8221;{}&#8221;][et_pb_text _builder_version=&#8221;4.27.3&#8243; _module_preset=&#8221;default&#8221; text_text_color=&#8221;#FFFFFF&#8221; text_font_size=&#8221;12px&#8221; global_colors_info=&#8221;{}&#8221;]<\/p>\n<p><span>\u00a92024 InLight Festival Group | <a href=\"https:\/\/inlightfest.com\/datenschutzbestimmungen\/?lang=de\">Datenschutzrichtlinien<\/a> | <a href=\"https:\/\/inlightfest.com\/terms-of-use\/\">Nutzungsbedingungen<\/a> | Website by <a href=\"https:\/\/torontocreatives.com\">TC<\/a><\/span><\/p>\n<p>[\/et_pb_text][\/et_pb_column][\/et_pb_row][\/et_pb_section]<\/p>\n","protected":false},"excerpt":{"rendered":"<p>DUBLIN ZOO 2019 &#8211; GESCHICHTEN, MYTHEN UND LEGENDEN Die Weihnachtsveranstaltungen 2019 bieten magische Szenen aus bekannten Geschichten wie Der Zauberer von Oz, Alices Abenteuer im Wunderland, Peter Pan und das Dschungelbuch&#8230; bis hin zu den beliebtesten Kinderreimen und Figuren aus der irischen Mythologie &#8211; alle werden w\u00e4hrend der Weihnachtsshow von schillernden, riesigen, farbenfrohen Seidenlaternen zum [&hellip;]<\/p>\n","protected":false},"author":2,"featured_media":0,"parent":0,"menu_order":0,"comment_status":"closed","ping_status":"closed","template":"","meta":{"_et_pb_use_builder":"on","_et_pb_old_content":"","_et_gb_content_width":"","_joinchat":[],"footnotes":""},"class_list":["post-3998","page","type-page","status-publish","hentry"],"yoast_head":"<!-- This site is optimized with the Yoast SEO plugin v27.4 - https:\/\/yoast.com\/product\/yoast-seo-wordpress\/ -->\n<title>Unsere Veranstaltungen - InLight<\/title>\n<meta name=\"robots\" content=\"index, follow, max-snippet:-1, max-image-preview:large, max-video-preview:-1\" \/>\n<link rel=\"canonical\" href=\"https:\/\/inlightfest.com\/de\/unsere-veranstaltungen\/\" \/>\n<meta property=\"og:locale\" content=\"de_DE\" \/>\n<meta property=\"og:type\" content=\"article\" \/>\n<meta property=\"og:title\" content=\"Unsere Veranstaltungen - InLight\" \/>\n<meta property=\"og:description\" content=\"DUBLIN ZOO 2019 - GESCHICHTEN, MYTHEN UND LEGENDEN Die Weihnachtsveranstaltungen 2019 bieten magische Szenen aus bekannten Geschichten wie Der Zauberer von Oz, Alices Abenteuer im Wunderland, Peter Pan und das Dschungelbuch... bis hin zu den beliebtesten Kinderreimen und Figuren aus der irischen Mythologie - alle werden w\u00e4hrend der Weihnachtsshow von schillernden, riesigen, farbenfrohen Seidenlaternen zum [&hellip;]\" \/>\n<meta property=\"og:url\" content=\"https:\/\/inlightfest.com\/de\/unsere-veranstaltungen\/\" \/>\n<meta property=\"og:site_name\" content=\"InLight\" \/>\n<meta property=\"article:modified_time\" content=\"2025-05-13T16:40:23+00:00\" \/>\n<meta name=\"twitter:card\" content=\"summary_large_image\" \/>\n<meta name=\"twitter:label1\" content=\"Gesch\u00e4tzte Lesezeit\" \/>\n\t<meta name=\"twitter:data1\" content=\"10\u00a0Minuten\" \/>\n<script type=\"application\/ld+json\" class=\"yoast-schema-graph\">{\"@context\":\"https:\\\/\\\/schema.org\",\"@graph\":[{\"@type\":[\"Article\",\"BlogPosting\"],\"@id\":\"https:\\\/\\\/inlightfest.com\\\/de\\\/unsere-veranstaltungen\\\/#article\",\"isPartOf\":{\"@id\":\"https:\\\/\\\/inlightfest.com\\\/de\\\/unsere-veranstaltungen\\\/\"},\"author\":{\"name\":\"inlightadmin\",\"@id\":\"https:\\\/\\\/inlightfest.com\\\/de\\\/#\\\/schema\\\/person\\\/fc15f22cc959ee49cfed62825e7d4d5a\"},\"headline\":\"Unsere Veranstaltungen\",\"datePublished\":\"2024-12-19T23:11:23+00:00\",\"dateModified\":\"2025-05-13T16:40:23+00:00\",\"mainEntityOfPage\":{\"@id\":\"https:\\\/\\\/inlightfest.com\\\/de\\\/unsere-veranstaltungen\\\/\"},\"wordCount\":1935,\"publisher\":{\"@id\":\"https:\\\/\\\/inlightfest.com\\\/de\\\/#organization\"},\"inLanguage\":\"de\"},{\"@type\":[\"WebPage\",\"ItemPage\"],\"@id\":\"https:\\\/\\\/inlightfest.com\\\/de\\\/unsere-veranstaltungen\\\/\",\"url\":\"https:\\\/\\\/inlightfest.com\\\/de\\\/unsere-veranstaltungen\\\/\",\"name\":\"Unsere Veranstaltungen - InLight\",\"isPartOf\":{\"@id\":\"https:\\\/\\\/inlightfest.com\\\/de\\\/#website\"},\"datePublished\":\"2024-12-19T23:11:23+00:00\",\"dateModified\":\"2025-05-13T16:40:23+00:00\",\"breadcrumb\":{\"@id\":\"https:\\\/\\\/inlightfest.com\\\/de\\\/unsere-veranstaltungen\\\/#breadcrumb\"},\"inLanguage\":\"de\",\"potentialAction\":[{\"@type\":\"ReadAction\",\"target\":[\"https:\\\/\\\/inlightfest.com\\\/de\\\/unsere-veranstaltungen\\\/\"]}]},{\"@type\":\"BreadcrumbList\",\"@id\":\"https:\\\/\\\/inlightfest.com\\\/de\\\/unsere-veranstaltungen\\\/#breadcrumb\",\"itemListElement\":[{\"@type\":\"ListItem\",\"position\":1,\"name\":\"Home\",\"item\":\"https:\\\/\\\/inlightfest.com\\\/de\\\/startseite\\\/\"},{\"@type\":\"ListItem\",\"position\":2,\"name\":\"Unsere Veranstaltungen\"}]},{\"@type\":\"WebSite\",\"@id\":\"https:\\\/\\\/inlightfest.com\\\/de\\\/#website\",\"url\":\"https:\\\/\\\/inlightfest.com\\\/de\\\/\",\"name\":\"InLight\",\"description\":\"Light Up Your Imagination | The Original Lantern Festival Group\",\"publisher\":{\"@id\":\"https:\\\/\\\/inlightfest.com\\\/de\\\/#organization\"},\"potentialAction\":[{\"@type\":\"SearchAction\",\"target\":{\"@type\":\"EntryPoint\",\"urlTemplate\":\"https:\\\/\\\/inlightfest.com\\\/de\\\/?s={search_term_string}\"},\"query-input\":{\"@type\":\"PropertyValueSpecification\",\"valueRequired\":true,\"valueName\":\"search_term_string\"}}],\"inLanguage\":\"de\"},{\"@type\":\"Organization\",\"@id\":\"https:\\\/\\\/inlightfest.com\\\/de\\\/#organization\",\"name\":\"Zigong Lantern Culture Industry Group Co., Ltd\",\"url\":\"https:\\\/\\\/inlightfest.com\\\/de\\\/\",\"logo\":{\"@type\":\"ImageObject\",\"inLanguage\":\"de\",\"@id\":\"https:\\\/\\\/inlightfest.com\\\/de\\\/#\\\/schema\\\/logo\\\/image\\\/\",\"url\":\"https:\\\/\\\/inlightfest.com\\\/wp-content\\\/uploads\\\/2025\\\/01\\\/inLight-Lockup2-on-blacktransparent-RGB.png\",\"contentUrl\":\"https:\\\/\\\/inlightfest.com\\\/wp-content\\\/uploads\\\/2025\\\/01\\\/inLight-Lockup2-on-blacktransparent-RGB.png\",\"width\":3000,\"height\":991,\"caption\":\"Zigong Lantern Culture Industry Group Co., Ltd\"},\"image\":{\"@id\":\"https:\\\/\\\/inlightfest.com\\\/de\\\/#\\\/schema\\\/logo\\\/image\\\/\"}},{\"@type\":\"Person\",\"@id\":\"https:\\\/\\\/inlightfest.com\\\/de\\\/#\\\/schema\\\/person\\\/fc15f22cc959ee49cfed62825e7d4d5a\",\"name\":\"inlightadmin\",\"sameAs\":[\"https:\\\/\\\/inlightfest.com\"],\"url\":\"https:\\\/\\\/inlightfest.com\\\/de\\\/author\\\/inlightadmin\\\/\"}]}<\/script>\n<!-- \/ Yoast SEO plugin. -->","yoast_head_json":{"title":"Unsere Veranstaltungen - InLight","robots":{"index":"index","follow":"follow","max-snippet":"max-snippet:-1","max-image-preview":"max-image-preview:large","max-video-preview":"max-video-preview:-1"},"canonical":"https:\/\/inlightfest.com\/de\/unsere-veranstaltungen\/","og_locale":"de_DE","og_type":"article","og_title":"Unsere Veranstaltungen - InLight","og_description":"DUBLIN ZOO 2019 - GESCHICHTEN, MYTHEN UND LEGENDEN Die Weihnachtsveranstaltungen 2019 bieten magische Szenen aus bekannten Geschichten wie Der Zauberer von Oz, Alices Abenteuer im Wunderland, Peter Pan und das Dschungelbuch... bis hin zu den beliebtesten Kinderreimen und Figuren aus der irischen Mythologie - alle werden w\u00e4hrend der Weihnachtsshow von schillernden, riesigen, farbenfrohen Seidenlaternen zum [&hellip;]","og_url":"https:\/\/inlightfest.com\/de\/unsere-veranstaltungen\/","og_site_name":"InLight","article_modified_time":"2025-05-13T16:40:23+00:00","twitter_card":"summary_large_image","twitter_misc":{"Gesch\u00e4tzte Lesezeit":"10\u00a0Minuten"},"schema":{"@context":"https:\/\/schema.org","@graph":[{"@type":["Article","BlogPosting"],"@id":"https:\/\/inlightfest.com\/de\/unsere-veranstaltungen\/#article","isPartOf":{"@id":"https:\/\/inlightfest.com\/de\/unsere-veranstaltungen\/"},"author":{"name":"inlightadmin","@id":"https:\/\/inlightfest.com\/de\/#\/schema\/person\/fc15f22cc959ee49cfed62825e7d4d5a"},"headline":"Unsere Veranstaltungen","datePublished":"2024-12-19T23:11:23+00:00","dateModified":"2025-05-13T16:40:23+00:00","mainEntityOfPage":{"@id":"https:\/\/inlightfest.com\/de\/unsere-veranstaltungen\/"},"wordCount":1935,"publisher":{"@id":"https:\/\/inlightfest.com\/de\/#organization"},"inLanguage":"de"},{"@type":["WebPage","ItemPage"],"@id":"https:\/\/inlightfest.com\/de\/unsere-veranstaltungen\/","url":"https:\/\/inlightfest.com\/de\/unsere-veranstaltungen\/","name":"Unsere Veranstaltungen - InLight","isPartOf":{"@id":"https:\/\/inlightfest.com\/de\/#website"},"datePublished":"2024-12-19T23:11:23+00:00","dateModified":"2025-05-13T16:40:23+00:00","breadcrumb":{"@id":"https:\/\/inlightfest.com\/de\/unsere-veranstaltungen\/#breadcrumb"},"inLanguage":"de","potentialAction":[{"@type":"ReadAction","target":["https:\/\/inlightfest.com\/de\/unsere-veranstaltungen\/"]}]},{"@type":"BreadcrumbList","@id":"https:\/\/inlightfest.com\/de\/unsere-veranstaltungen\/#breadcrumb","itemListElement":[{"@type":"ListItem","position":1,"name":"Home","item":"https:\/\/inlightfest.com\/de\/startseite\/"},{"@type":"ListItem","position":2,"name":"Unsere Veranstaltungen"}]},{"@type":"WebSite","@id":"https:\/\/inlightfest.com\/de\/#website","url":"https:\/\/inlightfest.com\/de\/","name":"InLight","description":"Light Up Your Imagination | The Original Lantern Festival Group","publisher":{"@id":"https:\/\/inlightfest.com\/de\/#organization"},"potentialAction":[{"@type":"SearchAction","target":{"@type":"EntryPoint","urlTemplate":"https:\/\/inlightfest.com\/de\/?s={search_term_string}"},"query-input":{"@type":"PropertyValueSpecification","valueRequired":true,"valueName":"search_term_string"}}],"inLanguage":"de"},{"@type":"Organization","@id":"https:\/\/inlightfest.com\/de\/#organization","name":"Zigong Lantern Culture Industry Group Co., Ltd","url":"https:\/\/inlightfest.com\/de\/","logo":{"@type":"ImageObject","inLanguage":"de","@id":"https:\/\/inlightfest.com\/de\/#\/schema\/logo\/image\/","url":"https:\/\/inlightfest.com\/wp-content\/uploads\/2025\/01\/inLight-Lockup2-on-blacktransparent-RGB.png","contentUrl":"https:\/\/inlightfest.com\/wp-content\/uploads\/2025\/01\/inLight-Lockup2-on-blacktransparent-RGB.png","width":3000,"height":991,"caption":"Zigong Lantern Culture Industry Group Co., Ltd"},"image":{"@id":"https:\/\/inlightfest.com\/de\/#\/schema\/logo\/image\/"}},{"@type":"Person","@id":"https:\/\/inlightfest.com\/de\/#\/schema\/person\/fc15f22cc959ee49cfed62825e7d4d5a","name":"inlightadmin","sameAs":["https:\/\/inlightfest.com"],"url":"https:\/\/inlightfest.com\/de\/author\/inlightadmin\/"}]}},"_links":{"self":[{"href":"https:\/\/inlightfest.com\/de\/wp-json\/wp\/v2\/pages\/3998","targetHints":{"allow":["GET"]}}],"collection":[{"href":"https:\/\/inlightfest.com\/de\/wp-json\/wp\/v2\/pages"}],"about":[{"href":"https:\/\/inlightfest.com\/de\/wp-json\/wp\/v2\/types\/page"}],"author":[{"embeddable":true,"href":"https:\/\/inlightfest.com\/de\/wp-json\/wp\/v2\/users\/2"}],"replies":[{"embeddable":true,"href":"https:\/\/inlightfest.com\/de\/wp-json\/wp\/v2\/comments?post=3998"}],"version-history":[{"count":8,"href":"https:\/\/inlightfest.com\/de\/wp-json\/wp\/v2\/pages\/3998\/revisions"}],"predecessor-version":[{"id":4012,"href":"https:\/\/inlightfest.com\/de\/wp-json\/wp\/v2\/pages\/3998\/revisions\/4012"}],"wp:attachment":[{"href":"https:\/\/inlightfest.com\/de\/wp-json\/wp\/v2\/media?parent=3998"}],"curies":[{"name":"wp","href":"https:\/\/api.w.org\/{rel}","templated":true}]}}